{"id":1073,"date":"2025-11-07T13:22:38","date_gmt":"2025-11-07T12:22:38","guid":{"rendered":"https:\/\/schiller.the-web-designer.de\/?page_id=1073"},"modified":"2025-12-17T09:29:55","modified_gmt":"2025-12-17T08:29:55","slug":"absolventi-fsg","status":"publish","type":"page","link":"https:\/\/schillergymnasium-pirna.de\/cs\/schillerleben\/fsg-alumni\/","title":{"rendered":"Absolventi FSG"},"content":{"rendered":"<div data-elementor-type=\"wp-page\" data-elementor-id=\"1073\" class=\"elementor elementor-1073\" data-elementor-post-type=\"page\">\n\t\t\t\t<div class=\"elementor-element elementor-element-0522a26 e-flex e-con-boxed e-con e-parent\" data-id=\"0522a26\" data-element_type=\"container\" data-e-type=\"container\">\n\t\t\t\t\t<div class=\"e-con-inner\">\n\t\t\t\t<div class=\"elementor-element elementor-element-56b0367 elementor-widget elementor-widget-heading\" data-id=\"56b0367\" data-element_type=\"widget\" data-e-type=\"widget\" data-widget_type=\"heading.default\">\n\t\t\t\t\t<h2 class=\"elementor-heading-title elementor-size-default\">Setk\u00e1n\u00ed absolvent\u016f 2027 \u2013 T\u011b\u0161\u00edme se na dal\u0161\u00ed setk\u00e1n\u00ed s v\u00e1mi!<\/h2>\t\t\t\t<\/div>\n\t\t\t\t\t<\/div>\n\t\t\t\t<\/div>\n\t\t\t\t<div class=\"elementor-section elementor-top-section elementor-element elementor-element-277dba8 animated-slow elementor-section-boxed elementor-section-height-default elementor-section-height-default elementor-invisible\" data-id=\"277dba8\" data-element_type=\"section\" data-e-type=\"section\" data-settings=\"{&quot;animation&quot;:&quot;fadeIn&quot;}\">\n\t\t\t\t\t\t<div class=\"elementor-container elementor-column-gap-default\">\n\t\t\t\t\t<div class=\"elementor-column elementor-col-50 elementor-top-column elementor-element elementor-element-fbd4a43\" data-id=\"fbd4a43\" data-element_type=\"column\" data-e-type=\"column\">\n\t\t\t<div class=\"elementor-widget-wrap elementor-element-populated\">\n\t\t\t\t\t\t<div class=\"elementor-element elementor-element-797459e elementor-widget-tablet__width-auto elementor-widget elementor-widget-image\" data-id=\"797459e\" data-element_type=\"widget\" data-e-type=\"widget\" data-widget_type=\"image.default\">\n\t\t\t\t\t\t\t\t\t\t\t\t\t\t\t<img fetchpriority=\"high\" decoding=\"async\" width=\"300\" height=\"279\" src=\"https:\/\/schillergymnasium-pirna.de\/wp-content\/uploads\/2025\/12\/Bild-Schiller-Hauptgebaeude-300x279.jpg\" class=\"elementor-animation-bounce-in attachment-medium size-medium wp-image-1256\" alt=\"\" srcset=\"https:\/\/schillergymnasium-pirna.de\/wp-content\/uploads\/2025\/12\/Bild-Schiller-Hauptgebaeude-300x279.jpg 300w, https:\/\/schillergymnasium-pirna.de\/wp-content\/uploads\/2025\/12\/Bild-Schiller-Hauptgebaeude-1024x952.jpg 1024w, https:\/\/schillergymnasium-pirna.de\/wp-content\/uploads\/2025\/12\/Bild-Schiller-Hauptgebaeude-768x714.jpg 768w, https:\/\/schillergymnasium-pirna.de\/wp-content\/uploads\/2025\/12\/Bild-Schiller-Hauptgebaeude-1536x1427.jpg 1536w, https:\/\/schillergymnasium-pirna.de\/wp-content\/uploads\/2025\/12\/Bild-Schiller-Hauptgebaeude-2048x1903.jpg 2048w, https:\/\/schillergymnasium-pirna.de\/wp-content\/uploads\/2025\/12\/Bild-Schiller-Hauptgebaeude-13x12.jpg 13w\" sizes=\"(max-width: 300px) 100vw, 300px\" \/>\t\t\t\t\t\t\t\t\t\t\t\t\t\t\t<\/div>\n\t\t\t\t\t<\/div>\n\t\t<\/div>\n\t\t\t\t<div class=\"elementor-column elementor-col-50 elementor-top-column elementor-element elementor-element-5574c50\" data-id=\"5574c50\" data-element_type=\"column\" data-e-type=\"column\">\n\t\t\t<div class=\"elementor-widget-wrap elementor-element-populated\">\n\t\t\t\t\t\t<div class=\"elementor-element elementor-element-cc2851d elementor-widget__width-initial elementor-widget elementor-widget-text-editor\" data-id=\"cc2851d\" data-element_type=\"widget\" data-e-type=\"widget\" data-widget_type=\"text-editor.default\">\n\t\t\t\t\t\t\t\t\t<p>V roce <strong>2027<\/strong> n\u00e1\u0161 <strong>druh\u00e9 setk\u00e1n\u00ed absolvent\u016f<\/strong> M\u00edsto toho \u2013 zvl\u00e1\u0161tn\u00ed p\u0159\u00edle\u017eitost k p\u0159iv\u00edt\u00e1n\u00ed b\u00fdval\u00fdch student\u016f zp\u011bt do na\u0161\u00ed \u0161koly. U\u017e te\u010f se t\u011b\u0161\u00edme na setk\u00e1n\u00ed s mnoha zn\u00e1m\u00fdmi tv\u00e1\u0159emi, na podn\u011btn\u00e9 rozhovory a spole\u010dn\u00e9 zavzpom\u00edn\u00e1n\u00ed na zvl\u00e1\u0161tn\u00ed okam\u017eiky z na\u0161ich \u0161koln\u00edch dn\u016f.<\/p><p>Setk\u00e1n\u00ed absolvent\u016f op\u011bt poskytne prostor pro v\u00fdm\u011bnu n\u00e1zor\u016f, navazov\u00e1n\u00ed kontakt\u016f a networking. A\u0165 u\u017e jste absolvent, dlouholet\u00fd kolega nebo b\u00fdval\u00fd u\u010ditel: v\u0161ichni jsou srde\u010dn\u011b zv\u00e1ni, aby se tohoto v\u00fdjime\u010dn\u00e9ho dne z\u00fa\u010dastnili.<\/p><p><strong>Dojmy ze setk\u00e1n\u00ed absolvent\u016f v roce 2025<\/strong> Tyto informace brzy zve\u0159ejn\u00edme na t\u00e9to str\u00e1nce, abyste si mohli nast\u00ednit atmosf\u00e9ru a nejd\u016fle\u017eit\u011bj\u0161\u00ed momenty na\u0161eho setk\u00e1n\u00ed.<\/p><p>O v\u0161ech dal\u0161\u00edch podrobnostech \u2013 jako je program, \u010dasy a mo\u017enosti registrace \u2013 v\u00e1s budeme pravideln\u011b informovat.<\/p>\t\t\t\t\t\t\t\t<\/div>\n\t\t\t\t\t<\/div>\n\t\t<\/div>\n\t\t\t\t\t<\/div>\n\t\t<\/div>\n\t\t\t\t<\/div>","protected":false},"excerpt":{"rendered":"<p>Setk\u00e1n\u00ed absolvent\u016f 2027 \u2013 T\u011b\u0161\u00edme se na shled\u00e1n\u00ed! V roce 2027 se uskute\u010dn\u00ed na\u0161e druh\u00e9 setk\u00e1n\u00ed absolvent\u016f \u2013 zvl\u00e1\u0161tn\u00ed p\u0159\u00edle\u017eitost, jak p\u0159iv\u00edtat b\u00fdval\u00e9 \u017e\u00e1ky a studenty na na\u0161\u00ed \u0161kole. U\u017e nyn\u00ed se t\u011b\u0161\u00edme na mnoho zn\u00e1m\u00fdch tv\u00e1\u0159\u00ed, podn\u011btn\u00e9 rozhovory a na spole\u010dn\u00e9 vzpom\u00edn\u00e1n\u00ed na zvl\u00e1\u0161tn\u00ed okam\u017eiky ze \u0161koln\u00edch let. Toto\u2026<\/p>","protected":false},"author":1,"featured_media":57,"parent":684,"menu_order":0,"comment_status":"closed","ping_status":"closed","template":"","meta":{"rs_blank_template":"","rs_page_bg_color":"","slide_template_v7":"","_loi_post_transparent":"","_loi_post_title":"default","_loi_post_layout":"default","_loi_post_sidebar_id":"","_loi_post_content_style":"unboxed","_loi_post_vertical_padding":"default","_loi_post_feature":"default","_loi_post_feature_position":"","_loi_post_header":false,"_loi_post_footer":false,"footnotes":""},"class_list":["post-1073","page","type-page","status-publish","has-post-thumbnail","hentry"],"_links":{"self":[{"href":"https:\/\/schillergymnasium-pirna.de\/cs\/wp-json\/wp\/v2\/pages\/1073","targetHints":{"allow":["GET"]}}],"collection":[{"href":"https:\/\/schillergymnasium-pirna.de\/cs\/wp-json\/wp\/v2\/pages"}],"about":[{"href":"https:\/\/schillergymnasium-pirna.de\/cs\/wp-json\/wp\/v2\/types\/page"}],"author":[{"embeddable":true,"href":"https:\/\/schillergymnasium-pirna.de\/cs\/wp-json\/wp\/v2\/users\/1"}],"replies":[{"embeddable":true,"href":"https:\/\/schillergymnasium-pirna.de\/cs\/wp-json\/wp\/v2\/comments?post=1073"}],"version-history":[{"count":7,"href":"https:\/\/schillergymnasium-pirna.de\/cs\/wp-json\/wp\/v2\/pages\/1073\/revisions"}],"predecessor-version":[{"id":1505,"href":"https:\/\/schillergymnasium-pirna.de\/cs\/wp-json\/wp\/v2\/pages\/1073\/revisions\/1505"}],"up":[{"embeddable":true,"href":"https:\/\/schillergymnasium-pirna.de\/cs\/wp-json\/wp\/v2\/pages\/684"}],"wp:featuredmedia":[{"embeddable":true,"href":"https:\/\/schillergymnasium-pirna.de\/cs\/wp-json\/wp\/v2\/media\/57"}],"wp:attachment":[{"href":"https:\/\/schillergymnasium-pirna.de\/cs\/wp-json\/wp\/v2\/media?parent=1073"}],"curies":[{"name":"wp","href":"https:\/\/api.w.org\/{rel}","templated":true}]}}