{"id":1195,"date":"2025-12-04T08:34:02","date_gmt":"2025-12-04T07:34:02","guid":{"rendered":"https:\/\/schiller.the-web-designer.de\/?page_id=1195"},"modified":"2026-08-10T14:10:25","modified_gmt":"2026-08-10T12:10:25","slug":"schillerpress","status":"publish","type":"page","link":"https:\/\/schillergymnasium-pirna.de\/cs\/schillerleben\/schillerpress\/","title":{"rendered":"Schiller\u016fv tisk"},"content":{"rendered":"\t\t<div data-elementor-type=\"wp-page\" data-elementor-id=\"1195\" class=\"elementor elementor-1195\" data-elementor-post-type=\"page\">\n\t\t\t\t<div class=\"elementor-element elementor-element-0522a26 e-flex e-con-boxed e-con e-parent\" data-id=\"0522a26\" data-element_type=\"container\" data-e-type=\"container\">\n\t\t\t\t\t<div class=\"e-con-inner\">\n\t\t\t\t<div class=\"elementor-element elementor-element-56b0367 elementor-widget elementor-widget-heading\" data-id=\"56b0367\" data-element_type=\"widget\" data-e-type=\"widget\" data-widget_type=\"heading.default\">\n\t\t\t\t\t<h2 class=\"elementor-heading-title elementor-size-default\">SchillerPress<\/h2>\t\t\t\t<\/div>\n\t\t\t\t\t<\/div>\n\t\t\t\t<\/div>\n\t\t<div class=\"elementor-element elementor-element-1d53f00 e-flex e-con-boxed e-con e-parent\" data-id=\"1d53f00\" data-element_type=\"container\" data-e-type=\"container\">\n\t\t\t\t\t<div class=\"e-con-inner\">\n\t\t\t\t<div class=\"elementor-element elementor-element-40587cb elementor-widget elementor-widget-text-editor\" data-id=\"40587cb\" data-element_type=\"widget\" data-e-type=\"widget\" data-widget_type=\"text-editor.default\">\n\t\t\t\t\t\t\t\t\t<p>Hier finden Sie die aktuellen Ausgaben unserer von Sch\u00fclerinnen und Sch\u00fclern unter der Leitung von Frau Klotzsche erstellten Sch\u00fclerzeitung <strong>\u201eSchillergefl\u00fcster\u201c<\/strong> sowie unseres vom Schulleitungsteam unter der Verantwortung von Frau Walther erstellten Newsletters <strong>\u201eSchillerFunken\u201c<\/strong>. Beide Formate geben lebendige Einblicke in unseren Schulalltag und spiegeln das vielf\u00e4ltige Engagement unserer Schulgemeinschaft wider.<br \/><br \/>Ob Projekte, Veranstaltungen, kreative Beitr\u00e4ge oder besondere Momente \u2013 mit abwechslungsreichen Texten und aussagekr\u00e4ftigen Fotos halten unsere Sch\u00fclerinnen und Sch\u00fcler das Schulleben fest und machen es f\u00fcr die Nachwelt erlebbar. Viel Freude beim Lesen und Entdecken!<\/p>\t\t\t\t\t\t\t\t<\/div>\n\t\t\t\t\t<\/div>\n\t\t\t\t<\/div>\n\t\t<div class=\"elementor-element elementor-element-052e16b e-flex e-con-boxed e-con e-parent\" data-id=\"052e16b\" data-element_type=\"container\" data-e-type=\"container\">\n\t\t\t\t\t<div class=\"e-con-inner\">\n\t\t\t\t<div class=\"elementor-element elementor-element-3dd873b elementor-widget elementor-widget-n-accordion\" data-id=\"3dd873b\" data-element_type=\"widget\" data-e-type=\"widget\" data-settings=\"{&quot;default_state&quot;:&quot;expanded&quot;,&quot;max_items_expended&quot;:&quot;one&quot;,&quot;n_accordion_animation_duration&quot;:{&quot;unit&quot;:&quot;ms&quot;,&quot;size&quot;:400,&quot;sizes&quot;:[]}}\" data-widget_type=\"nested-accordion.default\">\n\t\t\t\t\t\t\t<div class=\"e-n-accordion\" aria-label=\"Accordion. Open links with Enter or Space, close with Escape, and navigate with Arrow Keys\">\n\t\t\t\t\t\t<details id=\"e-n-accordion-item-6480\" class=\"e-n-accordion-item\" open>\n\t\t\t\t<summary class=\"e-n-accordion-item-title\" data-accordion-index=\"1\" tabindex=\"0\" aria-expanded=\"true\" aria-controls=\"e-n-accordion-item-6480\" >\n\t\t\t\t\t<span class='e-n-accordion-item-title-header'><div class=\"e-n-accordion-item-title-text\"> SchillerFunken <\/div><\/span>\n\t\t\t\t\t\t\t<span class='e-n-accordion-item-title-icon'>\n\t\t\t<span class='e-opened' ><svg aria-hidden=\"true\" class=\"e-font-icon-svg e-fas-minus\" viewBox=\"0 0 448 512\" xmlns=\"http:\/\/www.w3.org\/2000\/svg\"><path d=\"M416 208H32c-17.67 0-32 14.33-32 32v32c0 17.67 14.33 32 32 32h384c17.67 0 32-14.33 32-32v-32c0-17.67-14.33-32-32-32z\"><\/path><\/svg><\/span>\n\t\t\t<span class='e-closed'><svg aria-hidden=\"true\" class=\"e-font-icon-svg e-fas-plus\" viewBox=\"0 0 448 512\" xmlns=\"http:\/\/www.w3.org\/2000\/svg\"><path d=\"M416 208H272V64c0-17.67-14.33-32-32-32h-32c-17.67 0-32 14.33-32 32v144H32c-17.67 0-32 14.33-32 32v32c0 17.67 14.33 32 32 32h144v144c0 17.67 14.33 32 32 32h32c17.67 0 32-14.33 32-32V304h144c17.67 0 32-14.33 32-32v-32c0-17.67-14.33-32-32-32z\"><\/path><\/svg><\/span>\n\t\t<\/span>\n\n\t\t\t\t\t\t<\/summary>\n\t\t\t\t<div role=\"region\" aria-labelledby=\"e-n-accordion-item-6480\" class=\"elementor-element elementor-element-28e30a2 e-con-full e-flex e-con e-child\" data-id=\"28e30a2\" data-element_type=\"container\" data-e-type=\"container\">\n\t\t<div role=\"region\" aria-labelledby=\"e-n-accordion-item-6480\" class=\"elementor-element elementor-element-18b8397 e-flex e-con-boxed e-con e-child\" data-id=\"18b8397\" data-element_type=\"container\" data-e-type=\"container\">\n\t\t\t\t\t<div class=\"e-con-inner\">\n\t\t\t\t<div class=\"elementor-element elementor-element-4fefb0b elementor-widget elementor-widget-text-editor\" data-id=\"4fefb0b\" data-element_type=\"widget\" data-e-type=\"widget\" data-widget_type=\"text-editor.default\">\n\t\t\t\t\t\t\t\t\t<p><a href=\"https:\/\/schillergymnasium-pirna.de\/wp-content\/uploads\/2025\/12\/Schillerfunken_Nr.-26_12_2025.pdf\" target=\"_blank\" rel=\"noopener\">Ausgabe 26_Dezember 2025<\/a><\/p><p><a href=\"https:\/\/schillergymnasium-pirna.de\/wp-content\/uploads\/2026\/02\/Schillerfunken-Nr.-27_2026.pdf\" target=\"_blank\" rel=\"noopener\">Ausgabe 27_Februar 2026<\/a><\/p><p><a href=\"https:\/\/schillergymnasium-pirna.de\/wp-content\/uploads\/2026\/08\/Schillerfunken-Nr.-28.pdf\" target=\"_blank\" rel=\"noopener\">Ausgabe 28_August 2026<\/a><\/p>\t\t\t\t\t\t\t\t<\/div>\n\t\t\t\t\t<\/div>\n\t\t\t\t<\/div>\n\t\t\t\t<\/div>\n\t\t\t\t\t<\/details>\n\t\t\t\t\t\t<details id=\"e-n-accordion-item-6481\" class=\"e-n-accordion-item\" >\n\t\t\t\t<summary class=\"e-n-accordion-item-title\" data-accordion-index=\"2\" tabindex=\"-1\" aria-expanded=\"false\" aria-controls=\"e-n-accordion-item-6481\" >\n\t\t\t\t\t<span class='e-n-accordion-item-title-header'><div class=\"e-n-accordion-item-title-text\"> Schillergefl\u00fcster <\/div><\/span>\n\t\t\t\t\t\t\t<span class='e-n-accordion-item-title-icon'>\n\t\t\t<span class='e-opened' ><svg aria-hidden=\"true\" class=\"e-font-icon-svg e-fas-minus\" viewBox=\"0 0 448 512\" xmlns=\"http:\/\/www.w3.org\/2000\/svg\"><path d=\"M416 208H32c-17.67 0-32 14.33-32 32v32c0 17.67 14.33 32 32 32h384c17.67 0 32-14.33 32-32v-32c0-17.67-14.33-32-32-32z\"><\/path><\/svg><\/span>\n\t\t\t<span class='e-closed'><svg aria-hidden=\"true\" class=\"e-font-icon-svg e-fas-plus\" viewBox=\"0 0 448 512\" xmlns=\"http:\/\/www.w3.org\/2000\/svg\"><path d=\"M416 208H272V64c0-17.67-14.33-32-32-32h-32c-17.67 0-32 14.33-32 32v144H32c-17.67 0-32 14.33-32 32v32c0 17.67 14.33 32 32 32h144v144c0 17.67 14.33 32 32 32h32c17.67 0 32-14.33 32-32V304h144c17.67 0 32-14.33 32-32v-32c0-17.67-14.33-32-32-32z\"><\/path><\/svg><\/span>\n\t\t<\/span>\n\n\t\t\t\t\t\t<\/summary>\n\t\t\t\t<div role=\"region\" aria-labelledby=\"e-n-accordion-item-6481\" class=\"elementor-element elementor-element-80e3b32 e-con-full e-flex e-con e-child\" data-id=\"80e3b32\" data-element_type=\"container\" data-e-type=\"container\">\n\t\t<div role=\"region\" aria-labelledby=\"e-n-accordion-item-6481\" class=\"elementor-element elementor-element-2eaf7ee e-flex e-con-boxed e-con e-child\" data-id=\"2eaf7ee\" data-element_type=\"container\" data-e-type=\"container\">\n\t\t\t\t\t<div class=\"e-con-inner\">\n\t\t\t\t<div class=\"elementor-element elementor-element-c09893a elementor-widget elementor-widget-text-editor\" data-id=\"c09893a\" data-element_type=\"widget\" data-e-type=\"widget\" data-widget_type=\"text-editor.default\">\n\t\t\t\t\t\t\t\t\t<ol><li><a href=\"https:\/\/schillergymnasium-pirna.de\/wp-content\/uploads\/2026\/01\/Schillergefluester-1.-Ausgabe-Schuljahr-2025-2026-1.pdf\" target=\"_blank\" rel=\"noopener\">Ausgabe Schuljahr 2025_2026<\/a><\/li><li><a href=\"https:\/\/schillergymnasium-pirna.de\/wp-content\/uploads\/2026\/07\/2.-Ausgabe-Schillergefluester-2026.pdf\" target=\"_blank\" rel=\"noopener\">Ausgabe Schuljahr 2025_2026<\/a><\/li><\/ol>\t\t\t\t\t\t\t\t<\/div>\n\t\t\t\t\t<\/div>\n\t\t\t\t<\/div>\n\t\t\t\t<\/div>\n\t\t\t\t\t<\/details>\n\t\t\t\t\t<\/div>\n\t\t\t\t\t\t<\/div>\n\t\t\t\t\t<\/div>\n\t\t\t\t<\/div>\n\t\t<div class=\"elementor-element elementor-element-e7c5bee e-flex e-con-boxed e-con e-parent\" data-id=\"e7c5bee\" data-element_type=\"container\" data-e-type=\"container\">\n\t\t\t\t\t<div class=\"e-con-inner\">\n\t\t\t\t<div class=\"elementor-element elementor-element-4031be2 elementor-widget elementor-widget-heading\" data-id=\"4031be2\" data-element_type=\"widget\" data-e-type=\"widget\" data-widget_type=\"heading.default\">\n\t\t\t\t\t<h2 class=\"elementor-heading-title elementor-size-default\">Podcastfolgen<\/h2>\t\t\t\t<\/div>\n\t\t\t\t\t<\/div>\n\t\t\t\t<\/div>\n\t\t\t\t<div class=\"elementor-section elementor-top-section elementor-element elementor-element-c6dd034 animated-slow elementor-section-boxed elementor-section-height-default elementor-section-height-default elementor-invisible\" data-id=\"c6dd034\" data-element_type=\"section\" data-e-type=\"section\" data-settings=\"{&quot;animation&quot;:&quot;fadeIn&quot;}\">\n\t\t\t\t\t\t<div class=\"elementor-container elementor-column-gap-default\">\n\t\t\t\t\t<div class=\"elementor-column elementor-col-50 elementor-top-column elementor-element elementor-element-fcd04cf\" data-id=\"fcd04cf\" data-element_type=\"column\" data-e-type=\"column\">\n\t\t\t<div class=\"elementor-widget-wrap elementor-element-populated\">\n\t\t\t\t\t\t<div class=\"elementor-element elementor-element-96aa28c elementor-widget elementor-widget-image\" data-id=\"96aa28c\" data-element_type=\"widget\" data-e-type=\"widget\" data-widget_type=\"image.default\">\n\t\t\t\t\t\t\t\t\t\t\t\t\t\t\t<img fetchpriority=\"high\" decoding=\"async\" width=\"169\" height=\"300\" src=\"https:\/\/schillergymnasium-pirna.de\/wp-content\/uploads\/2026\/01\/Podcast1-169x300.jpeg\" class=\"attachment-medium size-medium wp-image-1613\" alt=\"\" srcset=\"https:\/\/schillergymnasium-pirna.de\/wp-content\/uploads\/2026\/01\/Podcast1-169x300.jpeg 169w, https:\/\/schillergymnasium-pirna.de\/wp-content\/uploads\/2026\/01\/Podcast1-576x1024.jpeg 576w, https:\/\/schillergymnasium-pirna.de\/wp-content\/uploads\/2026\/01\/Podcast1-7x12.jpeg 7w, https:\/\/schillergymnasium-pirna.de\/wp-content\/uploads\/2026\/01\/Podcast1.jpeg 736w\" sizes=\"(max-width: 169px) 100vw, 169px\" \/>\t\t\t\t\t\t\t\t\t\t\t\t\t\t\t<\/div>\n\t\t\t\t\t<\/div>\n\t\t<\/div>\n\t\t\t\t<div class=\"elementor-column elementor-col-50 elementor-top-column elementor-element elementor-element-19c97bc\" data-id=\"19c97bc\" data-element_type=\"column\" data-e-type=\"column\">\n\t\t\t<div class=\"elementor-widget-wrap elementor-element-populated\">\n\t\t\t\t\t\t<div class=\"elementor-element elementor-element-4f775ac elementor-widget elementor-widget-text-editor\" data-id=\"4f775ac\" data-element_type=\"widget\" data-e-type=\"widget\" data-widget_type=\"text-editor.default\">\n\t\t\t\t\t\t\t\t\t<p><strong>Schiller spricht \u2013 der Schul-Podcast.<\/strong><\/p><p>Wir sprechen \u00fcber Themen, die euch interessieren. Wir schauen auf den<br \/>Schulalltag und beleuchten verschiedene Bereiche unserer Schule. In<br \/>Interviews mit Lehrern und Mitsch\u00fclern h\u00f6ren wir unterschiedliche Meinungen<br \/>und machen Schule h\u00f6rbar.<\/p><p>Ideen f\u00fcr Podcastfolgen k\u00f6nnen an die E-Mail-Adresse podcast@fsg.lernsax.de gesendet werden.<\/p><p>Betreuung: Elisabeth, Samia, Logan<\/p>\t\t\t\t\t\t\t\t<\/div>\n\t\t\t\t\t<\/div>\n\t\t<\/div>\n\t\t\t\t\t<\/div>\n\t\t<\/div>\n\t\t<div class=\"elementor-element elementor-element-ab6fbad e-flex e-con-boxed e-con e-parent\" data-id=\"ab6fbad\" data-element_type=\"container\" data-e-type=\"container\">\n\t\t\t\t\t<div class=\"e-con-inner\">\n\t\t\t\t<div class=\"elementor-element elementor-element-b4469c9 elementor-widget elementor-widget-n-accordion\" data-id=\"b4469c9\" data-element_type=\"widget\" data-e-type=\"widget\" data-settings=\"{&quot;default_state&quot;:&quot;expanded&quot;,&quot;max_items_expended&quot;:&quot;one&quot;,&quot;n_accordion_animation_duration&quot;:{&quot;unit&quot;:&quot;ms&quot;,&quot;size&quot;:400,&quot;sizes&quot;:[]}}\" data-widget_type=\"nested-accordion.default\">\n\t\t\t\t\t\t\t<div class=\"e-n-accordion\" aria-label=\"Accordion. Open links with Enter or Space, close with Escape, and navigate with Arrow Keys\">\n\t\t\t\t\t\t<details id=\"e-n-accordion-item-1890\" class=\"e-n-accordion-item\" open>\n\t\t\t\t<summary class=\"e-n-accordion-item-title\" data-accordion-index=\"1\" tabindex=\"0\" aria-expanded=\"true\" aria-controls=\"e-n-accordion-item-1890\" >\n\t\t\t\t\t<span class='e-n-accordion-item-title-header'><div class=\"e-n-accordion-item-title-text\"> Folge 8: Thema folgt <\/div><\/span>\n\t\t\t\t\t\t\t<span class='e-n-accordion-item-title-icon'>\n\t\t\t<span class='e-opened' ><svg aria-hidden=\"true\" class=\"e-font-icon-svg e-fas-minus\" viewBox=\"0 0 448 512\" xmlns=\"http:\/\/www.w3.org\/2000\/svg\"><path d=\"M416 208H32c-17.67 0-32 14.33-32 32v32c0 17.67 14.33 32 32 32h384c17.67 0 32-14.33 32-32v-32c0-17.67-14.33-32-32-32z\"><\/path><\/svg><\/span>\n\t\t\t<span class='e-closed'><svg aria-hidden=\"true\" class=\"e-font-icon-svg e-fas-plus\" viewBox=\"0 0 448 512\" xmlns=\"http:\/\/www.w3.org\/2000\/svg\"><path d=\"M416 208H272V64c0-17.67-14.33-32-32-32h-32c-17.67 0-32 14.33-32 32v144H32c-17.67 0-32 14.33-32 32v32c0 17.67 14.33 32 32 32h144v144c0 17.67 14.33 32 32 32h32c17.67 0 32-14.33 32-32V304h144c17.67 0 32-14.33 32-32v-32c0-17.67-14.33-32-32-32z\"><\/path><\/svg><\/span>\n\t\t<\/span>\n\n\t\t\t\t\t\t<\/summary>\n\t\t\t\t<div role=\"region\" aria-labelledby=\"e-n-accordion-item-1890\" class=\"elementor-element elementor-element-b3ad6c6 e-con-full e-flex e-con e-child\" data-id=\"b3ad6c6\" data-element_type=\"container\" data-e-type=\"container\">\n\t\t<div role=\"region\" aria-labelledby=\"e-n-accordion-item-1890\" class=\"elementor-element elementor-element-2afe720 e-flex e-con-boxed e-con e-child\" data-id=\"2afe720\" data-element_type=\"container\" data-e-type=\"container\">\n\t\t\t\t\t<div class=\"e-con-inner\">\n\t\t\t\t\t<\/div>\n\t\t\t\t<\/div>\n\t\t\t\t<\/div>\n\t\t\t\t\t<\/details>\n\t\t\t\t\t\t<details id=\"e-n-accordion-item-1891\" class=\"e-n-accordion-item\" >\n\t\t\t\t<summary class=\"e-n-accordion-item-title\" data-accordion-index=\"2\" tabindex=\"-1\" aria-expanded=\"false\" aria-controls=\"e-n-accordion-item-1891\" >\n\t\t\t\t\t<span class='e-n-accordion-item-title-header'><div class=\"e-n-accordion-item-title-text\"> Folge 9: Einblicke in die KoL <\/div><\/span>\n\t\t\t\t\t\t\t<span class='e-n-accordion-item-title-icon'>\n\t\t\t<span class='e-opened' ><svg aria-hidden=\"true\" class=\"e-font-icon-svg e-fas-minus\" viewBox=\"0 0 448 512\" xmlns=\"http:\/\/www.w3.org\/2000\/svg\"><path d=\"M416 208H32c-17.67 0-32 14.33-32 32v32c0 17.67 14.33 32 32 32h384c17.67 0 32-14.33 32-32v-32c0-17.67-14.33-32-32-32z\"><\/path><\/svg><\/span>\n\t\t\t<span class='e-closed'><svg aria-hidden=\"true\" class=\"e-font-icon-svg e-fas-plus\" viewBox=\"0 0 448 512\" xmlns=\"http:\/\/www.w3.org\/2000\/svg\"><path d=\"M416 208H272V64c0-17.67-14.33-32-32-32h-32c-17.67 0-32 14.33-32 32v144H32c-17.67 0-32 14.33-32 32v32c0 17.67 14.33 32 32 32h144v144c0 17.67 14.33 32 32 32h32c17.67 0 32-14.33 32-32V304h144c17.67 0 32-14.33 32-32v-32c0-17.67-14.33-32-32-32z\"><\/path><\/svg><\/span>\n\t\t<\/span>\n\n\t\t\t\t\t\t<\/summary>\n\t\t\t\t<div role=\"region\" aria-labelledby=\"e-n-accordion-item-1891\" class=\"elementor-element elementor-element-0cc0ac9 e-con-full e-flex e-con e-child\" data-id=\"0cc0ac9\" data-element_type=\"container\" data-e-type=\"container\">\n\t\t<div role=\"region\" aria-labelledby=\"e-n-accordion-item-1891\" class=\"elementor-element elementor-element-1f63170 e-flex e-con-boxed e-con e-child\" data-id=\"1f63170\" data-element_type=\"container\" data-e-type=\"container\">\n\t\t\t\t\t<div class=\"e-con-inner\">\n\t\t\t\t<div class=\"elementor-element elementor-element-3d470d5 elementor-widget elementor-widget-text-editor\" data-id=\"3d470d5\" data-element_type=\"widget\" data-e-type=\"widget\" data-widget_type=\"text-editor.default\">\n\t\t\t\t\t\t\t\t\t<p><a href=\"https:\/\/schillergymnasium-pirna.de\/wp-content\/uploads\/2026\/06\/Schiller-spricht-9.folge_.mp3\" target=\"_blank\" rel=\"noopener\">Podcastfolge 9<\/a><\/p>\t\t\t\t\t\t\t\t<\/div>\n\t\t\t\t\t<\/div>\n\t\t\t\t<\/div>\n\t\t\t\t<\/div>\n\t\t\t\t\t<\/details>\n\t\t\t\t\t<\/div>\n\t\t\t\t\t\t<\/div>\n\t\t\t\t\t<\/div>\n\t\t\t\t<\/div>\n\t\t<div class=\"elementor-element elementor-element-80f9c2c e-flex e-con-boxed e-con e-parent\" data-id=\"80f9c2c\" data-element_type=\"container\" data-e-type=\"container\">\n\t\t\t\t\t<div class=\"e-con-inner\">\n\t\t\t\t<div class=\"elementor-element elementor-element-249235f elementor-widget elementor-widget-heading\" data-id=\"249235f\" data-element_type=\"widget\" data-e-type=\"widget\" data-widget_type=\"heading.default\">\n\t\t\t\t\t<h2 class=\"elementor-heading-title elementor-size-default\">Blog<\/h2>\t\t\t\t<\/div>\n\t\t\t\t\t<\/div>\n\t\t\t\t<\/div>\n\t\t\t\t<div class=\"elementor-section elementor-top-section elementor-element elementor-element-d83f7b3 animated-slow elementor-section-boxed elementor-section-height-default elementor-section-height-default elementor-invisible\" data-id=\"d83f7b3\" data-element_type=\"section\" data-e-type=\"section\" data-settings=\"{&quot;animation&quot;:&quot;fadeIn&quot;}\">\n\t\t\t\t\t\t<div class=\"elementor-container elementor-column-gap-default\">\n\t\t\t\t\t<div class=\"elementor-column elementor-col-50 elementor-top-column elementor-element elementor-element-02d506e\" data-id=\"02d506e\" data-element_type=\"column\" data-e-type=\"column\">\n\t\t\t<div class=\"elementor-widget-wrap elementor-element-populated\">\n\t\t\t\t\t\t<div class=\"elementor-element elementor-element-8bf90c1 elementor-widget-tablet__width-auto elementor-widget elementor-widget-image\" data-id=\"8bf90c1\" data-element_type=\"widget\" data-e-type=\"widget\" data-widget_type=\"image.default\">\n\t\t\t\t\t\t\t\t\t\t\t\t\t\t\t<img decoding=\"async\" width=\"488\" height=\"485\" src=\"https:\/\/schillergymnasium-pirna.de\/wp-content\/uploads\/2025\/12\/Bild1.jpg\" class=\"elementor-animation-bounce-in attachment-full size-full wp-image-1185\" alt=\"\" srcset=\"https:\/\/schillergymnasium-pirna.de\/wp-content\/uploads\/2025\/12\/Bild1.jpg 488w, https:\/\/schillergymnasium-pirna.de\/wp-content\/uploads\/2025\/12\/Bild1-300x298.jpg 300w, https:\/\/schillergymnasium-pirna.de\/wp-content\/uploads\/2025\/12\/Bild1-150x150.jpg 150w, https:\/\/schillergymnasium-pirna.de\/wp-content\/uploads\/2025\/12\/Bild1-12x12.jpg 12w\" sizes=\"(max-width: 488px) 100vw, 488px\" \/>\t\t\t\t\t\t\t\t\t\t\t\t\t\t\t<\/div>\n\t\t\t\t\t<\/div>\n\t\t<\/div>\n\t\t\t\t<div class=\"elementor-column elementor-col-50 elementor-top-column elementor-element elementor-element-f358939\" data-id=\"f358939\" data-element_type=\"column\" data-e-type=\"column\">\n\t\t\t<div class=\"elementor-widget-wrap elementor-element-populated\">\n\t\t\t\t\t\t<div class=\"elementor-element elementor-element-5634d21 elementor-widget elementor-widget-text-editor\" data-id=\"5634d21\" data-element_type=\"widget\" data-e-type=\"widget\" data-widget_type=\"text-editor.default\">\n\t\t\t\t\t\t\t\t\t<p>(v.l.n.r. Marlene Nestler, \u0160t\u011bp\u00e1n Ryt\u00ed\u0159, Sophie Schein, Logan Barth, Michael Pazdera, Zo\u00e9 Cseh, Mia Klo\u00df)<\/p><p>\u201eVerbunden werden auch die Schwachen m\u00e4chtig.\u201c<\/p><p>-Friedrich Schiller<\/p><p>\u00a0<\/p>\t\t\t\t\t\t\t\t<\/div>\n\t\t\t\t\t<\/div>\n\t\t<\/div>\n\t\t\t\t\t<\/div>\n\t\t<\/div>\n\t\t<div class=\"elementor-element elementor-element-4221e5f e-flex e-con-boxed e-con e-parent\" data-id=\"4221e5f\" data-element_type=\"container\" data-e-type=\"container\">\n\t\t\t\t\t<div class=\"e-con-inner\">\n\t\t\t\t<div class=\"elementor-element elementor-element-8c9d9b3 elementor-widget elementor-widget-n-accordion\" data-id=\"8c9d9b3\" data-element_type=\"widget\" data-e-type=\"widget\" data-settings=\"{&quot;default_state&quot;:&quot;expanded&quot;,&quot;max_items_expended&quot;:&quot;one&quot;,&quot;n_accordion_animation_duration&quot;:{&quot;unit&quot;:&quot;ms&quot;,&quot;size&quot;:400,&quot;sizes&quot;:[]}}\" data-widget_type=\"nested-accordion.default\">\n\t\t\t\t\t\t\t<div class=\"e-n-accordion\" aria-label=\"Accordion. Open links with Enter or Space, close with Escape, and navigate with Arrow Keys\">\n\t\t\t\t\t\t<details id=\"e-n-accordion-item-1470\" class=\"e-n-accordion-item\" open>\n\t\t\t\t<summary class=\"e-n-accordion-item-title\" data-accordion-index=\"1\" tabindex=\"0\" aria-expanded=\"true\" aria-controls=\"e-n-accordion-item-1470\" >\n\t\t\t\t\t<span class='e-n-accordion-item-title-header'><div class=\"e-n-accordion-item-title-text\"> R\u00fcckblick in das erste Schulhalbjahr <\/div><\/span>\n\t\t\t\t\t\t\t<span class='e-n-accordion-item-title-icon'>\n\t\t\t<span class='e-opened' ><svg aria-hidden=\"true\" class=\"e-font-icon-svg e-fas-minus\" viewBox=\"0 0 448 512\" xmlns=\"http:\/\/www.w3.org\/2000\/svg\"><path d=\"M416 208H32c-17.67 0-32 14.33-32 32v32c0 17.67 14.33 32 32 32h384c17.67 0 32-14.33 32-32v-32c0-17.67-14.33-32-32-32z\"><\/path><\/svg><\/span>\n\t\t\t<span class='e-closed'><svg aria-hidden=\"true\" class=\"e-font-icon-svg e-fas-plus\" viewBox=\"0 0 448 512\" xmlns=\"http:\/\/www.w3.org\/2000\/svg\"><path d=\"M416 208H272V64c0-17.67-14.33-32-32-32h-32c-17.67 0-32 14.33-32 32v144H32c-17.67 0-32 14.33-32 32v32c0 17.67 14.33 32 32 32h144v144c0 17.67 14.33 32 32 32h32c17.67 0 32-14.33 32-32V304h144c17.67 0 32-14.33 32-32v-32c0-17.67-14.33-32-32-32z\"><\/path><\/svg><\/span>\n\t\t<\/span>\n\n\t\t\t\t\t\t<\/summary>\n\t\t\t\t<div role=\"region\" aria-labelledby=\"e-n-accordion-item-1470\" class=\"elementor-element elementor-element-4d458f5 e-con-full e-flex e-con e-child\" data-id=\"4d458f5\" data-element_type=\"container\" data-e-type=\"container\">\n\t\t<div role=\"region\" aria-labelledby=\"e-n-accordion-item-1470\" class=\"elementor-element elementor-element-e73ee2a e-flex e-con-boxed e-con e-child\" data-id=\"e73ee2a\" data-element_type=\"container\" data-e-type=\"container\">\n\t\t\t\t\t<div class=\"e-con-inner\">\n\t\t\t\t<div class=\"elementor-element elementor-element-ae00cf9 elementor-widget elementor-widget-text-editor\" data-id=\"ae00cf9\" data-element_type=\"widget\" data-e-type=\"widget\" data-widget_type=\"text-editor.default\">\n\t\t\t\t\t\t\t\t\t<p>Liebe Sch\u00fclerinnen und Sch\u00fcler,<\/p><p>jetzt wo sich das Halbjahr zu Ende neigt, sollten wir einen Blick darauf werfen, was wir alles schon dieses Schuljahr gemeinsam erreicht haben. Die Lange Nacht der Mathematik startete dieses Jahr in die zweite Runde. Wieder einmal konnten Sch\u00fcler*innen flei\u00dfig bis sp\u00e4t in die Nacht rechnen. Aber auch Neues bew\u00e4hrt sich, zum ersten Mal dieses Jahr wurde der Halloween Ball von der Sch\u00fclervertretung organisiert, was ein gro\u00dfer Erfolg war. Wiedergekehrt ist dieses Jahr der Weihnachtsmarkt verbunden mit dem Weihnachtskonzert. Zuletzt konnten wir dieses Halbjahr auch wieder Grundsch\u00fcler in unser Gymnasium zum Tag der offenen T\u00fcr einladen. F\u00fcr das n\u00e4chste Jahr stehen vor allem der Umbau der Mensa auf dem Plan, aber auch die baldige Er\u00f6ffnung des neu etablierten Sch\u00fclerclubs und noch viele weitere Projekte sowie der 150. Geburtstag des FSG.<\/p><p>Bis dahin Schillers Erben<\/p>\t\t\t\t\t\t\t\t<\/div>\n\t\t\t\t\t<\/div>\n\t\t\t\t<\/div>\n\t\t\t\t<\/div>\n\t\t\t\t\t<\/details>\n\t\t\t\t\t<\/div>\n\t\t\t\t\t<script type=\"application\/ld+json\">{\"@context\":\"https:\\\/\\\/schema.org\",\"@type\":\"FAQPage\",\"mainEntity\":[{\"@type\":\"Question\",\"name\":\"R\\u00fcckblick in das erste Schulhalbjahr\",\"acceptedAnswer\":{\"@type\":\"Answer\",\"text\":\"Liebe Sch\\u00fclerinnen und Sch\\u00fcler,jetzt wo sich das Halbjahr zu Ende neigt, sollten wir einen Blick darauf werfen, was wir alles schon dieses Schuljahr gemeinsam erreicht haben. Die Lange Nacht der Mathematik startete dieses Jahr in die zweite Runde. Wieder einmal konnten Sch\\u00fcler*innen flei\\u00dfig bis sp\\u00e4t in die Nacht rechnen. Aber auch Neues bew\\u00e4hrt sich, zum ersten Mal dieses Jahr wurde der Halloween Ball von der Sch\\u00fclervertretung organisiert, was ein gro\\u00dfer Erfolg war. Wiedergekehrt ist dieses Jahr der Weihnachtsmarkt verbunden mit dem Weihnachtskonzert. Zuletzt konnten wir dieses Halbjahr auch wieder Grundsch\\u00fcler in unser Gymnasium zum Tag der offenen T\\u00fcr einladen. F\\u00fcr das n\\u00e4chste Jahr stehen vor allem der Umbau der Mensa auf dem Plan, aber auch die baldige Er\\u00f6ffnung des neu etablierten Sch\\u00fclerclubs und noch viele weitere Projekte sowie der 150. Geburtstag des FSG.Bis dahin Schillers Erben\"}}]}<\/script>\n\t\t\t\t\t\t\t<\/div>\n\t\t\t\t\t<\/div>\n\t\t\t\t<\/div>\n\t\t\t\t<\/div>\n\t\t","protected":false},"excerpt":{"rendered":"<p>SchillerPress Zde naleznete aktu\u00e1ln\u00ed vyd\u00e1n\u00ed na\u0161eho \u0161koln\u00edho \u010dasopisu \u201eSchillergefl\u00fcster\u201c, kter\u00fd vytv\u00e1\u0159ej\u00ed \u017e\u00e1ci pod veden\u00edm pan\u00ed Klotzsche, a na\u0161eho zpravodaje \u201eSchillerFunken\u201c, kter\u00fd vytv\u00e1\u0159\u00ed t\u00fdm veden\u00ed \u0161koly pod zodpov\u011bdnost\u00ed pan\u00ed Waltherov\u00e9. Oba form\u00e1ty poskytuj\u00ed \u017eiv\u00fd vhled do na\u0161eho ka\u017edodenn\u00edho \u0161koln\u00edho \u017eivota a odr\u00e1\u017eej\u00ed rozmanit\u00e9 nasazen\u00ed na\u0161\u00ed \u0161koln\u00ed komunity. A\u0165 u\u017e se jedn\u00e1 o projekty, akce, kreativn\u00ed p\u0159\u00edsp\u011bvky...<\/p>","protected":false},"author":1,"featured_media":57,"parent":684,"menu_order":0,"comment_status":"closed","ping_status":"closed","template":"","meta":{"rs_blank_template":"","rs_page_bg_color":"","slide_template_v7":"","_loi_post_transparent":"","_loi_post_title":"default","_loi_post_layout":"default","_loi_post_sidebar_id":"","_loi_post_content_style":"unboxed","_loi_post_vertical_padding":"default","_loi_post_feature":"default","_loi_post_feature_position":"","_loi_post_header":false,"_loi_post_footer":false,"footnotes":""},"class_list":["post-1195","page","type-page","status-publish","has-post-thumbnail","hentry"],"_links":{"self":[{"href":"https:\/\/schillergymnasium-pirna.de\/cs\/wp-json\/wp\/v2\/pages\/1195","targetHints":{"allow":["GET"]}}],"collection":[{"href":"https:\/\/schillergymnasium-pirna.de\/cs\/wp-json\/wp\/v2\/pages"}],"about":[{"href":"https:\/\/schillergymnasium-pirna.de\/cs\/wp-json\/wp\/v2\/types\/page"}],"author":[{"embeddable":true,"href":"https:\/\/schillergymnasium-pirna.de\/cs\/wp-json\/wp\/v2\/users\/1"}],"replies":[{"embeddable":true,"href":"https:\/\/schillergymnasium-pirna.de\/cs\/wp-json\/wp\/v2\/comments?post=1195"}],"version-history":[{"count":56,"href":"https:\/\/schillergymnasium-pirna.de\/cs\/wp-json\/wp\/v2\/pages\/1195\/revisions"}],"predecessor-version":[{"id":3036,"href":"https:\/\/schillergymnasium-pirna.de\/cs\/wp-json\/wp\/v2\/pages\/1195\/revisions\/3036"}],"up":[{"embeddable":true,"href":"https:\/\/schillergymnasium-pirna.de\/cs\/wp-json\/wp\/v2\/pages\/684"}],"wp:featuredmedia":[{"embeddable":true,"href":"https:\/\/schillergymnasium-pirna.de\/cs\/wp-json\/wp\/v2\/media\/57"}],"wp:attachment":[{"href":"https:\/\/schillergymnasium-pirna.de\/cs\/wp-json\/wp\/v2\/media?parent=1195"}],"curies":[{"name":"wp","href":"https:\/\/api.w.org\/{rel}","templated":true}]}}