{"id":1674,"date":"2026-01-09T07:04:48","date_gmt":"2026-01-09T06:04:48","guid":{"rendered":"https:\/\/schillergymnasium-pirna.de\/schillergremien\/aktuelles\/"},"modified":"2026-01-13T09:46:52","modified_gmt":"2026-01-13T08:46:52","slug":"aktualni","status":"publish","type":"page","link":"https:\/\/schillergymnasium-pirna.de\/cs\/aktuelles\/","title":{"rendered":"Aktu\u00e1ln\u00ed informace"},"content":{"rendered":"<div data-elementor-type=\"wp-page\" data-elementor-id=\"1674\" class=\"elementor elementor-1674\" data-elementor-post-type=\"page\">\n\t\t\t\t<div class=\"elementor-element elementor-element-22cadff e-con-full e-flex e-con e-parent\" data-id=\"22cadff\" data-element_type=\"container\" data-e-type=\"container\">\n\t\t\t\t<div class=\"elementor-element elementor-element-82435ac elementor-grid-3 elementor-grid-tablet-2 elementor-grid-mobile-1 elementor-posts--thumbnail-top elementor-widget elementor-widget-posts\" data-id=\"82435ac\" data-element_type=\"widget\" data-e-type=\"widget\" data-settings=\"{&quot;pagination_type&quot;:&quot;load_more_infinite_scroll&quot;,&quot;classic_columns&quot;:&quot;3&quot;,&quot;classic_columns_tablet&quot;:&quot;2&quot;,&quot;classic_columns_mobile&quot;:&quot;1&quot;,&quot;classic_row_gap&quot;:{&quot;unit&quot;:&quot;px&quot;,&quot;size&quot;:35,&quot;sizes&quot;:[]},&quot;classic_row_gap_tablet&quot;:{&quot;unit&quot;:&quot;px&quot;,&quot;size&quot;:&quot;&quot;,&quot;sizes&quot;:[]},&quot;classic_row_gap_mobile&quot;:{&quot;unit&quot;:&quot;px&quot;,&quot;size&quot;:&quot;&quot;,&quot;sizes&quot;:[]},&quot;load_more_spinner&quot;:{&quot;value&quot;:&quot;fas fa-spinner&quot;,&quot;library&quot;:&quot;fa-solid&quot;}}\" data-widget_type=\"posts.classic\">\n\t\t\t\t<div class=\"elementor-widget-container\">\n\t\t\t\t\t\t\t<div class=\"elementor-posts-container elementor-posts elementor-posts--skin-classic elementor-grid\" role=\"list\">\n\t\t\t\t<article class=\"elementor-post elementor-grid-item post-3227 post type-post status-publish format-standard has-post-thumbnail hentry category-allgemein\" role=\"listitem\">\n\t\t\t\t<a class=\"elementor-post__thumbnail__link\" href=\"https:\/\/schillergymnasium-pirna.de\/cs\/einladung-zum-elterninfoabend\/\" tabindex=\"-1\" >\n\t\t\t<div class=\"elementor-post__thumbnail\"><img fetchpriority=\"high\" decoding=\"async\" width=\"975\" height=\"496\" src=\"https:\/\/schillergymnasium-pirna.de\/wp-content\/uploads\/2026\/08\/Veranstaltungsinformation-fuer-Eltner.png\" class=\"attachment-large size-large wp-image-3166\" alt=\"\" srcset=\"https:\/\/schillergymnasium-pirna.de\/wp-content\/uploads\/2026\/08\/Veranstaltungsinformation-fuer-Eltner.png 975w, https:\/\/schillergymnasium-pirna.de\/wp-content\/uploads\/2026\/08\/Veranstaltungsinformation-fuer-Eltner-300x153.png 300w, https:\/\/schillergymnasium-pirna.de\/wp-content\/uploads\/2026\/08\/Veranstaltungsinformation-fuer-Eltner-768x391.png 768w, https:\/\/schillergymnasium-pirna.de\/wp-content\/uploads\/2026\/08\/Veranstaltungsinformation-fuer-Eltner-18x9.png 18w\" sizes=\"(max-width: 975px) 100vw, 975px\" \/><\/div>\n\t\t<\/a>\n\t\t\t\t<div class=\"elementor-post__text\">\n\t\t\t\t<h3 class=\"elementor-post__title\">\n\t\t\t<a href=\"https:\/\/schillergymnasium-pirna.de\/cs\/einladung-zum-elterninfoabend\/\" >\n\t\t\t\tEinladung zum Elterninfoabend\t\t\t<\/a>\n\t\t<\/h3>\n\t\t\t\t<div class=\"elementor-post__meta-data\">\n\t\t\t\t\t<span class=\"elementor-post-date\">\n\t\t\t3. z\u00e1\u0159\u00ed 2026\t\t<\/span>\n\t\t\t\t<\/div>\n\t\t\t\t<div class=\"elementor-post__excerpt\">\n\t\t\t\t\t<\/div>\n\t\t\n\t\t<a class=\"elementor-post__read-more\" href=\"https:\/\/schillergymnasium-pirna.de\/cs\/einladung-zum-elterninfoabend\/\" aria-label=\"Read more about Einladung zum Elterninfoabend\" tabindex=\"-1\" >\n\t\t\t\u010c\u00edst d\u00e1le \u00bb\t\t<\/a>\n\n\t\t\t\t<\/div>\n\t\t\t\t<\/article>\n\t\t\t\t<article class=\"elementor-post elementor-grid-item post-3248 post type-post status-publish format-standard has-post-thumbnail hentry category-allgemein\" role=\"listitem\">\n\t\t\t\t<a class=\"elementor-post__thumbnail__link\" href=\"https:\/\/schillergymnasium-pirna.de\/cs\/gta-angebote-sj-2026-2027\/\" tabindex=\"-1\" >\n\t\t\t<div class=\"elementor-post__thumbnail\"><img decoding=\"async\" width=\"975\" height=\"496\" src=\"https:\/\/schillergymnasium-pirna.de\/wp-content\/uploads\/2026\/02\/Neues-aus-dem-Schulalltag.png\" class=\"attachment-large size-large wp-image-2148\" alt=\"\" srcset=\"https:\/\/schillergymnasium-pirna.de\/wp-content\/uploads\/2026\/02\/Neues-aus-dem-Schulalltag.png 975w, https:\/\/schillergymnasium-pirna.de\/wp-content\/uploads\/2026\/02\/Neues-aus-dem-Schulalltag-300x153.png 300w, https:\/\/schillergymnasium-pirna.de\/wp-content\/uploads\/2026\/02\/Neues-aus-dem-Schulalltag-768x391.png 768w, https:\/\/schillergymnasium-pirna.de\/wp-content\/uploads\/2026\/02\/Neues-aus-dem-Schulalltag-18x9.png 18w\" sizes=\"(max-width: 975px) 100vw, 975px\" \/><\/div>\n\t\t<\/a>\n\t\t\t\t<div class=\"elementor-post__text\">\n\t\t\t\t<h3 class=\"elementor-post__title\">\n\t\t\t<a href=\"https:\/\/schillergymnasium-pirna.de\/cs\/gta-angebote-sj-2026-2027\/\" >\n\t\t\t\tGTA-Angebote SJ 2026\/2027\t\t\t<\/a>\n\t\t<\/h3>\n\t\t\t\t<div class=\"elementor-post__meta-data\">\n\t\t\t\t\t<span class=\"elementor-post-date\">\n\t\t\t2. z\u00e1\u0159\u00ed 2026\t\t<\/span>\n\t\t\t\t<\/div>\n\t\t\t\t<div class=\"elementor-post__excerpt\">\n\t\t\t<p>Unsere GTA-Angebote f\u00fcr das Schuljahr 2026\/2027 starten ab dem 14.09.2026, einige sogar bereits jetzt. Bitte erkundigt euch direkt beim GTA-Leiter. Viel Spa\u00df beim St\u00f6bern in der Auswahl! GTA-Angebote Flyer 26\/27 Alle weiteren Informationen zur Raumliste, zum Anmeldeformular und zur Kompakt\u00fcbersicht<\/p>\n\t\t<\/div>\n\t\t\n\t\t<a class=\"elementor-post__read-more\" href=\"https:\/\/schillergymnasium-pirna.de\/cs\/gta-angebote-sj-2026-2027\/\" aria-label=\"Read more about GTA-Angebote SJ 2026\/2027\" tabindex=\"-1\" >\n\t\t\t\u010c\u00edst d\u00e1le \u00bb\t\t<\/a>\n\n\t\t\t\t<\/div>\n\t\t\t\t<\/article>\n\t\t\t\t<article class=\"elementor-post elementor-grid-item post-3220 post type-post status-publish format-standard has-post-thumbnail hentry category-allgemein\" role=\"listitem\">\n\t\t\t\t<a class=\"elementor-post__thumbnail__link\" href=\"https:\/\/schillergymnasium-pirna.de\/cs\/terminuebersicht-september-2026\/\" tabindex=\"-1\" >\n\t\t\t<div class=\"elementor-post__thumbnail\"><img decoding=\"async\" width=\"975\" height=\"496\" src=\"https:\/\/schillergymnasium-pirna.de\/wp-content\/uploads\/2026\/02\/Banner-Monatliche-Terminuebersicht.png\" class=\"attachment-large size-large wp-image-2033\" alt=\"\" srcset=\"https:\/\/schillergymnasium-pirna.de\/wp-content\/uploads\/2026\/02\/Banner-Monatliche-Terminuebersicht.png 975w, https:\/\/schillergymnasium-pirna.de\/wp-content\/uploads\/2026\/02\/Banner-Monatliche-Terminuebersicht-300x153.png 300w, https:\/\/schillergymnasium-pirna.de\/wp-content\/uploads\/2026\/02\/Banner-Monatliche-Terminuebersicht-768x391.png 768w, https:\/\/schillergymnasium-pirna.de\/wp-content\/uploads\/2026\/02\/Banner-Monatliche-Terminuebersicht-18x9.png 18w\" sizes=\"(max-width: 975px) 100vw, 975px\" \/><\/div>\n\t\t<\/a>\n\t\t\t\t<div class=\"elementor-post__text\">\n\t\t\t\t<h3 class=\"elementor-post__title\">\n\t\t\t<a href=\"https:\/\/schillergymnasium-pirna.de\/cs\/terminuebersicht-september-2026\/\" >\n\t\t\t\tP\u0159ehled term\u00edn\u016f z\u00e1\u0159\u00ed 2026\t\t\t<\/a>\n\t\t<\/h3>\n\t\t\t\t<div class=\"elementor-post__meta-data\">\n\t\t\t\t\t<span class=\"elementor-post-date\">\n\t\t\t31. srpna 2026\t\t<\/span>\n\t\t\t\t<\/div>\n\t\t\t\t<div class=\"elementor-post__excerpt\">\n\t\t\t\t\t<\/div>\n\t\t\n\t\t<a class=\"elementor-post__read-more\" href=\"https:\/\/schillergymnasium-pirna.de\/cs\/terminuebersicht-september-2026\/\" aria-label=\"Read more about Termin\u00fcbersicht September 2026\" tabindex=\"-1\" >\n\t\t\t\u010c\u00edst d\u00e1le \u00bb\t\t<\/a>\n\n\t\t\t\t<\/div>\n\t\t\t\t<\/article>\n\t\t\t\t<article class=\"elementor-post elementor-grid-item post-3201 post type-post status-publish format-standard has-post-thumbnail hentry category-allgemein\" role=\"listitem\">\n\t\t\t\t<a class=\"elementor-post__thumbnail__link\" href=\"https:\/\/schillergymnasium-pirna.de\/cs\/informationen-zu-den-fsg-elternabenden\/\" tabindex=\"-1\" >\n\t\t\t<div class=\"elementor-post__thumbnail\"><img fetchpriority=\"high\" decoding=\"async\" width=\"975\" height=\"496\" src=\"https:\/\/schillergymnasium-pirna.de\/wp-content\/uploads\/2026\/08\/Veranstaltungsinformation-fuer-Eltner.png\" class=\"attachment-large size-large wp-image-3166\" alt=\"\" srcset=\"https:\/\/schillergymnasium-pirna.de\/wp-content\/uploads\/2026\/08\/Veranstaltungsinformation-fuer-Eltner.png 975w, https:\/\/schillergymnasium-pirna.de\/wp-content\/uploads\/2026\/08\/Veranstaltungsinformation-fuer-Eltner-300x153.png 300w, https:\/\/schillergymnasium-pirna.de\/wp-content\/uploads\/2026\/08\/Veranstaltungsinformation-fuer-Eltner-768x391.png 768w, https:\/\/schillergymnasium-pirna.de\/wp-content\/uploads\/2026\/08\/Veranstaltungsinformation-fuer-Eltner-18x9.png 18w\" sizes=\"(max-width: 975px) 100vw, 975px\" \/><\/div>\n\t\t<\/a>\n\t\t\t\t<div class=\"elementor-post__text\">\n\t\t\t\t<h3 class=\"elementor-post__title\">\n\t\t\t<a href=\"https:\/\/schillergymnasium-pirna.de\/cs\/informationen-zu-den-fsg-elternabenden\/\" >\n\t\t\t\tInformace k t\u0159\u00eddn\u00edm sch\u016fzk\u00e1m FSG\t\t\t<\/a>\n\t\t<\/h3>\n\t\t\t\t<div class=\"elementor-post__meta-data\">\n\t\t\t\t\t<span class=\"elementor-post-date\">\n\t\t\t31. srpna 2026\t\t<\/span>\n\t\t\t\t<\/div>\n\t\t\t\t<div class=\"elementor-post__excerpt\">\n\t\t\t<p>V\u00e1\u017een\u00ed rodi\u010de, t\u011b\u0161\u00ed n\u00e1s, \u017ee v\u00e1s m\u016f\u017eeme p\u0159iv\u00edtat na t\u0159\u00eddn\u00edch sch\u016fzk\u00e1ch. Veden\u00ed \u0161koly zah\u00e1j\u00ed t\u0159\u00eddn\u00ed sch\u016fzky online. Odkaz pro p\u0159\u00edstup naleznete zde: URL konference: https:\/\/bbb.schullogin.de\/rooms\/uow-5sa-ely-sek\/join, p\u0159\u00edstupov\u00fd k\u00f3d: 9fymb9. P\u0159\u00edslu\u0161nou PowerPointovou prezentaci si m\u016f\u017eete prohl\u00e9dnout zde.<\/p>\n\t\t<\/div>\n\t\t\n\t\t<a class=\"elementor-post__read-more\" href=\"https:\/\/schillergymnasium-pirna.de\/cs\/informationen-zu-den-fsg-elternabenden\/\" aria-label=\"Read more about Informationen zu den FSG-Elternabenden\" tabindex=\"-1\" >\n\t\t\t\u010c\u00edst d\u00e1le \u00bb\t\t<\/a>\n\n\t\t\t\t<\/div>\n\t\t\t\t<\/article>\n\t\t\t\t<article class=\"elementor-post elementor-grid-item post-3167 post type-post status-publish format-standard has-post-thumbnail hentry category-allgemein\" role=\"listitem\">\n\t\t\t\t<a class=\"elementor-post__thumbnail__link\" href=\"https:\/\/schillergymnasium-pirna.de\/cs\/engagierte-und-interessierte-eltern-gesuchtwerden-sie-elternmitwirkungsmoderatorin-bzw-elternmitwirkungsmoderator\/\" tabindex=\"-1\" >\n\t\t\t<div class=\"elementor-post__thumbnail\"><img fetchpriority=\"high\" decoding=\"async\" width=\"975\" height=\"496\" src=\"https:\/\/schillergymnasium-pirna.de\/wp-content\/uploads\/2026\/08\/Veranstaltungsinformation-fuer-Eltner.png\" class=\"attachment-large size-large wp-image-3166\" alt=\"\" srcset=\"https:\/\/schillergymnasium-pirna.de\/wp-content\/uploads\/2026\/08\/Veranstaltungsinformation-fuer-Eltner.png 975w, https:\/\/schillergymnasium-pirna.de\/wp-content\/uploads\/2026\/08\/Veranstaltungsinformation-fuer-Eltner-300x153.png 300w, https:\/\/schillergymnasium-pirna.de\/wp-content\/uploads\/2026\/08\/Veranstaltungsinformation-fuer-Eltner-768x391.png 768w, https:\/\/schillergymnasium-pirna.de\/wp-content\/uploads\/2026\/08\/Veranstaltungsinformation-fuer-Eltner-18x9.png 18w\" sizes=\"(max-width: 975px) 100vw, 975px\" \/><\/div>\n\t\t<\/a>\n\t\t\t\t<div class=\"elementor-post__text\">\n\t\t\t\t<h3 class=\"elementor-post__title\">\n\t\t\t<a href=\"https:\/\/schillergymnasium-pirna.de\/cs\/engagierte-und-interessierte-eltern-gesuchtwerden-sie-elternmitwirkungsmoderatorin-bzw-elternmitwirkungsmoderator\/\" >\n\t\t\t\tHled\u00e1me anga\u017eovan\u00e9 a zainteresovan\u00e9 rodi\u010de! Sta\u0148te se moder\u00e1torkou nebo moder\u00e1torem rodi\u010dovsk\u00e9 spolupr\u00e1ce!\t\t\t<\/a>\n\t\t<\/h3>\n\t\t\t\t<div class=\"elementor-post__meta-data\">\n\t\t\t\t\t<span class=\"elementor-post-date\">\n\t\t\t26. srpna 2026\t\t<\/span>\n\t\t\t\t<\/div>\n\t\t\t\t<div class=\"elementor-post__excerpt\">\n\t\t\t<p>Rodi\u010de vzd\u011bl\u00e1vaj\u00ed rodi\u010de! Pod t\u00edmto mottem p\u016fsob\u00ed moder\u00e1to\u0159i a moder\u00e1torky pro \u00fa\u010dast rodi\u010d\u016f na \u0161kol\u00e1ch v Sasku ji\u017e od roku 2006 a vedou vzd\u011bl\u00e1vac\u00ed akce pro rodi\u010de a z\u00e1stupce rodi\u010d\u016f. Ve dnech 25. a 26. z\u00e1\u0159\u00ed 2026 za\u010d\u00edn\u00e1 nov\u00e9 vzd\u011bl\u00e1v\u00e1n\u00ed. V\u0161ichni rodi\u010de d\u011bt\u00ed povinn\u00fdch \u0161koln\u00ed doch\u00e1zkou<\/p>\n\t\t<\/div>\n\t\t\n\t\t<a class=\"elementor-post__read-more\" href=\"https:\/\/schillergymnasium-pirna.de\/cs\/engagierte-und-interessierte-eltern-gesuchtwerden-sie-elternmitwirkungsmoderatorin-bzw-elternmitwirkungsmoderator\/\" aria-label=\"P\u0159e\u010dt\u011bte si v\u00edce o Hledaj\u00ed se anga\u017eovan\u00ed a zainteresovan\u00ed rodi\u010de! Sta\u0148te se moder\u00e1torem \u010di moder\u00e1torkou rodi\u010dovsk\u00e9 participace!\" tabindex=\"-1\" >\n\t\t\t\u010c\u00edst d\u00e1le \u00bb\t\t<\/a>\n\n\t\t\t\t<\/div>\n\t\t\t\t<\/article>\n\t\t\t\t<article class=\"elementor-post elementor-grid-item post-3160 post type-post status-publish format-standard has-post-thumbnail hentry category-allgemein\" role=\"listitem\">\n\t\t\t\t<a class=\"elementor-post__thumbnail__link\" href=\"https:\/\/schillergymnasium-pirna.de\/cs\/einladung-zur-teamberatung-am-09-09-2026\/\" tabindex=\"-1\" >\n\t\t\t<div class=\"elementor-post__thumbnail\"><img loading=\"lazy\" decoding=\"async\" width=\"975\" height=\"496\" src=\"https:\/\/schillergymnasium-pirna.de\/wp-content\/uploads\/2026\/01\/Schulentwicklung-am-FSG.png\" class=\"attachment-large size-large wp-image-1921\" alt=\"\" srcset=\"https:\/\/schillergymnasium-pirna.de\/wp-content\/uploads\/2026\/01\/Schulentwicklung-am-FSG.png 975w, https:\/\/schillergymnasium-pirna.de\/wp-content\/uploads\/2026\/01\/Schulentwicklung-am-FSG-300x153.png 300w, https:\/\/schillergymnasium-pirna.de\/wp-content\/uploads\/2026\/01\/Schulentwicklung-am-FSG-768x391.png 768w, https:\/\/schillergymnasium-pirna.de\/wp-content\/uploads\/2026\/01\/Schulentwicklung-am-FSG-18x9.png 18w\" sizes=\"(max-width: 975px) 100vw, 975px\" \/><\/div>\n\t\t<\/a>\n\t\t\t\t<div class=\"elementor-post__text\">\n\t\t\t\t<h3 class=\"elementor-post__title\">\n\t\t\t<a href=\"https:\/\/schillergymnasium-pirna.de\/cs\/einladung-zur-teamberatung-am-09-09-2026\/\" >\n\t\t\t\tPozv\u00e1nka na poradu t\u00fdmu dne 9. 9. 2026\t\t\t<\/a>\n\t\t<\/h3>\n\t\t\t\t<div class=\"elementor-post__meta-data\">\n\t\t\t\t\t<span class=\"elementor-post-date\">\n\t\t\t26. srpna 2026\t\t<\/span>\n\t\t\t\t<\/div>\n\t\t\t\t<div class=\"elementor-post__excerpt\">\n\t\t\t\t\t<\/div>\n\t\t\n\t\t<a class=\"elementor-post__read-more\" href=\"https:\/\/schillergymnasium-pirna.de\/cs\/einladung-zur-teamberatung-am-09-09-2026\/\" aria-label=\"P\u0159e\u010dt\u011bte si v\u00edce o pozv\u00e1nce na poradu t\u00fdmu dne 9.9.2026\" tabindex=\"-1\" >\n\t\t\t\u010c\u00edst d\u00e1le \u00bb\t\t<\/a>\n\n\t\t\t\t<\/div>\n\t\t\t\t<\/article>\n\t\t\t\t<article class=\"elementor-post elementor-grid-item post-3135 post type-post status-publish format-standard has-post-thumbnail hentry category-allgemein\" role=\"listitem\">\n\t\t\t\t<a class=\"elementor-post__thumbnail__link\" href=\"https:\/\/schillergymnasium-pirna.de\/cs\/einladung-zum-herbstferienprojekt-12-bis-16-oktober-2026\/\" tabindex=\"-1\" >\n\t\t\t<div class=\"elementor-post__thumbnail\"><img loading=\"lazy\" decoding=\"async\" width=\"975\" height=\"496\" src=\"https:\/\/schillergymnasium-pirna.de\/wp-content\/uploads\/2025\/12\/Veranstaltungsinformation.png\" class=\"attachment-large size-large wp-image-1338\" alt=\"\" srcset=\"https:\/\/schillergymnasium-pirna.de\/wp-content\/uploads\/2025\/12\/Veranstaltungsinformation.png 975w, https:\/\/schillergymnasium-pirna.de\/wp-content\/uploads\/2025\/12\/Veranstaltungsinformation-300x153.png 300w, https:\/\/schillergymnasium-pirna.de\/wp-content\/uploads\/2025\/12\/Veranstaltungsinformation-768x391.png 768w, https:\/\/schillergymnasium-pirna.de\/wp-content\/uploads\/2025\/12\/Veranstaltungsinformation-18x9.png 18w\" sizes=\"(max-width: 975px) 100vw, 975px\" \/><\/div>\n\t\t<\/a>\n\t\t\t\t<div class=\"elementor-post__text\">\n\t\t\t\t<h3 class=\"elementor-post__title\">\n\t\t\t<a href=\"https:\/\/schillergymnasium-pirna.de\/cs\/einladung-zum-herbstferienprojekt-12-bis-16-oktober-2026\/\" >\n\t\t\t\tPOZV\u00c1NKA NA PODZIMN\u00cd PR\u00c1ZDNINOV\u00dd PROJEKT (12. A\u017d 16. \u0158\u00cdJNA 2026)\t\t\t<\/a>\n\t\t<\/h3>\n\t\t\t\t<div class=\"elementor-post__meta-data\">\n\t\t\t\t\t<span class=\"elementor-post-date\">\n\t\t\t20. srpna 2026\t\t<\/span>\n\t\t\t\t<\/div>\n\t\t\t\t<div class=\"elementor-post__excerpt\">\n\t\t\t<p>V prvn\u00edm t\u00fddnu pr\u00e1zdnin srde\u010dn\u011b zveme v\u0161echny mlad\u00e9 lidi ve v\u011bku od 14 do 20 let na n\u00e1\u0161 pr\u00e1zdninov\u00fd projekt #NichtNeutral \u2013 mezi hashtagy a postoji. Letos se budeme zab\u00fdvat soci\u00e1ln\u00edmi m\u00e9dii, dezinformacemi, pravicov\u00fdmi k\u00f3dy, demokraci\u00ed a ot\u00e1zkou, jak m\u016f\u017eeme utv\u00e1\u0159et na\u0161i budoucnost<\/p>\n\t\t<\/div>\n\t\t\n\t\t<a class=\"elementor-post__read-more\" href=\"https:\/\/schillergymnasium-pirna.de\/cs\/einladung-zum-herbstferienprojekt-12-bis-16-oktober-2026\/\" aria-label=\"P\u0159e\u010dt\u011bte si v\u00edce o POZV\u00c1NCE NA PODZIMN\u00cd PR\u00c1ZDNINOV\u00dd PROJEKT (12. A\u017d 16. \u0158\u00cdJNA 2026)\" tabindex=\"-1\" >\n\t\t\t\u010c\u00edst d\u00e1le \u00bb\t\t<\/a>\n\n\t\t\t\t<\/div>\n\t\t\t\t<\/article>\n\t\t\t\t<article class=\"elementor-post elementor-grid-item post-3077 post type-post status-publish format-standard has-post-thumbnail hentry category-allgemein\" role=\"listitem\">\n\t\t\t\t<a class=\"elementor-post__thumbnail__link\" href=\"https:\/\/schillergymnasium-pirna.de\/cs\/willkommen-zum-neuen-schuljahr\/\" tabindex=\"-1\" >\n\t\t\t<div class=\"elementor-post__thumbnail\"><img decoding=\"async\" width=\"975\" height=\"496\" src=\"https:\/\/schillergymnasium-pirna.de\/wp-content\/uploads\/2026\/02\/Neues-aus-dem-Schulalltag.png\" class=\"attachment-large size-large wp-image-2148\" alt=\"\" srcset=\"https:\/\/schillergymnasium-pirna.de\/wp-content\/uploads\/2026\/02\/Neues-aus-dem-Schulalltag.png 975w, https:\/\/schillergymnasium-pirna.de\/wp-content\/uploads\/2026\/02\/Neues-aus-dem-Schulalltag-300x153.png 300w, https:\/\/schillergymnasium-pirna.de\/wp-content\/uploads\/2026\/02\/Neues-aus-dem-Schulalltag-768x391.png 768w, https:\/\/schillergymnasium-pirna.de\/wp-content\/uploads\/2026\/02\/Neues-aus-dem-Schulalltag-18x9.png 18w\" sizes=\"(max-width: 975px) 100vw, 975px\" \/><\/div>\n\t\t<\/a>\n\t\t\t\t<div class=\"elementor-post__text\">\n\t\t\t\t<h3 class=\"elementor-post__title\">\n\t\t\t<a href=\"https:\/\/schillergymnasium-pirna.de\/cs\/willkommen-zum-neuen-schuljahr\/\" >\n\t\t\t\tV\u00edtejte v nov\u00e9m \u0161koln\u00edm roce!\t\t\t<\/a>\n\t\t<\/h3>\n\t\t\t\t<div class=\"elementor-post__meta-data\">\n\t\t\t\t\t<span class=\"elementor-post-date\">\n\t\t\t17. srpna 2026\t\t<\/span>\n\t\t\t\t<\/div>\n\t\t\t\t<div class=\"elementor-post__excerpt\">\n\t\t\t\t\t<\/div>\n\t\t\n\t\t<a class=\"elementor-post__read-more\" href=\"https:\/\/schillergymnasium-pirna.de\/cs\/willkommen-zum-neuen-schuljahr\/\" aria-label=\"P\u0159e\u010dt\u011bte si v\u00edce o V\u00edtejte v nov\u00e9m \u0161koln\u00edm roce!\" tabindex=\"-1\" >\n\t\t\t\u010c\u00edst d\u00e1le \u00bb\t\t<\/a>\n\n\t\t\t\t<\/div>\n\t\t\t\t<\/article>\n\t\t\t\t<article class=\"elementor-post elementor-grid-item post-3099 post type-post status-publish format-standard has-post-thumbnail hentry category-allgemein\" role=\"listitem\">\n\t\t\t\t<a class=\"elementor-post__thumbnail__link\" href=\"https:\/\/schillergymnasium-pirna.de\/cs\/elternbrief-zum-schuljahresstart-2026-27\/\" tabindex=\"-1\" >\n\t\t\t<div class=\"elementor-post__thumbnail\"><img decoding=\"async\" width=\"975\" height=\"496\" src=\"https:\/\/schillergymnasium-pirna.de\/wp-content\/uploads\/2026\/02\/Neues-aus-dem-Schulalltag.png\" class=\"attachment-large size-large wp-image-2148\" alt=\"\" srcset=\"https:\/\/schillergymnasium-pirna.de\/wp-content\/uploads\/2026\/02\/Neues-aus-dem-Schulalltag.png 975w, https:\/\/schillergymnasium-pirna.de\/wp-content\/uploads\/2026\/02\/Neues-aus-dem-Schulalltag-300x153.png 300w, https:\/\/schillergymnasium-pirna.de\/wp-content\/uploads\/2026\/02\/Neues-aus-dem-Schulalltag-768x391.png 768w, https:\/\/schillergymnasium-pirna.de\/wp-content\/uploads\/2026\/02\/Neues-aus-dem-Schulalltag-18x9.png 18w\" sizes=\"(max-width: 975px) 100vw, 975px\" \/><\/div>\n\t\t<\/a>\n\t\t\t\t<div class=\"elementor-post__text\">\n\t\t\t\t<h3 class=\"elementor-post__title\">\n\t\t\t<a href=\"https:\/\/schillergymnasium-pirna.de\/cs\/elternbrief-zum-schuljahresstart-2026-27\/\" >\n\t\t\t\tDopis rodi\u010d\u016fm k zah\u00e1jen\u00ed \u0161koln\u00edho roku 2026\/27\t\t\t<\/a>\n\t\t<\/h3>\n\t\t\t\t<div class=\"elementor-post__meta-data\">\n\t\t\t\t\t<span class=\"elementor-post-date\">\n\t\t\t14. srpna 2026\t\t<\/span>\n\t\t\t\t<\/div>\n\t\t\t\t<div class=\"elementor-post__excerpt\">\n\t\t\t<p>Aktu\u00e1ln\u00ed dopis rodi\u010d\u016fm od na\u0161eho veden\u00ed \u0161koly si m\u016f\u017eete p\u0159e\u010d\u00edst zde.<\/p>\n\t\t<\/div>\n\t\t\n\t\t<a class=\"elementor-post__read-more\" href=\"https:\/\/schillergymnasium-pirna.de\/cs\/elternbrief-zum-schuljahresstart-2026-27\/\" aria-label=\"P\u0159e\u010dt\u011bte si v\u00edce o Dopis rodi\u010d\u016fm k zah\u00e1jen\u00ed \u0161koln\u00edho roku 2026\/27\" tabindex=\"-1\" >\n\t\t\t\u010c\u00edst d\u00e1le \u00bb\t\t<\/a>\n\n\t\t\t\t<\/div>\n\t\t\t\t<\/article>\n\t\t\t\t<article class=\"elementor-post elementor-grid-item post-3086 post type-post status-publish format-standard has-post-thumbnail hentry category-allgemein\" role=\"listitem\">\n\t\t\t\t<a class=\"elementor-post__thumbnail__link\" href=\"https:\/\/schillergymnasium-pirna.de\/cs\/bueffetvariante-am-fsg-ab-dem-17-08-2026\/\" tabindex=\"-1\" >\n\t\t\t<div class=\"elementor-post__thumbnail\"><img decoding=\"async\" width=\"975\" height=\"496\" src=\"https:\/\/schillergymnasium-pirna.de\/wp-content\/uploads\/2026\/02\/Neues-aus-dem-Schulalltag.png\" class=\"attachment-large size-large wp-image-2148\" alt=\"\" srcset=\"https:\/\/schillergymnasium-pirna.de\/wp-content\/uploads\/2026\/02\/Neues-aus-dem-Schulalltag.png 975w, https:\/\/schillergymnasium-pirna.de\/wp-content\/uploads\/2026\/02\/Neues-aus-dem-Schulalltag-300x153.png 300w, https:\/\/schillergymnasium-pirna.de\/wp-content\/uploads\/2026\/02\/Neues-aus-dem-Schulalltag-768x391.png 768w, https:\/\/schillergymnasium-pirna.de\/wp-content\/uploads\/2026\/02\/Neues-aus-dem-Schulalltag-18x9.png 18w\" sizes=\"(max-width: 975px) 100vw, 975px\" \/><\/div>\n\t\t<\/a>\n\t\t\t\t<div class=\"elementor-post__text\">\n\t\t\t\t<h3 class=\"elementor-post__title\">\n\t\t\t<a href=\"https:\/\/schillergymnasium-pirna.de\/cs\/bueffetvariante-am-fsg-ab-dem-17-08-2026\/\" >\n\t\t\t\tVarianta rautu na FSG od 17. 8. 2026\t\t\t<\/a>\n\t\t<\/h3>\n\t\t\t\t<div class=\"elementor-post__meta-data\">\n\t\t\t\t\t<span class=\"elementor-post-date\">\n\t\t\t13. srpna 2026\t\t<\/span>\n\t\t\t\t<\/div>\n\t\t\t\t<div class=\"elementor-post__excerpt\">\n\t\t\t<p>Mil\u00e1 \u0161koln\u00ed komunito FSG, od na\u0161eho dodavatele j\u00eddla \u201eKnackFrisch\u201c n\u00e1m kr\u00e1tce p\u0159ed za\u010d\u00e1tkem \u0161koln\u00edho roku dorazily skv\u011bl\u00e9 zpr\u00e1vy: Od 17. 8. 2026 jsou nyn\u00ed vytvo\u0159eny v\u0161echny technick\u00e9 p\u0159edpoklady, tak\u017ee bufetov\u00e1 varianta m\u016f\u017ee na FSG odstartovat. T\u00edm je d\u00e1n dal\u0161\u00ed krok sm\u011brem k<\/p>\n\t\t<\/div>\n\t\t\n\t\t<a class=\"elementor-post__read-more\" href=\"https:\/\/schillergymnasium-pirna.de\/cs\/bueffetvariante-am-fsg-ab-dem-17-08-2026\/\" aria-label=\"P\u0159e\u010dt\u011bte si v\u00edce o variant\u011b bufetu na FSG od 17. 8. 2026\" tabindex=\"-1\" >\n\t\t\t\u010c\u00edst d\u00e1le \u00bb\t\t<\/a>\n\n\t\t\t\t<\/div>\n\t\t\t\t<\/article>\n\t\t\t\t<article class=\"elementor-post elementor-grid-item post-2999 post type-post status-publish format-standard has-post-thumbnail hentry category-allgemein\" role=\"listitem\">\n\t\t\t\t<a class=\"elementor-post__thumbnail__link\" href=\"https:\/\/schillergymnasium-pirna.de\/cs\/ablauf-fuer-den-1-schultag\/\" tabindex=\"-1\" >\n\t\t\t<div class=\"elementor-post__thumbnail\"><img loading=\"lazy\" decoding=\"async\" width=\"975\" height=\"496\" src=\"https:\/\/schillergymnasium-pirna.de\/wp-content\/uploads\/2026\/01\/Wichtige-Information-zum-Schulbetrieb.png\" class=\"attachment-large size-large wp-image-1932\" alt=\"\" srcset=\"https:\/\/schillergymnasium-pirna.de\/wp-content\/uploads\/2026\/01\/Wichtige-Information-zum-Schulbetrieb.png 975w, https:\/\/schillergymnasium-pirna.de\/wp-content\/uploads\/2026\/01\/Wichtige-Information-zum-Schulbetrieb-300x153.png 300w, https:\/\/schillergymnasium-pirna.de\/wp-content\/uploads\/2026\/01\/Wichtige-Information-zum-Schulbetrieb-768x391.png 768w, https:\/\/schillergymnasium-pirna.de\/wp-content\/uploads\/2026\/01\/Wichtige-Information-zum-Schulbetrieb-18x9.png 18w\" sizes=\"(max-width: 975px) 100vw, 975px\" \/><\/div>\n\t\t<\/a>\n\t\t\t\t<div class=\"elementor-post__text\">\n\t\t\t\t<h3 class=\"elementor-post__title\">\n\t\t\t<a href=\"https:\/\/schillergymnasium-pirna.de\/cs\/ablauf-fuer-den-1-schultag\/\" >\n\t\t\t\tPr\u016fb\u011bh 1. \u0161koln\u00edho dne\t\t\t<\/a>\n\t\t<\/h3>\n\t\t\t\t<div class=\"elementor-post__meta-data\">\n\t\t\t\t\t<span class=\"elementor-post-date\">\n\t\t\t10. srpna 2026\t\t<\/span>\n\t\t\t\t<\/div>\n\t\t\t\t<div class=\"elementor-post__excerpt\">\n\t\t\t<p>pouze 5. ro\u010dn\u00edk: 7:30\u20139:00 sraz ve foyer, n\u00e1sledn\u011b uv\u00edt\u00e1n\u00ed a sezn\u00e1men\u00ed\n6.\u201312. ro\u010dn\u00edk: 9:20 t\u0159\u00eddnick\u00e1 hodina \/ hodina s tutorem 10:00 pl\u00e9num 10:30\u201311:45 t\u0159\u00eddnick\u00e9 hodiny \/ hodiny s tutorem. 11:45 ob\u011bd (pro 7.\u201312. ro\u010dn\u00edk: 12:00)<\/p>\n\t\t<\/div>\n\t\t\n\t\t<a class=\"elementor-post__read-more\" href=\"https:\/\/schillergymnasium-pirna.de\/cs\/ablauf-fuer-den-1-schultag\/\" aria-label=\"P\u0159e\u010dt\u011bte si v\u00edce o pr\u016fb\u011bhu 1. \u0161koln\u00edho dne\" tabindex=\"-1\" >\n\t\t\t\u010c\u00edst d\u00e1le \u00bb\t\t<\/a>\n\n\t\t\t\t<\/div>\n\t\t\t\t<\/article>\n\t\t\t\t<article class=\"elementor-post elementor-grid-item post-3042 post type-post status-publish format-standard has-post-thumbnail hentry category-allgemein\" role=\"listitem\">\n\t\t\t\t<a class=\"elementor-post__thumbnail__link\" href=\"https:\/\/schillergymnasium-pirna.de\/cs\/schillerfunken-copy\/\" tabindex=\"-1\" >\n\t\t\t<div class=\"elementor-post__thumbnail\"><img loading=\"lazy\" decoding=\"async\" width=\"975\" height=\"496\" src=\"https:\/\/schillergymnasium-pirna.de\/wp-content\/uploads\/2025\/12\/Schillerfunken.png\" class=\"attachment-large size-large wp-image-1322\" alt=\"\" srcset=\"https:\/\/schillergymnasium-pirna.de\/wp-content\/uploads\/2025\/12\/Schillerfunken.png 975w, https:\/\/schillergymnasium-pirna.de\/wp-content\/uploads\/2025\/12\/Schillerfunken-300x153.png 300w, https:\/\/schillergymnasium-pirna.de\/wp-content\/uploads\/2025\/12\/Schillerfunken-768x391.png 768w, https:\/\/schillergymnasium-pirna.de\/wp-content\/uploads\/2025\/12\/Schillerfunken-18x9.png 18w\" sizes=\"(max-width: 975px) 100vw, 975px\" \/><\/div>\n\t\t<\/a>\n\t\t\t\t<div class=\"elementor-post__text\">\n\t\t\t\t<h3 class=\"elementor-post__title\">\n\t\t\t<a href=\"https:\/\/schillergymnasium-pirna.de\/cs\/schillerfunken-copy\/\" >\n\t\t\t\tSchillerovy jiskry\t\t\t<\/a>\n\t\t<\/h3>\n\t\t\t\t<div class=\"elementor-post__meta-data\">\n\t\t\t\t\t<span class=\"elementor-post-date\">\n\t\t\t10. srpna 2026\t\t<\/span>\n\t\t\t\t<\/div>\n\t\t\t\t<div class=\"elementor-post__excerpt\">\n\t\t\t<p>Na\u0161e nejnov\u011bj\u0161\u00ed vyd\u00e1n\u00ed \u010dasopisu SchillerFunken najdete zde. Redakce douf\u00e1, \u017ee se v\u00e1m bude l\u00edbit.<\/p>\n\t\t<\/div>\n\t\t\n\t\t<a class=\"elementor-post__read-more\" href=\"https:\/\/schillergymnasium-pirna.de\/cs\/schillerfunken-copy\/\" aria-label=\"P\u0159e\u010dt\u011bte si v\u00edce o Schillerfunken\" tabindex=\"-1\" >\n\t\t\t\u010c\u00edst d\u00e1le \u00bb\t\t<\/a>\n\n\t\t\t\t<\/div>\n\t\t\t\t<\/article>\n\t\t\t\t<article class=\"elementor-post elementor-grid-item post-2750 post type-post status-publish format-standard has-post-thumbnail hentry category-allgemein\" role=\"listitem\">\n\t\t\t\t<a class=\"elementor-post__thumbnail__link\" href=\"https:\/\/schillergymnasium-pirna.de\/cs\/terminuebersicht-monat-juni-2026\/\" tabindex=\"-1\" >\n\t\t\t<div class=\"elementor-post__thumbnail\"><img decoding=\"async\" width=\"975\" height=\"496\" src=\"https:\/\/schillergymnasium-pirna.de\/wp-content\/uploads\/2026\/02\/Banner-Monatliche-Terminuebersicht.png\" class=\"attachment-large size-large wp-image-2033\" alt=\"\" srcset=\"https:\/\/schillergymnasium-pirna.de\/wp-content\/uploads\/2026\/02\/Banner-Monatliche-Terminuebersicht.png 975w, https:\/\/schillergymnasium-pirna.de\/wp-content\/uploads\/2026\/02\/Banner-Monatliche-Terminuebersicht-300x153.png 300w, https:\/\/schillergymnasium-pirna.de\/wp-content\/uploads\/2026\/02\/Banner-Monatliche-Terminuebersicht-768x391.png 768w, https:\/\/schillergymnasium-pirna.de\/wp-content\/uploads\/2026\/02\/Banner-Monatliche-Terminuebersicht-18x9.png 18w\" sizes=\"(max-width: 975px) 100vw, 975px\" \/><\/div>\n\t\t<\/a>\n\t\t\t\t<div class=\"elementor-post__text\">\n\t\t\t\t<h3 class=\"elementor-post__title\">\n\t\t\t<a href=\"https:\/\/schillergymnasium-pirna.de\/cs\/terminuebersicht-monat-juni-2026\/\" >\n\t\t\t\tP\u0159ehled term\u00edn\u016f m\u011bs\u00edc srpen 2026\t\t\t<\/a>\n\t\t<\/h3>\n\t\t\t\t<div class=\"elementor-post__meta-data\">\n\t\t\t\t\t<span class=\"elementor-post-date\">\n\t\t\t10. srpna 2026\t\t<\/span>\n\t\t\t\t<\/div>\n\t\t\t\t<div class=\"elementor-post__excerpt\">\n\t\t\t\t\t<\/div>\n\t\t\n\t\t<a class=\"elementor-post__read-more\" href=\"https:\/\/schillergymnasium-pirna.de\/cs\/terminuebersicht-monat-juni-2026\/\" aria-label=\"P\u0159e\u010dt\u011bte si v\u00edce o P\u0159ehled term\u00edn\u016f m\u011bs\u00edc srpen 2026\" tabindex=\"-1\" >\n\t\t\t\u010c\u00edst d\u00e1le \u00bb\t\t<\/a>\n\n\t\t\t\t<\/div>\n\t\t\t\t<\/article>\n\t\t\t\t<article class=\"elementor-post elementor-grid-item post-2929 post type-post status-publish format-standard has-post-thumbnail hentry category-allgemein\" role=\"listitem\">\n\t\t\t\t<a class=\"elementor-post__thumbnail__link\" href=\"https:\/\/schillergymnasium-pirna.de\/cs\/oeffnungszeiten-sekretariat-waehrend-der-sommerferien\/\" tabindex=\"-1\" >\n\t\t\t<div class=\"elementor-post__thumbnail\"><img loading=\"lazy\" decoding=\"async\" width=\"975\" height=\"496\" src=\"https:\/\/schillergymnasium-pirna.de\/wp-content\/uploads\/2026\/01\/Wichtige-Information-zum-Schulbetrieb.png\" class=\"attachment-large size-large wp-image-1932\" alt=\"\" srcset=\"https:\/\/schillergymnasium-pirna.de\/wp-content\/uploads\/2026\/01\/Wichtige-Information-zum-Schulbetrieb.png 975w, https:\/\/schillergymnasium-pirna.de\/wp-content\/uploads\/2026\/01\/Wichtige-Information-zum-Schulbetrieb-300x153.png 300w, https:\/\/schillergymnasium-pirna.de\/wp-content\/uploads\/2026\/01\/Wichtige-Information-zum-Schulbetrieb-768x391.png 768w, https:\/\/schillergymnasium-pirna.de\/wp-content\/uploads\/2026\/01\/Wichtige-Information-zum-Schulbetrieb-18x9.png 18w\" sizes=\"(max-width: 975px) 100vw, 975px\" \/><\/div>\n\t\t<\/a>\n\t\t\t\t<div class=\"elementor-post__text\">\n\t\t\t\t<h3 class=\"elementor-post__title\">\n\t\t\t<a href=\"https:\/\/schillergymnasium-pirna.de\/cs\/oeffnungszeiten-sekretariat-waehrend-der-sommerferien\/\" >\n\t\t\t\tOtev\u00edrac\u00ed doba sekretari\u00e1tu a p\u0159\u00edtomnost \u0161koln\u00edho soci\u00e1ln\u00edho pracovn\u00edka b\u011bhem letn\u00edch pr\u00e1zdnin\t\t\t<\/a>\n\t\t<\/h3>\n\t\t\t\t<div class=\"elementor-post__meta-data\">\n\t\t\t\t\t<span class=\"elementor-post-date\">\n\t\t\t2. \u010dervence 2026\t\t<\/span>\n\t\t\t\t<\/div>\n\t\t\t\t<div class=\"elementor-post__excerpt\">\n\t\t\t\t\t<\/div>\n\t\t\n\t\t<a class=\"elementor-post__read-more\" href=\"https:\/\/schillergymnasium-pirna.de\/cs\/oeffnungszeiten-sekretariat-waehrend-der-sommerferien\/\" aria-label=\"P\u0159e\u010dt\u011bte si v\u00edce o otv\u00edrac\u00ed dob\u011b sekretari\u00e1tu a p\u0159\u00edtomnosti \u0161koln\u00ed soci\u00e1ln\u00ed pr\u00e1ce b\u011bhem letn\u00edch pr\u00e1zdnin\" tabindex=\"-1\" >\n\t\t\t\u010c\u00edst d\u00e1le \u00bb\t\t<\/a>\n\n\t\t\t\t<\/div>\n\t\t\t\t<\/article>\n\t\t\t\t<article class=\"elementor-post elementor-grid-item post-2907 post type-post status-publish format-standard has-post-thumbnail hentry category-allgemein\" role=\"listitem\">\n\t\t\t\t<a class=\"elementor-post__thumbnail__link\" href=\"https:\/\/schillergymnasium-pirna.de\/cs\/ergebnisse-aus-den-projektgruppen\/\" tabindex=\"-1\" >\n\t\t\t<div class=\"elementor-post__thumbnail\"><img loading=\"lazy\" decoding=\"async\" width=\"975\" height=\"496\" src=\"https:\/\/schillergymnasium-pirna.de\/wp-content\/uploads\/2026\/06\/Banner-fuer-Homepage1-1.png\" class=\"attachment-large size-large wp-image-2905\" alt=\"\" srcset=\"https:\/\/schillergymnasium-pirna.de\/wp-content\/uploads\/2026\/06\/Banner-fuer-Homepage1-1.png 975w, https:\/\/schillergymnasium-pirna.de\/wp-content\/uploads\/2026\/06\/Banner-fuer-Homepage1-1-300x153.png 300w, https:\/\/schillergymnasium-pirna.de\/wp-content\/uploads\/2026\/06\/Banner-fuer-Homepage1-1-768x391.png 768w, https:\/\/schillergymnasium-pirna.de\/wp-content\/uploads\/2026\/06\/Banner-fuer-Homepage1-1-18x9.png 18w\" sizes=\"(max-width: 975px) 100vw, 975px\" \/><\/div>\n\t\t<\/a>\n\t\t\t\t<div class=\"elementor-post__text\">\n\t\t\t\t<h3 class=\"elementor-post__title\">\n\t\t\t<a href=\"https:\/\/schillergymnasium-pirna.de\/cs\/ergebnisse-aus-den-projektgruppen\/\" >\n\t\t\t\tV\u00fdsledky z projektov\u00fdch skupin\t\t\t<\/a>\n\t\t<\/h3>\n\t\t\t\t<div class=\"elementor-post__meta-data\">\n\t\t\t\t\t<span class=\"elementor-post-date\">\n\t\t\t30. \u010dervna 2026\t\t<\/span>\n\t\t\t\t<\/div>\n\t\t\t\t<div class=\"elementor-post__excerpt\">\n\t\t\t<p>Bez cukru kucha\u0159ka Schillerova bowle Projekt Schillerova bowle B\u011bhem projektov\u00fdch dn\u016f se skupina \u201eSchillerova bowle\u201c intenzivn\u011b zab\u00fdvala r\u016fzn\u00fdmi recepty na bowle. Spole\u010dn\u011b byly zkou\u0161eny, hodnoceny a samoz\u0159ejm\u011b i ochutn\u00e1v\u00e1ny r\u016fzn\u00e9 n\u00e1pady na recepty. Z v\u0161ech testovan\u00fdch bowl\u00ed jsme vybrali na\u0161e t\u0159i favority. Tyto budou<\/p>\n\t\t<\/div>\n\t\t\n\t\t<a class=\"elementor-post__read-more\" href=\"https:\/\/schillergymnasium-pirna.de\/cs\/ergebnisse-aus-den-projektgruppen\/\" aria-label=\"P\u0159e\u010dt\u011bte si v\u00edce o v\u00fdsledc\u00edch projektov\u00fdch skupin\" tabindex=\"-1\" >\n\t\t\t\u010c\u00edst d\u00e1le \u00bb\t\t<\/a>\n\n\t\t\t\t<\/div>\n\t\t\t\t<\/article>\n\t\t\t\t<article class=\"elementor-post elementor-grid-item post-2895 post type-post status-publish format-standard has-post-thumbnail hentry category-allgemein\" role=\"listitem\">\n\t\t\t\t<a class=\"elementor-post__thumbnail__link\" href=\"https:\/\/schillergymnasium-pirna.de\/cs\/ein-paar-tage-auf-der-huette-in-den-bergen-im-austausch-fuer-hilfe-fuer-die-natur\/\" tabindex=\"-1\" >\n\t\t\t<div class=\"elementor-post__thumbnail\"><img loading=\"lazy\" decoding=\"async\" width=\"724\" height=\"1024\" src=\"https:\/\/schillergymnasium-pirna.de\/wp-content\/uploads\/2026\/06\/Freiwilligeneinsatz-724x1024.jpg\" class=\"attachment-large size-large wp-image-2894\" alt=\"\" srcset=\"https:\/\/schillergymnasium-pirna.de\/wp-content\/uploads\/2026\/06\/Freiwilligeneinsatz-724x1024.jpg 724w, https:\/\/schillergymnasium-pirna.de\/wp-content\/uploads\/2026\/06\/Freiwilligeneinsatz-212x300.jpg 212w, https:\/\/schillergymnasium-pirna.de\/wp-content\/uploads\/2026\/06\/Freiwilligeneinsatz-768x1086.jpg 768w, https:\/\/schillergymnasium-pirna.de\/wp-content\/uploads\/2026\/06\/Freiwilligeneinsatz-1086x1536.jpg 1086w, https:\/\/schillergymnasium-pirna.de\/wp-content\/uploads\/2026\/06\/Freiwilligeneinsatz-1448x2048.jpg 1448w, https:\/\/schillergymnasium-pirna.de\/wp-content\/uploads\/2026\/06\/Freiwilligeneinsatz-8x12.jpg 8w, https:\/\/schillergymnasium-pirna.de\/wp-content\/uploads\/2026\/06\/Freiwilligeneinsatz-scaled.jpg 1811w\" sizes=\"(max-width: 724px) 100vw, 724px\" \/><\/div>\n\t\t<\/a>\n\t\t\t\t<div class=\"elementor-post__text\">\n\t\t\t\t<h3 class=\"elementor-post__title\">\n\t\t\t<a href=\"https:\/\/schillergymnasium-pirna.de\/cs\/ein-paar-tage-auf-der-huette-in-den-bergen-im-austausch-fuer-hilfe-fuer-die-natur\/\" >\n\t\t\t\tP\u00e1r dn\u00ed na chat\u011b v hor\u00e1ch v\u00fdm\u011bnou za pomoc p\u0159\u00edrod\u011b\t\t\t<\/a>\n\t\t<\/h3>\n\t\t\t\t<div class=\"elementor-post__meta-data\">\n\t\t\t\t\t<span class=\"elementor-post-date\">\n\t\t\t29. \u010dervna 2026\t\t<\/span>\n\t\t\t\t<\/div>\n\t\t\t\t<div class=\"elementor-post__excerpt\">\n\t\t\t\t\t<\/div>\n\t\t\n\t\t<a class=\"elementor-post__read-more\" href=\"https:\/\/schillergymnasium-pirna.de\/cs\/ein-paar-tage-auf-der-huette-in-den-bergen-im-austausch-fuer-hilfe-fuer-die-natur\/\" aria-label=\"P\u0159e\u010dt\u011bte si v\u00edce o p\u00e1r dnech na chat\u011b v hor\u00e1ch v\u00fdm\u011bnou za pomoc p\u0159\u00edrod\u011b\" tabindex=\"-1\" >\n\t\t\t\u010c\u00edst d\u00e1le \u00bb\t\t<\/a>\n\n\t\t\t\t<\/div>\n\t\t\t\t<\/article>\n\t\t\t\t<article class=\"elementor-post elementor-grid-item post-2889 post type-post status-publish format-standard has-post-thumbnail hentry category-allgemein\" role=\"listitem\">\n\t\t\t\t<a class=\"elementor-post__thumbnail__link\" href=\"https:\/\/schillergymnasium-pirna.de\/cs\/schule-rockt-2026\/\" tabindex=\"-1\" >\n\t\t\t<div class=\"elementor-post__thumbnail\"><img loading=\"lazy\" decoding=\"async\" width=\"975\" height=\"496\" src=\"https:\/\/schillergymnasium-pirna.de\/wp-content\/uploads\/2026\/03\/Erfolge-bei-Wettbewerben.png\" class=\"attachment-large size-large wp-image-2216\" alt=\"\" srcset=\"https:\/\/schillergymnasium-pirna.de\/wp-content\/uploads\/2026\/03\/Erfolge-bei-Wettbewerben.png 975w, https:\/\/schillergymnasium-pirna.de\/wp-content\/uploads\/2026\/03\/Erfolge-bei-Wettbewerben-300x153.png 300w, https:\/\/schillergymnasium-pirna.de\/wp-content\/uploads\/2026\/03\/Erfolge-bei-Wettbewerben-768x391.png 768w, https:\/\/schillergymnasium-pirna.de\/wp-content\/uploads\/2026\/03\/Erfolge-bei-Wettbewerben-18x9.png 18w\" sizes=\"(max-width: 975px) 100vw, 975px\" \/><\/div>\n\t\t<\/a>\n\t\t\t\t<div class=\"elementor-post__text\">\n\t\t\t\t<h3 class=\"elementor-post__title\">\n\t\t\t<a href=\"https:\/\/schillergymnasium-pirna.de\/cs\/schule-rockt-2026\/\" >\n\t\t\t\t\u201e\u0160kola jede\u201d 2026\t\t\t<\/a>\n\t\t<\/h3>\n\t\t\t\t<div class=\"elementor-post__meta-data\">\n\t\t\t\t\t<span class=\"elementor-post-date\">\n\t\t\t25. \u010dervna 2026\t\t<\/span>\n\t\t\t\t<\/div>\n\t\t\t\t<div class=\"elementor-post__excerpt\">\n\t\t\t<p>V p\u00e1tek 12. \u010dervna se na Kurf\u00fcrst-Moritz-Oberschule Boxdorf op\u011bt konala tradi\u010dn\u00ed sout\u011b\u017e kapel \u201eSchule rockt\u201d. Rekordn\u00ed \u00fa\u010dast dvan\u00e1cti \u0161koln\u00edch kapel z cel\u00e9ho Saska zaru\u010dila mimo\u0159\u00e1dn\u011b nap\u00ednav\u00fd hudebn\u00ed z\u00e1\u017eitek. Na\u0161e Schillerband zajistila p\u00e1rty atmosf\u00e9ru a z\u00edskala hned dv\u011b ceny<\/p>\n\t\t<\/div>\n\t\t\n\t\t<a class=\"elementor-post__read-more\" href=\"https:\/\/schillergymnasium-pirna.de\/cs\/schule-rockt-2026\/\" aria-label=\"P\u0159e\u010dt\u011bte si v\u00edce o \u201eSchule rockt\u201d 2026\" tabindex=\"-1\" >\n\t\t\t\u010c\u00edst d\u00e1le \u00bb\t\t<\/a>\n\n\t\t\t\t<\/div>\n\t\t\t\t<\/article>\n\t\t\t\t<article class=\"elementor-post elementor-grid-item post-2868 post type-post status-publish format-standard has-post-thumbnail hentry category-allgemein\" role=\"listitem\">\n\t\t\t\t<a class=\"elementor-post__thumbnail__link\" href=\"https:\/\/schillergymnasium-pirna.de\/cs\/schulfest-schillernde-zukunft-150plus-x-am-1-7-26\/\" tabindex=\"-1\" >\n\t\t\t<div class=\"elementor-post__thumbnail\"><img decoding=\"async\" width=\"975\" height=\"496\" src=\"https:\/\/schillergymnasium-pirna.de\/wp-content\/uploads\/2026\/02\/Neues-aus-dem-Schulalltag.png\" class=\"attachment-large size-large wp-image-2148\" alt=\"\" srcset=\"https:\/\/schillergymnasium-pirna.de\/wp-content\/uploads\/2026\/02\/Neues-aus-dem-Schulalltag.png 975w, https:\/\/schillergymnasium-pirna.de\/wp-content\/uploads\/2026\/02\/Neues-aus-dem-Schulalltag-300x153.png 300w, https:\/\/schillergymnasium-pirna.de\/wp-content\/uploads\/2026\/02\/Neues-aus-dem-Schulalltag-768x391.png 768w, https:\/\/schillergymnasium-pirna.de\/wp-content\/uploads\/2026\/02\/Neues-aus-dem-Schulalltag-18x9.png 18w\" sizes=\"(max-width: 975px) 100vw, 975px\" \/><\/div>\n\t\t<\/a>\n\t\t\t\t<div class=\"elementor-post__text\">\n\t\t\t\t<h3 class=\"elementor-post__title\">\n\t\t\t<a href=\"https:\/\/schillergymnasium-pirna.de\/cs\/schulfest-schillernde-zukunft-150plus-x-am-1-7-26\/\" >\n\t\t\t\t\u0160koln\u00ed slavnost SCHILLERuj\u00edc\u00ed budoucnost. 150plus x 1. 7. 26\t\t\t<\/a>\n\t\t<\/h3>\n\t\t\t\t<div class=\"elementor-post__meta-data\">\n\t\t\t\t\t<span class=\"elementor-post-date\">\n\t\t\t25. \u010dervna 2026\t\t<\/span>\n\t\t\t\t<\/div>\n\t\t\t\t<div class=\"elementor-post__excerpt\">\n\t\t\t<p>Mil\u00ed rodi\u010de, v\u00e1\u017een\u00e1 \u0161koln\u00ed komunito, ve st\u0159edu (1. 7.) oslav\u00ed FSG pod heslem Z\u00c1\u0158IV\u00c1 budoucnost. 150plus x 150. v\u00fdro\u010d\u00ed otev\u0159en\u00ed na\u0161\u00ed \u0161koly. V\u0161ichni, kdo zde studuj\u00ed a pracuj\u00ed, jsou se sv\u00fdmi bl\u00edzk\u00fdmi srde\u010dn\u011b zv\u00e1ni \u2013 viz dopis rodi\u010d\u016fm.<\/p>\n\t\t<\/div>\n\t\t\n\t\t<a class=\"elementor-post__read-more\" href=\"https:\/\/schillergymnasium-pirna.de\/cs\/schulfest-schillernde-zukunft-150plus-x-am-1-7-26\/\" aria-label=\"P\u0159e\u010dt\u011bte si v\u00edce o \u0161koln\u00ed slavnosti \u0160KOLN\u00cd skv\u011bl\u00e1 budoucnost (SCHILLERnde Zukunft). 150plus x dne 1. 7. 26\" tabindex=\"-1\" >\n\t\t\t\u010c\u00edst d\u00e1le \u00bb\t\t<\/a>\n\n\t\t\t\t<\/div>\n\t\t\t\t<\/article>\n\t\t\t\t<article class=\"elementor-post elementor-grid-item post-2863 post type-post status-publish format-standard has-post-thumbnail hentry category-allgemein\" role=\"listitem\">\n\t\t\t\t<a class=\"elementor-post__thumbnail__link\" href=\"https:\/\/schillergymnasium-pirna.de\/cs\/projektgruppenarbeit-29-6-bis-1-7-26\/\" tabindex=\"-1\" >\n\t\t\t<div class=\"elementor-post__thumbnail\"><img decoding=\"async\" width=\"975\" height=\"496\" src=\"https:\/\/schillergymnasium-pirna.de\/wp-content\/uploads\/2026\/02\/Neues-aus-dem-Schulalltag.png\" class=\"attachment-large size-large wp-image-2148\" alt=\"\" srcset=\"https:\/\/schillergymnasium-pirna.de\/wp-content\/uploads\/2026\/02\/Neues-aus-dem-Schulalltag.png 975w, https:\/\/schillergymnasium-pirna.de\/wp-content\/uploads\/2026\/02\/Neues-aus-dem-Schulalltag-300x153.png 300w, https:\/\/schillergymnasium-pirna.de\/wp-content\/uploads\/2026\/02\/Neues-aus-dem-Schulalltag-768x391.png 768w, https:\/\/schillergymnasium-pirna.de\/wp-content\/uploads\/2026\/02\/Neues-aus-dem-Schulalltag-18x9.png 18w\" sizes=\"(max-width: 975px) 100vw, 975px\" \/><\/div>\n\t\t<\/a>\n\t\t\t\t<div class=\"elementor-post__text\">\n\t\t\t\t<h3 class=\"elementor-post__title\">\n\t\t\t<a href=\"https:\/\/schillergymnasium-pirna.de\/cs\/projektgruppenarbeit-29-6-bis-1-7-26\/\" >\n\t\t\t\tProjektov\u00e1 skupinov\u00e1 pr\u00e1ce 29. 6. a\u017e 1. 7. 26\t\t\t<\/a>\n\t\t<\/h3>\n\t\t\t\t<div class=\"elementor-post__meta-data\">\n\t\t\t\t\t<span class=\"elementor-post-date\">\n\t\t\t25. \u010dervna 2026\t\t<\/span>\n\t\t\t\t<\/div>\n\t\t\t\t<div class=\"elementor-post__excerpt\">\n\t\t\t<p>V pond\u011bl\u00ed a \u00fater\u00fd (29.6. + 30.6.) prob\u011bhne druh\u00e9 kolo projektov\u00fdch dn\u016f. Na n\u00e1st\u011bnce vedle kancel\u00e1\u0159e poradce pro st\u0159edn\u00ed \u0161koly ve 3. pat\u0159e naleznete v\u0161echny informace o projektov\u00fdch skupin\u00e1ch a jejich m\u00edstech setk\u00e1n\u00ed. Ve st\u0159edu se projektov\u00e9 skupiny setkaj\u00ed v<\/p>\n\t\t<\/div>\n\t\t\n\t\t<a class=\"elementor-post__read-more\" href=\"https:\/\/schillergymnasium-pirna.de\/cs\/projektgruppenarbeit-29-6-bis-1-7-26\/\" aria-label=\"P\u0159e\u010dt\u011bte si v\u00edce o pr\u00e1ci v projektov\u00fdch skupin\u00e1ch od 29. \u010dervna do 1. \u010dervence 2026\" tabindex=\"-1\" >\n\t\t\t\u010c\u00edst d\u00e1le \u00bb\t\t<\/a>\n\n\t\t\t\t<\/div>\n\t\t\t\t<\/article>\n\t\t\t\t<article class=\"elementor-post elementor-grid-item post-2846 post type-post status-publish format-standard has-post-thumbnail hentry category-allgemein\" role=\"listitem\">\n\t\t\t\t<a class=\"elementor-post__thumbnail__link\" href=\"https:\/\/schillergymnasium-pirna.de\/cs\/neues-vom-schulsanitaetsdienst\/\" tabindex=\"-1\" >\n\t\t\t<div class=\"elementor-post__thumbnail\"><img decoding=\"async\" width=\"975\" height=\"496\" src=\"https:\/\/schillergymnasium-pirna.de\/wp-content\/uploads\/2026\/02\/Neues-aus-dem-Schulalltag.png\" class=\"attachment-large size-large wp-image-2148\" alt=\"\" srcset=\"https:\/\/schillergymnasium-pirna.de\/wp-content\/uploads\/2026\/02\/Neues-aus-dem-Schulalltag.png 975w, https:\/\/schillergymnasium-pirna.de\/wp-content\/uploads\/2026\/02\/Neues-aus-dem-Schulalltag-300x153.png 300w, https:\/\/schillergymnasium-pirna.de\/wp-content\/uploads\/2026\/02\/Neues-aus-dem-Schulalltag-768x391.png 768w, https:\/\/schillergymnasium-pirna.de\/wp-content\/uploads\/2026\/02\/Neues-aus-dem-Schulalltag-18x9.png 18w\" sizes=\"(max-width: 975px) 100vw, 975px\" \/><\/div>\n\t\t<\/a>\n\t\t\t\t<div class=\"elementor-post__text\">\n\t\t\t\t<h3 class=\"elementor-post__title\">\n\t\t\t<a href=\"https:\/\/schillergymnasium-pirna.de\/cs\/neues-vom-schulsanitaetsdienst\/\" >\n\t\t\t\tNovinky ze \u0161koln\u00ed sanitn\u00ed slu\u017eby\t\t\t<\/a>\n\t\t<\/h3>\n\t\t\t\t<div class=\"elementor-post__meta-data\">\n\t\t\t\t\t<span class=\"elementor-post-date\">\n\t\t\t23. \u010dervna 2026\t\t<\/span>\n\t\t\t\t<\/div>\n\t\t\t\t<div class=\"elementor-post__excerpt\">\n\t\t\t<p>Pirna j\u00ed spole\u010dn\u011b J\u00edst neznamen\u00e1 jen j\u00edst, proto\u017ee v sobotu 06.06.26 se \u010dty\u0159i zdravotn\u00edci z Friedrich-Schiller-Gymnasiums Pirna dobrovoln\u011b zapojili do akce Pirna j\u00ed spole\u010dn\u011b. Sd\u00edleli jsme spole\u010dn\u00e9 j\u00eddlo, sm\u00e1li se a pov\u00eddali si. Navzdory<\/p>\n\t\t<\/div>\n\t\t\n\t\t<a class=\"elementor-post__read-more\" href=\"https:\/\/schillergymnasium-pirna.de\/cs\/neues-vom-schulsanitaetsdienst\/\" aria-label=\"P\u0159e\u010dt\u011bte si v\u00edce o novink\u00e1ch ze \u0161koln\u00ed zdravotn\u00ed slu\u017eby\" tabindex=\"-1\" >\n\t\t\t\u010c\u00edst d\u00e1le \u00bb\t\t<\/a>\n\n\t\t\t\t<\/div>\n\t\t\t\t<\/article>\n\t\t\t\t<\/div>\n\t\t\t\t\t<span class=\"e-load-more-spinner\">\n\t\t\t\t<svg aria-hidden=\"true\" class=\"e-font-icon-svg e-fas-spinner\" viewbox=\"0 0 512 512\" xmlns=\"http:\/\/www.w3.org\/2000\/svg\"><path d=\"M304 48c0 26.51-21.49 48-48 48s-48-21.49-48-48 21.49-48 48-48 48 21.49 48 48zm-48 368c-26.51 0-48 21.49-48 48s21.49 48 48 48 48-21.49 48-48-21.49-48-48-48zm208-208c-26.51 0-48 21.49-48 48s21.49 48 48 48 48-21.49 48-48-21.49-48-48-48zM96 256c0-26.51-21.49-48-48-48S0 229.49 0 256s21.49 48 48 48 48-21.49 48-48zm12.922 99.078c-26.51 0-48 21.49-48 48s21.49 48 48 48 48-21.49 48-48c0-26.509-21.491-48-48-48zm294.156 0c-26.51 0-48 21.49-48 48s21.49 48 48 48 48-21.49 48-48c0-26.509-21.49-48-48-48zM108.922 60.922c-26.51 0-48 21.49-48 48s21.49 48 48 48 48-21.49 48-48-21.491-48-48-48z\"><\/path><\/svg>\t\t\t<\/span>\n\t\t\n\t\t\t\t<div class=\"e-load-more-anchor\" data-page=\"1\" data-max-page=\"6\" data-next-page=\"https:\/\/schillergymnasium-pirna.de\/cs\/wp-json\/wp\/v2\/pages\/1674\/page\/2\/\"><\/div>\n\t\t\t\t<div class=\"e-load-more-message\"><\/div>\n\t\t\t\t\t\t<\/div>\n\t\t\t\t<\/div>\n\t\t\t\t<\/div>\n\t\t\t\t<\/div>","protected":false},"excerpt":{"rendered":"","protected":false},"author":1,"featured_media":57,"parent":0,"menu_order":0,"comment_status":"closed","ping_status":"closed","template":"","meta":{"rs_blank_template":"","rs_page_bg_color":"","slide_template_v7":"","_loi_post_transparent":"","_loi_post_title":"default","_loi_post_layout":"default","_loi_post_sidebar_id":"","_loi_post_content_style":"unboxed","_loi_post_vertical_padding":"default","_loi_post_feature":"default","_loi_post_feature_position":"","_loi_post_header":false,"_loi_post_footer":false,"footnotes":""},"class_list":["post-1674","page","type-page","status-publish","has-post-thumbnail","hentry"],"_links":{"self":[{"href":"https:\/\/schillergymnasium-pirna.de\/cs\/wp-json\/wp\/v2\/pages\/1674","targetHints":{"allow":["GET"]}}],"collection":[{"href":"https:\/\/schillergymnasium-pirna.de\/cs\/wp-json\/wp\/v2\/pages"}],"about":[{"href":"https:\/\/schillergymnasium-pirna.de\/cs\/wp-json\/wp\/v2\/types\/page"}],"author":[{"embeddable":true,"href":"https:\/\/schillergymnasium-pirna.de\/cs\/wp-json\/wp\/v2\/users\/1"}],"replies":[{"embeddable":true,"href":"https:\/\/schillergymnasium-pirna.de\/cs\/wp-json\/wp\/v2\/comments?post=1674"}],"version-history":[{"count":29,"href":"https:\/\/schillergymnasium-pirna.de\/cs\/wp-json\/wp\/v2\/pages\/1674\/revisions"}],"predecessor-version":[{"id":1765,"href":"https:\/\/schillergymnasium-pirna.de\/cs\/wp-json\/wp\/v2\/pages\/1674\/revisions\/1765"}],"wp:featuredmedia":[{"embeddable":true,"href":"https:\/\/schillergymnasium-pirna.de\/cs\/wp-json\/wp\/v2\/media\/57"}],"wp:attachment":[{"href":"https:\/\/schillergymnasium-pirna.de\/cs\/wp-json\/wp\/v2\/media?parent=1674"}],"curies":[{"name":"wp","href":"https:\/\/api.w.org\/{rel}","templated":true}]}}