{"id":497,"date":"2025-06-24T08:48:49","date_gmt":"2025-06-24T06:48:49","guid":{"rendered":"https:\/\/schiller.the-web-designer.de\/?page_id=497"},"modified":"2025-12-17T09:33:22","modified_gmt":"2025-12-17T08:33:22","slug":"schillerlernen","status":"publish","type":"page","link":"https:\/\/schillergymnasium-pirna.de\/cs\/schillerlernen\/","title":{"rendered":"SchillerLearning"},"content":{"rendered":"<div data-elementor-type=\"wp-page\" data-elementor-id=\"497\" class=\"elementor elementor-497\" data-elementor-post-type=\"page\">\n\t\t\t\t\t\t<div class=\"elementor-section elementor-top-section elementor-element elementor-element-277dba8 animated-slow elementor-section-boxed elementor-section-height-default elementor-section-height-default elementor-invisible\" data-id=\"277dba8\" data-element_type=\"section\" data-e-type=\"section\" data-settings=\"{&quot;animation&quot;:&quot;fadeIn&quot;}\">\n\t\t\t\t\t\t<div class=\"elementor-container elementor-column-gap-default\">\n\t\t\t\t\t<div class=\"elementor-column elementor-col-50 elementor-top-column elementor-element elementor-element-fbd4a43\" data-id=\"fbd4a43\" data-element_type=\"column\" data-e-type=\"column\">\n\t\t\t<div class=\"elementor-widget-wrap elementor-element-populated\">\n\t\t\t\t\t\t<div class=\"elementor-element elementor-element-797459e elementor-widget-tablet__width-auto elementor-widget elementor-widget-image\" data-id=\"797459e\" data-element_type=\"widget\" data-e-type=\"widget\" data-widget_type=\"image.default\">\n\t\t\t\t\t\t\t\t\t\t\t\t\t\t\t<img fetchpriority=\"high\" decoding=\"async\" width=\"1333\" height=\"2000\" src=\"https:\/\/schillergymnasium-pirna.de\/wp-content\/uploads\/2025\/12\/Londonfahrt-20251.png\" class=\"elementor-animation-bounce-in attachment-full size-full wp-image-1400\" alt=\"\" srcset=\"https:\/\/schillergymnasium-pirna.de\/wp-content\/uploads\/2025\/12\/Londonfahrt-20251.png 1333w, https:\/\/schillergymnasium-pirna.de\/wp-content\/uploads\/2025\/12\/Londonfahrt-20251-200x300.png 200w, https:\/\/schillergymnasium-pirna.de\/wp-content\/uploads\/2025\/12\/Londonfahrt-20251-682x1024.png 682w, https:\/\/schillergymnasium-pirna.de\/wp-content\/uploads\/2025\/12\/Londonfahrt-20251-768x1152.png 768w, https:\/\/schillergymnasium-pirna.de\/wp-content\/uploads\/2025\/12\/Londonfahrt-20251-1024x1536.png 1024w, https:\/\/schillergymnasium-pirna.de\/wp-content\/uploads\/2025\/12\/Londonfahrt-20251-8x12.png 8w\" sizes=\"(max-width: 1333px) 100vw, 1333px\" \/>\t\t\t\t\t\t\t\t\t\t\t\t\t\t\t<\/div>\n\t\t\t\t\t<\/div>\n\t\t<\/div>\n\t\t\t\t<div class=\"elementor-column elementor-col-50 elementor-top-column elementor-element elementor-element-5574c50\" data-id=\"5574c50\" data-element_type=\"column\" data-e-type=\"column\">\n\t\t\t<div class=\"elementor-widget-wrap elementor-element-populated\">\n\t\t\t\t\t\t<div class=\"elementor-element elementor-element-cc2851d elementor-widget__width-initial elementor-widget elementor-widget-text-editor\" data-id=\"cc2851d\" data-element_type=\"widget\" data-e-type=\"widget\" data-widget_type=\"text-editor.default\">\n\t\t\t\t\t\t\t\t\t<h3>SchillerLearning \u2013 Spole\u010dn\u011b utv\u00e1\u0159\u00edme budoucnost<\/h3><p data-start=\"316\" data-end=\"657\">V Schiller Gymnasium ch\u00e1peme u\u010den\u00ed jako sd\u00edlenou cestu charakterizovanou motivac\u00ed, vz\u00e1jemnou podporou a rozmanit\u00fdmi vzd\u011bl\u00e1vac\u00edmi p\u0159\u00edle\u017eitostmi. Na\u0161e filozofie u\u010den\u00ed <strong data-start=\"505\" data-end=\"523\">SchillerLearning<\/strong> kombinuje inspirativn\u00ed vzd\u011bl\u00e1vac\u00ed prostory, modern\u00ed v\u00fdukov\u00e9 metody a silnou s\u00ed\u0165 \u0161koln\u00edch i mimo\u0161koln\u00edch partner\u016f.<\/p><h3 data-start=\"659\" data-end=\"700\">Intenzivn\u00ed u\u010den\u00ed prost\u0159ednictv\u00edm dvojit\u00fdch lekc\u00ed<\/h3><p data-start=\"702\" data-end=\"971\">S na\u0161imi <strong data-start=\"714\" data-end=\"738\">Princip dvojit\u00e9 lekce<\/strong> Vytv\u00e1\u0159\u00edme v\u011bt\u0161\u00ed \u010dasov\u00e1 okna, ve kter\u00fdch je mo\u017en\u00e1 soust\u0159ed\u011bn\u00e1 pr\u00e1ce, hloubkov\u00e1 praxe a podpora individu\u00e1ln\u00edch u\u010debn\u00edch proces\u016f. Tato struktura umo\u017e\u0148uje klidn\u00e9 a udr\u017eiteln\u00e9 u\u010den\u00ed \u2013 bez zbyte\u010dn\u00fdch p\u0159eru\u0161ov\u00e1n\u00ed.<\/p><h3>Podpora, kter\u00e1 m\u00e1 smysl: \u201eStudenti pom\u00e1haj\u00ed student\u016fm\u201c<\/h3><p data-start=\"1036\" data-end=\"1167\">Abychom student\u016fm poskytli c\u00edlenou podporu p\u0159i \u0159e\u0161en\u00ed nedostatk\u016f ve vzd\u011bl\u00e1v\u00e1n\u00ed, nab\u00edz\u00edme nov\u00fd form\u00e1t podpory:<\/p><p><strong data-start=\"1172\" data-end=\"1201\">\u201eStudenti pom\u00e1haj\u00ed student\u016fm\u201c<\/strong><\/p><p data-start=\"1203\" data-end=\"1551\">Zap\u00e1len\u00ed studenti v 10. a\u017e 12. ro\u010dn\u00edku nab\u00edzej\u00ed individu\u00e1ln\u00ed dou\u010dov\u00e1n\u00ed sv\u00fdm spolu\u017e\u00e1k\u016fm. Prvn\u00ed pozornost bude v\u011bnov\u00e1na p\u0159edm\u011btu... <strong data-start=\"1369\" data-end=\"1383\">matematika<\/strong>. Program nejen posiluje profesn\u00ed dovednosti, ale tak\u00e9 podporuje smysl pro zodpov\u011bdnost, t\u00fdmov\u00e9ho ducha a soci\u00e1ln\u00ed interakci v r\u00e1mci na\u0161\u00ed \u0161koly.<\/p><h3>U\u010den\u00ed na speci\u00e1ln\u00edch m\u00edstech<\/h3><p data-start=\"1589\" data-end=\"1706\">Rozmanit\u00e1 vzd\u011bl\u00e1vac\u00ed prost\u0159ed\u00ed obohacuj\u00ed ka\u017edodenn\u00ed \u0161koln\u00ed \u017eivot a otev\u00edraj\u00ed nov\u00e9 perspektivy. Prost\u0159ednictv\u00edm na\u0161\u00ed spolupr\u00e1ce s<\/p><ul><li data-start=\"1710\" data-end=\"1734\"><strong data-start=\"1710\" data-end=\"1732\">Pevnost K\u00f6nigstein a<\/strong><\/li><li data-start=\"1737\" data-end=\"1783\"><strong data-start=\"1737\" data-end=\"1781\">Gymn\u00e1zium Jana Palacha M\u011bln\u00edk (\u010cesk\u00e1 republika)<\/strong><\/li><\/ul><p data-start=\"1785\" data-end=\"2051\">Otev\u00edr\u00e1me na\u0161im student\u016fm vzru\u0161uj\u00edc\u00ed p\u0159\u00edle\u017eitosti, <strong data-start=\"1857\" data-end=\"1885\">m\u00edsta mimo\u0161koln\u00edho vzd\u011bl\u00e1v\u00e1n\u00ed<\/strong> aby se navz\u00e1jem poznali. Exkurze, workshopy a spole\u010dn\u00e9 projekty nab\u00edzej\u00ed autentick\u00e9 poznatky a roz\u0161i\u0159uj\u00ed u\u010den\u00ed ve t\u0159\u00edd\u011b o cenn\u00e9 praktick\u00e9 zku\u0161enosti.<\/p><h3>Mezin\u00e1rodn\u00ed zku\u0161enosti: V\u00fdm\u011bnn\u00e9 programy\u00a0<\/h3><p data-start=\"2128\" data-end=\"2218\">Jazyky na na\u0161em gymn\u00e1ziu o\u017e\u00edvaj\u00ed. Na\u0161i u\u010ditel\u00e9 pravideln\u011b po\u0159\u00e1daj\u00ed: <strong>Studentsk\u00e9 v\u00fdm\u011bny do Prahy, Irska a Morteau<\/strong> <strong>stejn\u011b jako<\/strong> <strong>Studijn\u00ed v\u00fdlet do Lond\u00fdna pro 11. ro\u010dn\u00edk.<\/strong><\/p><p>Tyto programy podporuj\u00ed kulturn\u00ed porozum\u011bn\u00ed, samostatnost a komunika\u010dn\u00ed dovednosti. Umo\u017e\u0148uj\u00ed na\u0161im student\u016fm p\u0159\u00edmo uplat\u0148ovat sv\u00e9 jazykov\u00e9 znalosti a navazovat mezin\u00e1rodn\u00ed p\u0159\u00e1telstv\u00ed.<\/p><p data-start=\"2571\" data-end=\"2780\">Nav\u00edc je zvl\u00e1\u0161tn\u00edm prvkem na\u0161\u00ed pr\u00e1ce <strong>Partnerstv\u00ed s R\u00f6ntgenov\u00fdm gymn\u00e1ziem<\/strong> v kontextu partnerstv\u00ed m\u011bst mezi Pirnou a Remscheidem, kter\u00e9 otev\u00edr\u00e1 dal\u0161\u00ed mo\u017enosti v\u00fdm\u011bny a setk\u00e1v\u00e1n\u00ed a udr\u017euje evropskou my\u0161lenku p\u0159i \u017eivot\u011b.<\/p><h3>Za\u017eijte rozmanitost \u2013 r\u016fst spole\u010dn\u011b<\/h3><p data-start=\"2828\" data-end=\"3184\">Na\u0161\u00edm c\u00edlem je poskytovat student\u016fm co nejlep\u0161\u00ed podporu na jejich vzd\u011bl\u00e1vac\u00ed cest\u011b, otev\u00edrat jim p\u0159\u00edle\u017eitosti a umo\u017e\u0148ovat jim rozv\u00edjet jejich talent. D\u00edky modern\u00edm vzd\u011bl\u00e1vac\u00edm struktur\u00e1m, c\u00edlen\u00e9 podpo\u0159e a mezin\u00e1rodn\u00ed spolupr\u00e1ci nab\u00edz\u00ed Schillerovo gymn\u00e1zium vzd\u011bl\u00e1vac\u00ed prost\u0159ed\u00ed orientovan\u00e9 na budoucnost.<\/p>\t\t\t\t\t\t\t\t<\/div>\n\t\t\t\t\t<\/div>\n\t\t<\/div>\n\t\t\t\t\t<\/div>\n\t\t<\/div>\n\t\t\t\t<\/div>","protected":false},"excerpt":{"rendered":"<p>SchillerLernen \u2013 Spole\u010dn\u011b tvo\u0159\u00edme budoucnost V Schillerov\u011b gymn\u00e1ziu ch\u00e1peme u\u010den\u00ed jako spole\u010dnou cestu, kterou charakterizuje motivace, vz\u00e1jemn\u00e1 podpora a rozmanit\u00e9 p\u0159\u00edle\u017eitosti k u\u010den\u00ed. Na\u0161e filozofie u\u010den\u00ed SchillerLernen spojuje inspirativn\u00ed studijn\u00ed prostory, modern\u00ed vyu\u010dovac\u00ed metody a silnou s\u00ed\u0165 \u0161koln\u00edch i mimo\u0161koln\u00edch partner\u016f. Intenzivn\u00ed u\u010den\u00ed prost\u0159ednictv\u00edm zdvojen\u00fdch hodin Na\u0161\u00edm principem zdvojen\u00fdch hodin vytv\u00e1\u0159\u00edme v\u011bt\u0161\u00ed \u010dasov\u00e1 okna, ve kter\u00fdch lze soust\u0159ed\u011bn\u011b\u2026<\/p>","protected":false},"author":1,"featured_media":57,"parent":0,"menu_order":0,"comment_status":"closed","ping_status":"closed","template":"","meta":{"rs_blank_template":"","rs_page_bg_color":"","slide_template_v7":"","_loi_post_transparent":"","_loi_post_title":"default","_loi_post_layout":"default","_loi_post_sidebar_id":"","_loi_post_content_style":"unboxed","_loi_post_vertical_padding":"default","_loi_post_feature":"default","_loi_post_feature_position":"","_loi_post_header":false,"_loi_post_footer":false,"footnotes":""},"class_list":["post-497","page","type-page","status-publish","has-post-thumbnail","hentry"],"_links":{"self":[{"href":"https:\/\/schillergymnasium-pirna.de\/cs\/wp-json\/wp\/v2\/pages\/497","targetHints":{"allow":["GET"]}}],"collection":[{"href":"https:\/\/schillergymnasium-pirna.de\/cs\/wp-json\/wp\/v2\/pages"}],"about":[{"href":"https:\/\/schillergymnasium-pirna.de\/cs\/wp-json\/wp\/v2\/types\/page"}],"author":[{"embeddable":true,"href":"https:\/\/schillergymnasium-pirna.de\/cs\/wp-json\/wp\/v2\/users\/1"}],"replies":[{"embeddable":true,"href":"https:\/\/schillergymnasium-pirna.de\/cs\/wp-json\/wp\/v2\/comments?post=497"}],"version-history":[{"count":20,"href":"https:\/\/schillergymnasium-pirna.de\/cs\/wp-json\/wp\/v2\/pages\/497\/revisions"}],"predecessor-version":[{"id":1520,"href":"https:\/\/schillergymnasium-pirna.de\/cs\/wp-json\/wp\/v2\/pages\/497\/revisions\/1520"}],"wp:featuredmedia":[{"embeddable":true,"href":"https:\/\/schillergymnasium-pirna.de\/cs\/wp-json\/wp\/v2\/media\/57"}],"wp:attachment":[{"href":"https:\/\/schillergymnasium-pirna.de\/cs\/wp-json\/wp\/v2\/media?parent=497"}],"curies":[{"name":"wp","href":"https:\/\/api.w.org\/{rel}","templated":true}]}}