{"id":702,"date":"2025-06-26T15:16:44","date_gmt":"2025-06-26T13:16:44","guid":{"rendered":"https:\/\/schiller.the-web-designer.de\/?page_id=702"},"modified":"2026-09-01T08:56:50","modified_gmt":"2026-09-01T06:56:50","slug":"schillerschueler-in-become","status":"publish","type":"page","link":"https:\/\/schillergymnasium-pirna.de\/cs\/schillerleben\/schillerschueler-in-werden\/","title":{"rendered":"Sta\u0148te se studentem Schillera"},"content":{"rendered":"<div data-elementor-type=\"wp-page\" data-elementor-id=\"702\" class=\"elementor elementor-702\" data-elementor-post-type=\"page\">\n\t\t\t\t<div class=\"elementor-element elementor-element-0522a26 e-grid e-con-boxed e-con e-parent\" data-id=\"0522a26\" data-element_type=\"container\" data-e-type=\"container\">\n\t\t\t\t\t<div class=\"e-con-inner\">\n\t\t\t\t<div class=\"elementor-element elementor-element-56b0367 elementor-widget elementor-widget-heading\" data-id=\"56b0367\" data-element_type=\"widget\" data-e-type=\"widget\" data-widget_type=\"heading.default\">\n\t\t\t\t\t<h2 class=\"elementor-heading-title elementor-size-default\">Sta\u0148te se studentem Schillera<\/h2>\t\t\t\t<\/div>\n\t\t\t\t\t<\/div>\n\t\t\t\t<\/div>\n\t\t\t\t<div class=\"elementor-section elementor-top-section elementor-element elementor-element-277dba8 animated-slow elementor-section-boxed elementor-section-height-default elementor-section-height-default elementor-invisible\" data-id=\"277dba8\" data-element_type=\"section\" data-e-type=\"section\" data-settings=\"{&quot;animation&quot;:&quot;fadeIn&quot;}\">\n\t\t\t\t\t\t<div class=\"elementor-container elementor-column-gap-default\">\n\t\t\t\t\t<div class=\"elementor-column elementor-col-50 elementor-top-column elementor-element elementor-element-fbd4a43\" data-id=\"fbd4a43\" data-element_type=\"column\" data-e-type=\"column\">\n\t\t\t<div class=\"elementor-widget-wrap elementor-element-populated\">\n\t\t\t\t\t\t<div class=\"elementor-element elementor-element-797459e elementor-widget-tablet__width-auto elementor-widget elementor-widget-image\" data-id=\"797459e\" data-element_type=\"widget\" data-e-type=\"widget\" data-widget_type=\"image.default\">\n\t\t\t\t\t\t\t\t\t\t\t\t\t\t\t<img fetchpriority=\"high\" decoding=\"async\" width=\"1414\" height=\"2000\" src=\"https:\/\/schillergymnasium-pirna.de\/wp-content\/uploads\/2026\/02\/Flyer.png\" class=\"elementor-animation-bounce-in attachment-full size-full wp-image-2008\" alt=\"\" srcset=\"https:\/\/schillergymnasium-pirna.de\/wp-content\/uploads\/2026\/02\/Flyer.png 1414w, https:\/\/schillergymnasium-pirna.de\/wp-content\/uploads\/2026\/02\/Flyer-212x300.png 212w, https:\/\/schillergymnasium-pirna.de\/wp-content\/uploads\/2026\/02\/Flyer-724x1024.png 724w, https:\/\/schillergymnasium-pirna.de\/wp-content\/uploads\/2026\/02\/Flyer-768x1086.png 768w, https:\/\/schillergymnasium-pirna.de\/wp-content\/uploads\/2026\/02\/Flyer-1086x1536.png 1086w, https:\/\/schillergymnasium-pirna.de\/wp-content\/uploads\/2026\/02\/Flyer-8x12.png 8w\" sizes=\"(max-width: 1414px) 100vw, 1414px\" \/>\t\t\t\t\t\t\t\t\t\t\t\t\t\t\t<\/div>\n\t\t\t\t\t<\/div>\n\t\t<\/div>\n\t\t\t\t<div class=\"elementor-column elementor-col-50 elementor-top-column elementor-element elementor-element-5574c50\" data-id=\"5574c50\" data-element_type=\"column\" data-e-type=\"column\">\n\t\t\t<div class=\"elementor-widget-wrap elementor-element-populated\">\n\t\t\t\t\t\t<div class=\"elementor-element elementor-element-cc2851d elementor-widget elementor-widget-text-editor\" data-id=\"cc2851d\" data-element_type=\"widget\" data-e-type=\"widget\" data-widget_type=\"text-editor.default\">\n\t\t\t\t\t\t\t\t\t<p>P\u0159echod na st\u0159edn\u00ed \u0161kolu je pro va\u0161e d\u00edt\u011b d\u016fle\u017eit\u00fdm krokem. Na\u0161e studenty na t\u00e9to cest\u011b podporujeme rozmanitou \u0161k\u00e1lou vzd\u011bl\u00e1vac\u00edch p\u0159\u00edle\u017eitost\u00ed, oddan\u00fdmi u\u010diteli a \u0161koln\u00edm prost\u0159ed\u00edm, kter\u00e9 je p\u0159\u00e1telsk\u00e9 k u\u010den\u00ed.<\/p><p>Na na\u0161\u00ed st\u0159edn\u00ed \u0161kole klademe velk\u00fd d\u016fraz na kvalitn\u00ed akademick\u00e9 vzd\u011bl\u00e1n\u00ed, individu\u00e1ln\u00ed podporu ka\u017ed\u00e9ho studenta a respektuj\u00edc\u00ed a vd\u011b\u010dnou atmosf\u00e9ru. Krom\u011b pravideln\u00e9 v\u00fduky nab\u00edz\u00edme \u0159adu projekt\u016f, klub\u016f a mimo\u0161koln\u00edch aktivit, kter\u00e9 podn\u011bcuj\u00ed z\u00e1jmy a podporuj\u00ed talent.<\/p><p>Na\u0161i studenti vyu\u017e\u00edvaj\u00ed modern\u00edch v\u00fdukov\u00fdch metod, dob\u0159e vybaven\u00fdch odborn\u00fdch u\u010deben a \u0161irok\u00e9 \u0161k\u00e1ly p\u0159edm\u011bt\u016f. Podporujeme samostatn\u00e9 u\u010den\u00ed, t\u00fdmovou pr\u00e1ci a smysl pro odpov\u011bdnost \u2013 d\u016fle\u017eit\u00e9 z\u00e1klady pro jejich dal\u0161\u00ed vzd\u011bl\u00e1v\u00e1n\u00ed.<\/p><p>Hladk\u00fd za\u010d\u00e1tek na gymn\u00e1ziu je pro n\u00e1s obzvl\u00e1\u0161t\u011b d\u016fle\u017eit\u00fd. Podp\u016frn\u00e1 opat\u0159en\u00ed b\u011bhem prvn\u00edch t\u00fddn\u016f, specializovan\u00e9 t\u00fdmy t\u0159\u00eddn\u00edch u\u010ditel\u016f a \u00fazk\u00e1 spolupr\u00e1ce s rodi\u010di zaji\u0161\u0165uj\u00ed, \u017ee se nov\u00ed studenti rychle zorientuj\u00ed a budou se c\u00edtit dob\u0159e.<\/p><p><strong>Den otev\u0159en\u00fdch dve\u0159\u00ed<\/strong><\/p><p>Vy a va\u0161e d\u00edt\u011b si m\u016f\u017eete ud\u011blat prvn\u00ed dojem z na\u0161\u00ed \u0161koly na <strong>Den otev\u0159en\u00fdch dve\u0159\u00ed 29. ledna 2027<\/strong> Vyhrajte. Poznejte na\u0161e u\u010ditele, promluvte si se studenty, nav\u0161tivte u\u010debny jednotliv\u00fdch obor\u016f a zapojte se do r\u016fzn\u00fdch praktick\u00fdch aktivit.<\/p>\t\t\t\t\t\t\t\t<\/div>\n\t\t\t\t\t<\/div>\n\t\t<\/div>\n\t\t\t\t\t<\/div>\n\t\t<\/div>\n\t\t\t\t<div class=\"elementor-section elementor-top-section elementor-element elementor-element-8841c78 animated-slow elementor-section-boxed elementor-section-height-default elementor-section-height-default elementor-invisible\" data-id=\"8841c78\" data-element_type=\"section\" data-e-type=\"section\" data-settings=\"{&quot;animation&quot;:&quot;fadeIn&quot;}\">\n\t\t\t\t\t\t<div class=\"elementor-container elementor-column-gap-default\">\n\t\t\t\t\t<div class=\"elementor-column elementor-col-100 elementor-top-column elementor-element elementor-element-5876593\" data-id=\"5876593\" data-element_type=\"column\" data-e-type=\"column\">\n\t\t\t<div class=\"elementor-widget-wrap elementor-element-populated\">\n\t\t\t\t\t\t<div class=\"elementor-element elementor-element-8dc88a8 faq elementor-widget elementor-widget-accordion\" data-id=\"8dc88a8\" data-element_type=\"widget\" data-e-type=\"widget\" data-widget_type=\"accordion.default\">\n\t\t\t\t\t\t\t<div class=\"elementor-accordion\">\n\t\t\t\t\t\t\t<div class=\"elementor-accordion-item\">\n\t\t\t\t\t<div id=\"elementor-tab-title-1481\" class=\"elementor-tab-title\" data-tab=\"1\" role=\"button\" aria-controls=\"elementor-tab-content-1481\" aria-expanded=\"false\">\n\t\t\t\t\t\t\t\t\t\t\t\t\t<span class=\"elementor-accordion-icon elementor-accordion-icon-right\" aria-hidden=\"true\">\n\t\t\t\t\t\t\t\t\t\t\t\t\t\t\t<span class=\"elementor-accordion-icon-closed\"><svg class=\"e-font-icon-svg e-fas-plus\" viewbox=\"0 0 448 512\" xmlns=\"http:\/\/www.w3.org\/2000\/svg\"><path d=\"M416 208H272V64c0-17.67-14.33-32-32-32h-32c-17.67 0-32 14.33-32 32v144H32c-17.67 0-32 14.33-32 32v32c0 17.67 14.33 32 32 32h144v144c0 17.67 14.33 32 32 32h32c17.67 0 32-14.33 32-32V304h144c17.67 0 32-14.33 32-32v-32c0-17.67-14.33-32-32-32z\"><\/path><\/svg><\/span>\n\t\t\t\t\t\t\t\t<span class=\"elementor-accordion-icon-opened\"><svg class=\"e-font-icon-svg e-fas-minus\" viewbox=\"0 0 448 512\" xmlns=\"http:\/\/www.w3.org\/2000\/svg\"><path d=\"M416 208H32c-17.67 0-32 14.33-32 32v32c0 17.67 14.33 32 32 32h384c17.67 0 32-14.33 32-32v-32c0-17.67-14.33-32-32-32z\"><\/path><\/svg><\/span>\n\t\t\t\t\t\t\t\t\t\t\t\t\t\t<\/span>\n\t\t\t\t\t\t\t\t\t\t\t\t<a class=\"elementor-accordion-title\" tabindex=\"0\">Informace o procesu p\u0159ij\u00edmac\u00edho \u0159\u00edzen\u00ed student\u016f<\/a>\n\t\t\t\t\t<\/div>\n\t\t\t\t\t<div id=\"elementor-tab-content-1481\" class=\"elementor-tab-content elementor-clearfix\" data-tab=\"1\" role=\"region\" aria-labelledby=\"elementor-tab-title-1481\"><p><strong>Informace o <a href=\"https:\/\/schillergymnasium-pirna.de\/wp-content\/uploads\/2025\/12\/Schiller_Gymn.-Pirna-Informationen-zum-Aufnahmeverfahren-2026_2027-1.pdf\" target=\"_blank\" rel=\"noopener\">P\u0159ij\u00edmac\u00ed \u0159\u00edzen\u00ed<\/a> do 5. t\u0159\u00eddy pro \u0161koln\u00ed rok 2026\/2027<\/strong><\/p><p>Bli\u017e\u0161\u00ed informace o p\u0159ij\u00edmac\u00edm \u0159\u00edzen\u00ed naleznete v dopise \u0159editele \u0161koly.\u00a0<a href=\"https:\/\/schillergymnasium-pirna.de\/wp-content\/uploads\/2025\/12\/Schiller_Gymn.-Pirna-Informationen-zum-Aufnahmeverfahren-2026_2027-1.pdf\" target=\"_blank\" rel=\"noopener\">https:\/\/schillergymnasium-pirna.de\/wp-content\/uploads\/2025\/12\/Schiller_Gymn.-Pirna-Informationen-zum-Aufnahmeverfahren-2026_2027-1.pdf<\/a><\/p><p><strong>Term\u00edny pro registraci lze rezervovat online na adrese https:\/\/www.pirna.de\/termine prost\u0159ednictv\u00edm pobo\u010dky \u201eFriedrich-Schiller-Gymnasium\u201c.<\/strong><\/p><p><strong>Harmonogram z\u00e1pis\u016f pro \u0161koln\u00ed rok 2026\/27<\/strong><\/p><p><strong>06.02.2026<\/strong>P\u0159ijet\u00ed vzd\u011bl\u00e1vac\u00edho doporu\u010den\u00ed od z\u00e1kladn\u00ed \u0161koly<\/p><p><strong>16. \u00fanora 2026 \u2013 26. \u00fanora 2026:<\/strong> Registrace na gymn\u00e1ziu. Vezm\u011bte pros\u00edm na v\u011bdom\u00ed dostupn\u00e9 term\u00edny a nutnost rezervace term\u00ednu p\u0159edem. Pros\u00edm, p\u0159ineste s sebou vypln\u011bn\u00fd formul\u00e1\u0159 <a href=\"https:\/\/schillergymnasium-pirna.de\/wp-content\/uploads\/2025\/12\/Anmeldeformular.pdf\" target=\"_blank\" rel=\"noopener\">formul\u00e1\u0159 p\u0159ihl\u00e1\u0161ky<\/a> na sch\u016fzku.\u00a0<\/p><p>Pro p\u0159ihl\u00e1\u0161en\u00ed do BINA-projektu pros\u00edm pou\u017eijte <a href=\"https:\/\/schillergymnasium-pirna.de\/wp-content\/uploads\/2025\/12\/Aufnahmeantrag-Bina.pdf\" target=\"_blank\" rel=\"noopener\">\u201e\u017d\u00e1dost o p\u0159ijet\u00ed do p\u0159ij\u00edmac\u00edho \u0159\u00edzen\u00ed\u201c<\/a>\u00a0pro vzd\u011bl\u00e1v\u00e1n\u00ed v binacion\u00e1ln\u00edm dvojjazy\u010dn\u00e9m n\u011bmecko-\u010desk\u00e9m vzd\u011bl\u00e1vac\u00edm programu.<\/p><p><strong>9. a 10. b\u0159ezna 2026:<\/strong>\u00a0p\u00edsemn\u00e1 a \u00fastn\u00ed p\u0159ij\u00edmac\u00ed zkou\u0161ka pro kurz BINA<\/p><p><strong>22.05.2026:<\/strong>\u00a0Ozn\u00e1men\u00ed o p\u0159ijet\u00ed<\/p><\/div>\n\t\t\t\t<\/div>\n\t\t\t\t\t\t\t<div class=\"elementor-accordion-item\">\n\t\t\t\t\t<div id=\"elementor-tab-title-1482\" class=\"elementor-tab-title\" data-tab=\"2\" role=\"button\" aria-controls=\"elementor-tab-content-1482\" aria-expanded=\"false\">\n\t\t\t\t\t\t\t\t\t\t\t\t\t<span class=\"elementor-accordion-icon elementor-accordion-icon-right\" aria-hidden=\"true\">\n\t\t\t\t\t\t\t\t\t\t\t\t\t\t\t<span class=\"elementor-accordion-icon-closed\"><svg class=\"e-font-icon-svg e-fas-plus\" viewbox=\"0 0 448 512\" xmlns=\"http:\/\/www.w3.org\/2000\/svg\"><path d=\"M416 208H272V64c0-17.67-14.33-32-32-32h-32c-17.67 0-32 14.33-32 32v144H32c-17.67 0-32 14.33-32 32v32c0 17.67 14.33 32 32 32h144v144c0 17.67 14.33 32 32 32h32c17.67 0 32-14.33 32-32V304h144c17.67 0 32-14.33 32-32v-32c0-17.67-14.33-32-32-32z\"><\/path><\/svg><\/span>\n\t\t\t\t\t\t\t\t<span class=\"elementor-accordion-icon-opened\"><svg class=\"e-font-icon-svg e-fas-minus\" viewbox=\"0 0 448 512\" xmlns=\"http:\/\/www.w3.org\/2000\/svg\"><path d=\"M416 208H32c-17.67 0-32 14.33-32 32v32c0 17.67 14.33 32 32 32h384c17.67 0 32-14.33 32-32v-32c0-17.67-14.33-32-32-32z\"><\/path><\/svg><\/span>\n\t\t\t\t\t\t\t\t\t\t\t\t\t\t<\/span>\n\t\t\t\t\t\t\t\t\t\t\t\t<a class=\"elementor-accordion-title\" tabindex=\"0\">P\u0159ij\u00edmac\u00ed \u0159\u00edzen\u00ed do kurzu BINA pro n\u011bmeck\u00e9 \u017e\u00e1ky<\/a>\n\t\t\t\t\t<\/div>\n\t\t\t\t\t<div id=\"elementor-tab-content-1482\" class=\"elementor-tab-content elementor-clearfix\" data-tab=\"2\" role=\"region\" aria-labelledby=\"elementor-tab-title-1482\"><h2>P\u0159ij\u00edmac\u00ed zkou\u0161ka\u00a0 \u00a0 \u00a0 \u00a0 \u00a0 \u00a0 \u00a0 \u00a0 \u00a0 \u00a0 \u00a0 \u00a0 \u00a0 \u00a0 \u00a0 \u00a0 \u00a0 \u00a0 \u00a0 \u00a0 \u00a0 \u00a0 \u00a0 \u00a0 \u00a0 \u00a0 \u00a0 \u00a0 \u00a0 \u00a0 \u00a0 \u00a0 \u00a0 \u00a0 \u00a0<\/h2><h4>Mus\u00ed b\u00fdt absolvov\u00e1na p\u00edsemn\u00e1 zkou\u0161ka z dan\u00e9ho p\u0159edm\u011btu v d\u00e9lce 60 minut a \u00fastn\u00ed p\u0159ij\u00edmac\u00ed zkou\u0161ka.\u00a0\u00a0\u00a0\u00a0\u00a0\u00a0\u00a0\u00a0\u00a0\u00a0\u00a0\u00a0\u00a0\u00a0\u00a0\u00a0\u00a0\u00a0\u00a0\u00a0\u00a0\u00a0\u00a0\u00a0\u00a0\u00a0\u00a0\u00a0\u00a0\u00a0\u00a0\u00a0\u00a0\u00a0\u00a0\u00a0\u00a0\u00a0\u00a0\u00a0\u00a0\u00a0\u00a0\u00a0\u00a0\u00a0\u00a0\u00a0\u00a0\u00a0\u00a0\u00a0\u00a0\u00a0\u00a0\u00a0\u00a0\u00a0\u00a0\u00a0\u00a0\u00a0\u00a0\u00a0\u00a0\u00a0\u00a0\u00a0\u00a0\u00a0\u00a0<\/h4><p>P\u00edsemn\u00e1 zkou\u0161ka je centr\u00e1ln\u011b a jednotn\u011b p\u0159ipravov\u00e1na Sask\u00fdm vzd\u011bl\u00e1vac\u00edm institutem pro v\u0161echny jazykov\u011b n\u00e1ro\u010dn\u00e9 a binacion\u00e1ln\u011b-bilingvn\u00ed vzd\u011bl\u00e1vac\u00ed programy.<\/p><p>Test hodnot\u00ed schopnosti a dovednosti v kombinatorick\u00e9m, produktivn\u00edm, diferencovan\u00e9m a kreativn\u00edm my\u0161len\u00ed.<\/p><p>D\u00e1le hraj\u00ed roli kognitivn\u00ed a komunika\u010dn\u00ed dovednosti, jako je zapamatov\u00e1n\u00ed, pozorov\u00e1n\u00ed, srovn\u00e1v\u00e1n\u00ed, verbalizov\u00e1n\u00ed, abstrahov\u00e1n\u00ed a \u0159e\u0161en\u00ed matematick\u00fdch probl\u00e9m\u016f.\u00a0\u00a0\u00a0\u00a0\u00a0\u00a0\u00a0\u00a0\u00a0\u00a0\u00a0\u00a0\u00a0\u00a0\u00a0\u00a0\u00a0\u00a0\u00a0\u00a0\u00a0\u00a0\u00a0\u00a0\u00a0\u00a0\u00a0\u00a0\u00a0\u00a0\u00a0\u00a0\u00a0\u00a0\u00a0\u00a0\u00a0\u00a0\u00a0\u00a0\u00a0\u00a0\u00a0\u00a0\u00a0\u00a0\u00a0\u00a0\u00a0\u00a0\u00a0\u00a0\u00a0\u00a0\u00a0\u00a0\u00a0\u00a0\u00a0\u00a0\u00a0\u00a0\u00a0\u00a0\u00a0\u00a0\u00a0\u00a0\u00a0\u00a0\u00a0\u00a0\u00a0\u00a0\u00a0\u00a0\u00a0\u00a0\u00a0\u00a0\u00a0\u00a0\u00a0\u00a0\u00a0\u00a0\u00a0\u00a0\u00a0\u00a0\u00a0<\/p><p>P\u0159edchoz\u00ed znalost \u010desk\u00e9ho jazyka nen\u00ed nutn\u00e1!<\/p><p>Na z\u00e1klad\u011b mezist\u00e1tn\u00ed dohody mezi Svobodn\u00fdm st\u00e1tem Sasko a \u010ceskou republikou m\u016f\u017ee b\u00fdt p\u0159ijato v\u017edy jen 14 nejlep\u0161\u00edch n\u011bmeck\u00fdch a 14 \u010desk\u00fdch \u017e\u00e1k\u016f a \u017e\u00e1ky\u0148.<\/p><\/div>\n\t\t\t\t<\/div>\n\t\t\t\t\t\t\t<div class=\"elementor-accordion-item\">\n\t\t\t\t\t<div id=\"elementor-tab-title-1483\" class=\"elementor-tab-title\" data-tab=\"3\" role=\"button\" aria-controls=\"elementor-tab-content-1483\" aria-expanded=\"false\">\n\t\t\t\t\t\t\t\t\t\t\t\t\t<span class=\"elementor-accordion-icon elementor-accordion-icon-right\" aria-hidden=\"true\">\n\t\t\t\t\t\t\t\t\t\t\t\t\t\t\t<span class=\"elementor-accordion-icon-closed\"><svg class=\"e-font-icon-svg e-fas-plus\" viewbox=\"0 0 448 512\" xmlns=\"http:\/\/www.w3.org\/2000\/svg\"><path d=\"M416 208H272V64c0-17.67-14.33-32-32-32h-32c-17.67 0-32 14.33-32 32v144H32c-17.67 0-32 14.33-32 32v32c0 17.67 14.33 32 32 32h144v144c0 17.67 14.33 32 32 32h32c17.67 0 32-14.33 32-32V304h144c17.67 0 32-14.33 32-32v-32c0-17.67-14.33-32-32-32z\"><\/path><\/svg><\/span>\n\t\t\t\t\t\t\t\t<span class=\"elementor-accordion-icon-opened\"><svg class=\"e-font-icon-svg e-fas-minus\" viewbox=\"0 0 448 512\" xmlns=\"http:\/\/www.w3.org\/2000\/svg\"><path d=\"M416 208H32c-17.67 0-32 14.33-32 32v32c0 17.67 14.33 32 32 32h384c17.67 0 32-14.33 32-32v-32c0-17.67-14.33-32-32-32z\"><\/path><\/svg><\/span>\n\t\t\t\t\t\t\t\t\t\t\t\t\t\t<\/span>\n\t\t\t\t\t\t\t\t\t\t\t\t<a class=\"elementor-accordion-title\" tabindex=\"0\">P\u0159ij\u00edmac\u00ed \u0159\u00edzen\u00ed do kurzu BINA pro \u010desk\u00e9 \u017e\u00e1ky<\/a>\n\t\t\t\t\t<\/div>\n\t\t\t\t\t<div id=\"elementor-tab-content-1483\" class=\"elementor-tab-content elementor-clearfix\" data-tab=\"3\" role=\"region\" aria-labelledby=\"elementor-tab-title-1483\"><p>Pro \u010desk\u00e9 studenty jsou podm\u00ednky p\u0159ijet\u00ed regulov\u00e1ny Ministerstvem \u0161kolstv\u00ed \u010cR.<\/p>\n<p><strong>Podm\u00ednky:<\/strong><\/p>\n<ul>\n<li>\u0160koln\u00e9, ubytov\u00e1n\u00ed a strava jsou pro studenty z \u010cesk\u00e9 republiky zdarma. N\u00e1klady hrad\u00ed ministerstva \u0161kolstv\u00ed obou zem\u00ed.<\/li>\n<li>V\u00fdukov\u00e9 materi\u00e1ly jsou k dispozici tak\u00e9 zdarma.<\/li>\n<\/ul>\n<p><strong>\u0160kolstv\u00ed:<\/strong><\/p>\n<ul>\n<li>\u0160estilet\u00e9 studium za\u010d\u00edn\u00e1 v 7. ro\u010dn\u00edku a kon\u010d\u00ed slo\u017een\u00edm sask\u00e9 maturitn\u00ed zkou\u0161ky ve 12. ro\u010dn\u00edku.<\/li>\n<li>BINA znamen\u00e1 prohlouben\u00e9 gymnazi\u00e1ln\u00ed vzd\u011bl\u00e1n\u00ed s dvojn\u00e1rodnostn\u011b-bilingvn\u00edm profilem: zvl\u00e1\u0161tn\u00ed v\u00fdznam m\u00e1 proto n\u011bm\u010dina, angli\u010dtina a \u010de\u0161tina, v\u00fduka n\u011bmeck\u00e9ho jazyka a dvojjazy\u010dn\u00fdch p\u0159edm\u011bt\u016f a z\u00edsk\u00e1v\u00e1n\u00ed interkulturn\u00edch dovednost\u00ed.<\/li>\n<li>Po \u00fasp\u011b\u0161n\u00e9m absolvov\u00e1n\u00ed m\u00e1 student dovednosti pro pr\u00e1ci v mezin\u00e1rodn\u00edm t\u00fdmu<\/li>\n<li>Sask\u00e1 maturitni zkou\u0161ka v profilu BINA je nostrifikova Ministerstvem \u0161kolstv\u00ed \u010cR a umo\u017e\u0148uje studium na univerzit\u00e1ch v \u010cesk\u00e9 republice, N\u011bmecku a dal\u0161\u00edch zem\u00edch EU.<\/li>\n<\/ul>\n<p><strong>P\u0159ij\u00edmac\u00ed zkou\u0161ky:<\/strong><\/p>\n<ul>\n<li>Hl\u00e1sit se mohou \u017e\u00e1ci. ro\u010dn\u00edku z\u00e1kladn\u00ed \u0161koly nebo 1. ro\u010dn\u00edku osmiletno gymn\u00e1zia v \u010cesk\u00e9 republice.<\/li>\n<li>P\u0159ihl\u00e1\u0161ky zas\u00edlejte na adresu Gymn\u00e1zia F. Schillera v Pirn\u011b.<\/li>\n<li>P\u0159ij\u00edmac\u00ed zkou\u0161ky se konaj\u00ed ka\u017ed\u00fd rok v b\u0159eznu v Gymn\u00e1ziu Friedricha Schillera v Pirn\u011b.<\/li>\n<\/ul>\n<h3><strong>P\u0159ihlaste se k odb\u011bru \u017e\u00e1dosti o p\u0159ijet\u00ed na dvojjazy\u010dn\u00e9 gymn\u00e1zium Friedricha Schillera v Pirn\u011b!<\/strong><\/h3>\n<ul>\n<li>\u0160koln\u00ed doch\u00e1zka zahrnuje \u0161estilet\u00e9 prohlouben\u00e9 st\u0159edo\u0161kolsk\u00e9 vzd\u011bl\u00e1v\u00e1n\u00ed v \u010desko-n\u011bmeck\u00e9m binacion\u00e1ln\u00edm dvojjazy\u010dn\u00e9m profilu (BINA).<\/li>\n<li>V\u00fduka prob\u00edh\u00e1 v \u010de\u0161tin\u011b a n\u011bm\u010din\u011b ve skupin\u00e1ch s maxim\u00e1ln\u011b 14 studenty.<\/li>\n<li>U\u010debn\u00ed pl\u00e1n je zalo\u017een na koncepci n\u011bmecko-\u010desk\u00e9ho bilingvn\u00edho vzd\u011bl\u00e1vac\u00edho programu. .<\/li>\n<li>V\u00fduka \u010desk\u00e9ho jazyka a literatury, stejn\u011b jako p\u0159edm\u011bt\u016f vyu\u010dovan\u00fdch v \u010de\u0161tin\u011b, vych\u00e1z\u00ed z r\u00e1mcov\u00fdch vzd\u011bl\u00e1vac\u00edch osnov pro 1. stupe\u0148 st\u0159edn\u00ed \u0161koly platn\u00fdch v \u010cesk\u00e9 republice.<\/li>\n<li>\u010ce\u0161tina je povinnou sou\u010d\u00e1st\u00ed vzd\u011bl\u00e1vac\u00edho programu a sask\u00e9 maturitn\u00ed zkou\u0161ky.<\/li>\n<li>N\u011bkter\u00e9 p\u0159edm\u011bty jsou vyu\u010dov\u00e1ny v \u010d\u011bstin\u011b \u010desk\u00fdmi n\u00e1tely v 7. a\u017e 10. ro\u010dn\u00edku.<\/li>\n<li>Na konci vzt\u00e9l\u00e1v\u00e1n\u00ed budete schopni mluvit n\u011bmecky na \u00farovni rodil\u00e9ho mluv\u010d\u00edho; krom\u011b toho se samoz\u0159ejm\u011b budete d\u00e1le u\u010dit anglicky a m\u016f\u017eete si vybrat i francouz\u0161tinu nebo latinu.<\/li>\n<li>V\u00fduka prob\u00edh\u00e1 v nov\u011b zrekonstruovan\u00e9 \u0161koln\u00ed budov\u011b s modern\u00ed p\u0159\u00edstavbou, novou t\u011blocvi\u010dnou a modern\u00edm baz\u00e9nem.<\/li>\n<li>B\u011bhem \u0161koln\u00edho roku jsou \u010de\u0161t\u00ed studenti ubytov\u00e1ni v intern\u00e1tn\u00ed \u0161kole od ned\u011bln\u00edho ve\u010dera do p\u00e1te\u010dn\u00edho odpoledne.<\/li>\n<li>Ubytov\u00e1n\u00ed a stravov\u00e1n\u00ed v intern\u00e1tn\u00ed \u0161kole, stejn\u011b jako u\u010debn\u00ed materi\u00e1ly, jsou hrazeny Sask\u00fdm st\u00e1tn\u00edm ministerstvem \u0161kolstv\u00ed a Ministerstvem \u0161kolstv\u00ed, ml\u00e1de\u017ee a t\u011blov\u00fdchovy \u010cesk\u00e9 republiky (M\u0160MT), a proto jsou pro studenty zdarma.<\/li>\n<li>\u0160koln\u00ed doch\u00e1zka je ukon\u010dena saskou maturitou, kter\u00e1 je automaticky uzn\u00e1v\u00e1na ministerstvem \u0161kolstv\u00ed a oprav\u0148uje dr\u017eitele ke studiu na univerzit\u00e1ch nejen v N\u011bmecku a \u010cesk\u00e9 republice, ale i ve v\u0161ech zem\u00edch EU.<\/li>\n<\/ul>\n<p><strong><u>Informace o pravideln\u00fdch p\u0159ij\u00edmac\u00edch zkou\u0161k\u00e1ch<\/u> pro budouc\u00ed 7. ro\u010dn\u00edk binacion\u00e1ln\u00edho vzd\u011bl\u00e1vac\u00edho programu:<\/strong><\/p>\n<ul>\n<li>Registraci prov\u00e1d\u011bj\u00ed P\u0159ihl\u00e1\u0161ky pod\u00e1vaj\u00ed \u0161koly v \u010cesku nebo 1. ro\u010dn\u00edku osmilet\u00e9ho gymn\u00e1zia v \u010cesk\u00e9 republice.<\/li>\n<li>Znalost n\u011bm\u010diny nen\u00ed podm\u00ednkou pro p\u0159ijet\u00ed.<\/li>\n<li>Ten\/Ta\/To <a href=\"https:\/\/schillergymnasium-pirna.de\/wp-content\/uploads\/2026\/01\/Anmeldeformular-Tschech.-Schueler-ab-Klasse-7.pdf\" target=\"_blank\" rel=\"noopener\">formul\u00e1\u0159 p\u0159ihl\u00e1\u0161ky<\/a> Najdete je zde: <a href=\"https:\/\/schillergymnasium-pirna.de\/wp-content\/uploads\/2026\/01\/Anmeldeformular-Tschech.-Schueler-ab-Klasse-7.pdf\" target=\"_blank\" rel=\"noopener\">formul\u00e1\u0159 p\u0159ihl\u00e1\u0161ky<\/a>.Formul\u00e1\u0159 vypl\u0148te pros\u00edm elektronicky, zadejte sv\u00e1 jm\u00e9na do pole pro podpis rodi\u010d\u016f, vypln\u011bn\u00fd formul\u00e1\u0159 ulo\u017ete a za\u0161lete jej elektronicky jako soubor PDF (ne jako sken nebo fotografii) na adresu Gymn\u00e1zia F. Schillera v Pirn\u011b: schillergym@pirna.de. P\u0159ilo\u017ete pros\u00edm kopie pololetn\u00edho vysv\u011bd\u010den\u00ed za aktu\u00e1ln\u00ed \u0161koln\u00ed rok a vysv\u011bd\u010den\u00ed za posledn\u00ed dva \u0161koln\u00ed roky. Do p\u0159edm\u011btu e-mailu uve\u010fte kl\u00ed\u010dov\u00e9 slovo *P\u0159ij\u00edmac\u00ed zkou\u0161ky BINA 2026*. P\u0159ihl\u00e1\u0161ku ode\u0161lete do <strong>15. kv\u011btna 2026.<\/strong><\/li>\n<\/ul>\n<p><strong>Informace o organizaci v\u00fdb\u011brov\u00e9ho \u0159\u00edzen\u00ed:<\/strong><\/p>\n<p>V\u00fdb\u011brov\u00e9 \u0159\u00edzen\u00ed se uskute\u010dn\u00ed na Gymn\u00e1ziu Friedricha Schillera v Pirn\u011b dne 2. \u010dervna 2026 (p\u00edsemn\u00e1 \u010d\u00e1st) a dne 9. \u010dervna 2026 (\u00fastn\u00ed \u010d\u00e1st) od 9:15 hodin. Na semin\u00e1\u0159i v Pirn\u011b a na semin\u00e1\u0159i v Brn\u011b se bude konat prvn\u00ed \u010d\u00e1st semin\u00e1\u0159e v \u010dervnu 2026 (\u00fastn\u00ed \u010d\u00e1st) od 9:15 hod.<\/p>\n<p>V\u00fdb\u011brov\u00e9 \u0159izen\u00ed se skl\u00e1d\u00e1 z n\u00e1sleduj\u00edc\u00edch \u010d\u00e1st\u00ed:<\/p>\n<p><u>P\u00edsemn\u00e1 \u010d\u00e1st:<\/u><\/p>\n<p>\u2013 P\u00edsemn\u00fd test (60 min.) z logicko-matematick\u00fdch dovednost\u00ed. Oblasti, kter\u00e9 se mohou v testu logicko-matematick\u00fdch dovednost\u00ed objevit, odpov\u00eddaj\u00ed \u00fakol\u016fm obsa\u017een\u00fdm v testech pou\u017e\u00edvan\u00fdch ke stanoven\u00ed studijn\u00edch p\u0159edpoklad\u016f pro v\u00edcelet\u00e1 gymn\u00e1zia v \u010cesk\u00e9 republice. Pat\u0159\u00ed mezi n\u011b mimo jin\u00e9 prostorov\u00e9 uva\u017eov\u00e1n\u00ed, analytick\u00e9 my\u0161len\u00ed a numerick\u00e9 uva\u017eov\u00e1n\u00ed.<\/p>\n<p>\u2013 P\u00edsemn\u00fd test (60 min.) z \u010de\u0161tiny se zam\u011b\u0159en\u00edm na porozum\u011bn\u00ed textu, vyjad\u0159ov\u00e1n\u00ed a tv\u016fr\u010d\u00ed psan\u00ed<\/p>\n<p>\u2013 Psychologick\u00fd test (30 min): P\u00edsemn\u00fd osobnostn\u00ed test, vytvo\u0159en\u00fd a vyhodnocen\u00fd \u010desk\u00fdmi psychology z N\u00e1rodn\u00edho pedagogick\u00e9ho \u00fastavu v Praze<\/p>\n<p><u>\u00dastn\u00ed \u010d\u00e1st: <\/u><\/p>\n<p>\u2013 \u00dastn\u00ed zkou\u0161ka z angli\u010dtiny<\/p>\n<p>\u2013 Individu\u00e1ln\u00ed pohovor s \u010desk\u00fdmi psychology k ur\u010den\u00ed osobnostn\u00ed zralosti uchaze\u010de, jeho samostatnosti, motivace, adaptability a vhodnosti s ohledem na ubytov\u00e1n\u00ed v intern\u00e1tn\u00ed \u0161kole a doch\u00e1zku do \u0161koly mimo rodinn\u00e9 prost\u0159ed\u00ed.<\/p>\n<p>V\u00fdsledky v\u00fdb\u011brov\u00e9ho \u0159\u00edzen\u00ed budou z\u00e1konn\u00fdm z\u00e1stupc\u016fm sd\u011bleny e-mailem v n\u00e1sleduj\u00edc\u00edch dnech. Pozvan\u00ed uchaze\u010di obdr\u017e\u00ed dal\u0161\u00ed informace o v\u00fdb\u011brov\u00e9m \u0159\u00edzen\u00ed v pozv\u00e1nce.<\/p>\n<p>S dotazy ohledn\u011b v\u00fdb\u011brov\u00e9ho \u0159\u00edzen\u00ed se pros\u00edm obra\u0165te na koordin\u00e1tora \u010desk\u00e9ho studijniho, Dr. Tom\u00e1\u0161e K\u0159enka, e-mail: krenek.t@fsg.lernsax.de nebo telefonicky na \u010d\u00edsle +49 3501 781575 (pond\u011bl\u00ed, st\u0159eda, 14:00 \u2013 15:00).<\/p>\n<p><strong>&nbsp;<\/strong><strong><u>Informace o dodate\u010dn\u00fdch p\u0159ij\u00edmac\u00edch zkou\u0161k\u00e1ch<\/u> pro p\u0159ij\u00edm\u00e1n\u00ed \u010desk\u00fdch \u017e\u00e1k\u016f do vy\u0161\u0161\u00edch t\u0159\u00edd v r\u00e1mci programu dvoustrann\u00e9ho vzd\u011bl\u00e1v\u00e1n\u00ed:<\/strong><\/p>\n<ul>\n<li>V p\u0159\u00edpad\u011b, \u017ee se uvoln\u00ed m\u00edsto ve t\u0159\u00edd\u00e1ch 7-10, bude na webov\u00fdch str\u00e1nk\u00e1ch \u0161koly zve\u0159ejn\u011bno dal\u0161\u00ed v\u00fdb\u011brov\u00e9 \u0159\u00edzen\u00ed. Povinn\u00fdm po\u017eadavkem je odpov\u00eddaj\u00edc\u00ed znalost n\u011bmeck\u00e9ho jazyka. P\u0159ijet\u00ed do 11. a 12. t\u0159\u00eddy ji\u017e nen\u00ed mo\u017en\u00e9 z d\u016fvodu prob\u00edhaj\u00edc\u00ed kvalifika\u010dn\u00ed f\u00e1ze maturitn\u00ed zkou\u0161ky.<\/li>\n<li>Z\u00e1jemci se mohou hl\u00e1sit pouze pro ro\u010dn\u00edk, kter\u00fd nav\u0161t\u011bvuj\u00ed na \u010desk\u00e9 \u0161kole v aktu\u00e1ln\u00edm \u0161koln\u00edm roce.<\/li>\n<li>Pro p\u0159ijet\u00ed do vy\u0161\u0161\u00edho ro\u010dn\u00edku je vy\u017eadov\u00e1na znalost n\u011bm\u010diny, p\u0159i\u010dem\u017e jako vod\u00edtko slou\u017e\u00ed n\u00e1sleduj\u00edc\u00ed \u00farovn\u011b: A1 CEFR pro 7. ro\u010dn\u00edk, A2 CEFR pro 8. ro\u010dn\u00edk, B1 CEFR pro 9. ro\u010dn\u00edk a B2 CEFR pro 10. ro\u010dn\u00edk. Krom\u011b n\u011bm\u010diny uchaze\u010di skl\u00e1daj\u00ed tak\u00e9 p\u00edsemn\u00e9 testy z matematiky a angli\u010dtiny.<\/li>\n<\/ul>\n<p><strong>Jak a kdy mohu podat \u017e\u00e1dost?<\/strong><\/p>\n<ul>\n<li>Ten\/Ta\/To <a href=\"https:\/\/schillergymnasium-pirna.de\/wp-content\/uploads\/2026\/01\/Anmeldeformular-Tschech.-Schueler-ab-Klasse-7.pdf\" target=\"_blank\" rel=\"noopener\">formul\u00e1\u0159 p\u0159ihl\u00e1\u0161ky<\/a> najdete zde: P\u0159ihla\u0161ovac\u00ed formul\u00e1\u0159. Formul\u00e1\u0159 vypl\u0148te elektronicky, do kolonky pro podpisy rodi\u010d\u016f uve\u010fte sv\u00e1 jm\u00e9na, vypln\u011bn\u00fd formul\u00e1\u0159 ulo\u017ete a za\u0161lete elektronicky ve form\u00e1tu PDF (nikoliv jako sken nebo fotografii) na adresu Gymn\u00e1zia Friedricha Schillera v Pirn\u011b: schillergym@pirna.de. K p\u0159ihl\u00e1\u0161ce p\u0159ilo\u017ete kopie vysv\u011bd\u010den\u00ed za posledn\u00ed dva \u0161koln\u00ed roky. Do p\u0159edm\u011btu e-mailu uve\u010fte kl\u00ed\u010dov\u00e9 slovo *Dopl\u0148kov\u00e9 p\u0159ij\u00edmac\u00ed zkou\u0161ky BINA 2027*. P\u0159ihl\u00e1\u0161ku za\u0161lete nejpozd\u011bji do 15. 1. 2027.<\/li>\n<li>Dopl\u0148uj\u00edc\u00ed p\u0159ij\u00edmac\u00ed zkou\u0161ky se konaj\u00ed obvykle ka\u017ed\u00fd rok v lednu na gymn\u00e1ziu Friedricha Schillera v Pirn\u011b a \u0161koln\u00ed doch\u00e1zka za\u010d\u00edn\u00e1 na za\u010d\u00e1tku druh\u00e9ho pololet\u00ed \u0161koln\u00edho roku. Dal\u0161\u00ed dopl\u0148ovac\u00ed v\u00fdb\u011brov\u00e9 \u0159\u00edzen\u00ed se uskute\u010dn\u00ed na konci ledna 2027, uchaze\u010di nejprve absolvuj\u00ed p\u00edsemn\u00e9 testy z matematiky (60 min.), n\u011bm\u010diny (45 min.) a angli\u010dtiny (45 min.). Uchaze\u010di o studium v 9. ro\u010dn\u00edku absolvuj\u00ed tak\u00e9 test z porozum\u011bn\u00ed textu a reprodukce textu v \u010desk\u00e9m jazyce (25 min.).<\/li>\n<li>Uchaze\u010di, kte\u0159\u00ed \u00fasp\u011b\u0161n\u011b absolvuj\u00ed p\u00edsemnou \u010d\u00e1st, budou pozv\u00e1ni k \u00fastn\u00ed \u010d\u00e1sti v\u00fdb\u011brov\u00e9ho \u0159\u00edzen\u00ed. \u00dastn\u00ed \u010d\u00e1st se skl\u00e1d\u00e1 z \u00fastn\u00ed zkou\u0161ky z n\u011bm\u010diny a pohovoru s psychologem, kter\u00fd posoud\u00ed osobn\u00ed vysp\u011blost a vhodnost pro studium na zahrani\u010dn\u00ed \u0161kole s intern\u00e1tn\u00edm ubytov\u00e1n\u00edm.<\/li>\n<li>Pokud pro v\u00e1\u0161 ro\u010dn\u00edk moment\u00e1ln\u011b nen\u00ed vyps\u00e1no \u017e\u00e1dn\u00e9 v\u00fdb\u011brov\u00e9 \u0159\u00edzen\u00ed, doporu\u010dujeme zaslat motiva\u010dn\u00ed dopis na adresu na\u0161\u00ed \u0161koly: schillergym@pirna.de. Odpov\u00edme v\u00e1m a budeme v\u00e1s\/V\u00e1s informovat o mo\u017enostech a po\u017eadavc\u00edch na p\u0159ijet\u00ed.<\/li>\n<\/ul>\n<p><strong>Informace o po\u017eadavc\u00edch k dopl\u0148uj\u00edc\u00ed p\u0159ij\u00edmac\u00edn zkou\u0161k\u00e1m:<\/strong><\/p>\n<p>Matematika:<\/p>\n<p><a href=\"https:\/\/schillergymnasium-pirna.de\/wp-content\/uploads\/2026\/01\/Pozadavky-z-Matematiky-k-dopl_ujicim-p_ijimacim-zkouskam-do-7.-t_idy.pdf\" target=\"_blank\" rel=\"noopener\">Po\u017eadavky pro 7. t\u0159\u00eddu<\/a><\/p>\n<p><a href=\"https:\/\/schillergymnasium-pirna.de\/wp-content\/uploads\/2026\/01\/Pozadavky-z-Matematiky-k-dopl_ujicim-p_ijimacim-zkouskam-do-8.-t_idy.pdf\" target=\"_blank\" rel=\"noopener\">Po\u017eadavky pro 8. t\u0159idu<\/a><\/p>\n<p><a href=\"https:\/\/schillergymnasium-pirna.de\/wp-content\/uploads\/2026\/01\/Pozadavky-z-Matematiky-k-dopl_ujicim-p_ijimacim-zkouskam-do-9.-t_idy.pdf\" target=\"_blank\" rel=\"noopener\">Po\u017eadavky pro 9. t\u0159\u00eddu<\/a><\/p>\n<p><a href=\"https:\/\/schillergymnasium-pirna.de\/wp-content\/uploads\/2026\/01\/Pozadavky-z-Matematiky-k-dopl_ujicim-p_ijimacim-zkouskam-do-10.-t_idy.pdf\" target=\"_blank\" rel=\"noopener\">Po\u017eadavky pro 10. ro\u010dn\u00edk<\/a><\/p>\n<p>N\u011bm\u010dina:<\/p>\n<ul>\n<li>7. ro\u010dn\u00edk: Test na ov\u011b\u0159en\u00ed znalost\u00ed slovn\u00ed z\u00e1soby a z\u00e1kladn\u00ed gramatiky na \u00farovni A1 CEFR<\/li>\n<li>8. ro\u010dn\u00edk: Gramatika, anal\u00fdza jednodu\u0161\u0161\u00edho odborn\u00e9ho textu, tvorba krat\u0161\u00edho textu (nap\u0159. popisu, vypr\u00e1v\u011bn\u00ed) na \u00farovni A2 CEFR<\/li>\n<li>9. a 10. ro\u010dn\u00edk: Test k posouzen\u00ed znalost\u00ed slo\u017eit\u00fdch gramatick\u00fdch struktur, anal\u00fdza liter\u00e1rn\u00edho nebo odborn\u00e9ho textu, vlastn\u00ed textov\u00e1 tvorba (nap\u0159. motiva\u010dn\u00ed dopis, vypr\u00e1v\u011bn\u00ed, \u00favaha) na \u00farovni B1\/B2 CEFR<\/li>\n<\/ul>\n<p>N\u00e1stroje pro sebehodnocen\u00ed z\u00edskan\u00fdch znalost\u00ed ciz\u00edch jazyk\u016f dle Spole\u010dn\u00e9ho evropsk\u00e9ho referen\u010dn\u00edho r\u00e1mce:<\/p>\n<p><a href=\"https:\/\/schillergymnasium-pirna.de\/wp-content\/uploads\/2026\/01\/GER-Selbstbeurteilungsraster.pdf\" target=\"_blank\" rel=\"noopener\">Tabulka sebehodnocen\u00ed GER<\/a><\/p>\n<p><a href=\"https:\/\/schillergymnasium-pirna.de\/wp-content\/uploads\/2026\/01\/SERR_pro_cizi_jazyky.pdf\" target=\"_blank\" rel=\"noopener\">SERR pro ciz\u00ed jazyky<\/a><\/p><\/div>\n\t\t\t\t<\/div>\n\t\t\t\t\t\t\t<div class=\"elementor-accordion-item\">\n\t\t\t\t\t<div id=\"elementor-tab-title-1484\" class=\"elementor-tab-title\" data-tab=\"4\" role=\"button\" aria-controls=\"elementor-tab-content-1484\" aria-expanded=\"false\">\n\t\t\t\t\t\t\t\t\t\t\t\t\t<span class=\"elementor-accordion-icon elementor-accordion-icon-right\" aria-hidden=\"true\">\n\t\t\t\t\t\t\t\t\t\t\t\t\t\t\t<span class=\"elementor-accordion-icon-closed\"><svg class=\"e-font-icon-svg e-fas-plus\" viewbox=\"0 0 448 512\" xmlns=\"http:\/\/www.w3.org\/2000\/svg\"><path d=\"M416 208H272V64c0-17.67-14.33-32-32-32h-32c-17.67 0-32 14.33-32 32v144H32c-17.67 0-32 14.33-32 32v32c0 17.67 14.33 32 32 32h144v144c0 17.67 14.33 32 32 32h32c17.67 0 32-14.33 32-32V304h144c17.67 0 32-14.33 32-32v-32c0-17.67-14.33-32-32-32z\"><\/path><\/svg><\/span>\n\t\t\t\t\t\t\t\t<span class=\"elementor-accordion-icon-opened\"><svg class=\"e-font-icon-svg e-fas-minus\" viewbox=\"0 0 448 512\" xmlns=\"http:\/\/www.w3.org\/2000\/svg\"><path d=\"M416 208H32c-17.67 0-32 14.33-32 32v32c0 17.67 14.33 32 32 32h384c17.67 0 32-14.33 32-32v-32c0-17.67-14.33-32-32-32z\"><\/path><\/svg><\/span>\n\t\t\t\t\t\t\t\t\t\t\t\t\t\t<\/span>\n\t\t\t\t\t\t\t\t\t\t\t\t<a class=\"elementor-accordion-title\" tabindex=\"0\">Pr\u016fvodce studenta<\/a>\n\t\t\t\t\t<\/div>\n\t\t\t\t\t<div id=\"elementor-tab-content-1484\" class=\"elementor-tab-content elementor-clearfix\" data-tab=\"4\" role=\"region\" aria-labelledby=\"elementor-tab-title-1484\"><p><a href=\"https:\/\/schillergymnasium-pirna.de\/wp-content\/uploads\/2026\/04\/SchillerGuide-fuer-Schuelerinnen-und-Schueler_2026_04_29.pdf\" target=\"_blank\" rel=\"noopener\">N\u00e1\u0161 pr\u016fvodce ve form\u00e1tu PDF.<\/a><\/p><\/div>\n\t\t\t\t<\/div>\n\t\t\t\t\t\t\t\t<\/div>\n\t\t\t\t\t\t<\/div>\n\t\t\t\t\t<\/div>\n\t\t<\/div>\n\t\t\t\t\t<\/div>\n\t\t<\/div>\n\t\t\t\t<\/div>","protected":false},"excerpt":{"rendered":"<p>St\u00e1t se \u017e\u00e1kem Schillerova gymn\u00e1zia P\u0159ejezd na gymn\u00e1zium je pro va\u0161e d\u00edt\u011b d\u016fle\u017eit\u00fdm krokem. Na t\u00e9to cest\u011b doprov\u00e1z\u00edme na\u0161e \u017e\u00e1ky rozmanitou vzd\u011bl\u00e1vac\u00ed nab\u00eddkou, anga\u017eovan\u00fdmi u\u010diteli a prost\u0159ed\u00edm podporuj\u00edc\u00edm u\u010den\u00ed. Na na\u0161em gymn\u00e1ziu klademe velk\u00fd d\u016fraz na solidn\u00ed odborn\u00e9 vzd\u011bl\u00e1v\u00e1n\u00ed, individu\u00e1ln\u00ed podporu ka\u017ed\u00e9ho \u017e\u00e1ka a respektuj\u00edc\u00ed a\u2026<\/p>","protected":false},"author":1,"featured_media":57,"parent":684,"menu_order":0,"comment_status":"closed","ping_status":"closed","template":"","meta":{"rs_blank_template":"","rs_page_bg_color":"","slide_template_v7":"","_loi_post_transparent":"","_loi_post_title":"default","_loi_post_layout":"default","_loi_post_sidebar_id":"","_loi_post_content_style":"unboxed","_loi_post_vertical_padding":"default","_loi_post_feature":"default","_loi_post_feature_position":"","_loi_post_header":false,"_loi_post_footer":false,"footnotes":""},"class_list":["post-702","page","type-page","status-publish","has-post-thumbnail","hentry"],"_links":{"self":[{"href":"https:\/\/schillergymnasium-pirna.de\/cs\/wp-json\/wp\/v2\/pages\/702","targetHints":{"allow":["GET"]}}],"collection":[{"href":"https:\/\/schillergymnasium-pirna.de\/cs\/wp-json\/wp\/v2\/pages"}],"about":[{"href":"https:\/\/schillergymnasium-pirna.de\/cs\/wp-json\/wp\/v2\/types\/page"}],"author":[{"embeddable":true,"href":"https:\/\/schillergymnasium-pirna.de\/cs\/wp-json\/wp\/v2\/users\/1"}],"replies":[{"embeddable":true,"href":"https:\/\/schillergymnasium-pirna.de\/cs\/wp-json\/wp\/v2\/comments?post=702"}],"version-history":[{"count":73,"href":"https:\/\/schillergymnasium-pirna.de\/cs\/wp-json\/wp\/v2\/pages\/702\/revisions"}],"predecessor-version":[{"id":3235,"href":"https:\/\/schillergymnasium-pirna.de\/cs\/wp-json\/wp\/v2\/pages\/702\/revisions\/3235"}],"up":[{"embeddable":true,"href":"https:\/\/schillergymnasium-pirna.de\/cs\/wp-json\/wp\/v2\/pages\/684"}],"wp:featuredmedia":[{"embeddable":true,"href":"https:\/\/schillergymnasium-pirna.de\/cs\/wp-json\/wp\/v2\/media\/57"}],"wp:attachment":[{"href":"https:\/\/schillergymnasium-pirna.de\/cs\/wp-json\/wp\/v2\/media?parent=702"}],"curies":[{"name":"wp","href":"https:\/\/api.w.org\/{rel}","templated":true}]}}