{"id":704,"date":"2025-06-26T15:17:04","date_gmt":"2025-06-26T13:17:04","guid":{"rendered":"https:\/\/schiller.the-web-designer.de\/?page_id=704"},"modified":"2026-08-31T08:44:45","modified_gmt":"2026-08-31T06:44:45","slug":"terminy-a-casy-vyuky","status":"publish","type":"page","link":"https:\/\/schillergymnasium-pirna.de\/cs\/schillerleben\/termine-und-unterrichtszeiten\/","title":{"rendered":"Term\u00edny a \u010dasy lekc\u00ed"},"content":{"rendered":"<div data-elementor-type=\"wp-page\" data-elementor-id=\"704\" class=\"elementor elementor-704\" data-elementor-post-type=\"page\">\n\t\t\t\t<div class=\"elementor-element elementor-element-0522a26 e-flex e-con-boxed e-con e-parent\" data-id=\"0522a26\" data-element_type=\"container\" data-e-type=\"container\">\n\t\t\t\t\t<div class=\"e-con-inner\">\n\t\t\t\t<div class=\"elementor-element elementor-element-56b0367 elementor-widget elementor-widget-heading\" data-id=\"56b0367\" data-element_type=\"widget\" data-e-type=\"widget\" data-widget_type=\"heading.default\">\n\t\t\t\t\t<h2 class=\"elementor-heading-title elementor-size-default\">Informace o \u010dasech a datech lekc\u00ed<\/h2>\t\t\t\t<\/div>\n\t\t\t\t\t<\/div>\n\t\t\t\t<\/div>\n\t\t\t\t<div class=\"elementor-section elementor-top-section elementor-element elementor-element-277dba8 animated-slow elementor-section-boxed elementor-section-height-default elementor-section-height-default elementor-invisible\" data-id=\"277dba8\" data-element_type=\"section\" data-e-type=\"section\" data-settings=\"{&quot;animation&quot;:&quot;fadeIn&quot;}\">\n\t\t\t\t\t\t<div class=\"elementor-container elementor-column-gap-default\">\n\t\t\t\t\t<div class=\"elementor-column elementor-col-100 elementor-top-column elementor-element elementor-element-5574c50\" data-id=\"5574c50\" data-element_type=\"column\" data-e-type=\"column\">\n\t\t\t<div class=\"elementor-widget-wrap elementor-element-populated\">\n\t\t\t\t\t\t<div class=\"elementor-element elementor-element-cc2851d elementor-widget elementor-widget-text-editor\" data-id=\"cc2851d\" data-element_type=\"widget\" data-e-type=\"widget\" data-widget_type=\"text-editor.default\">\n\t\t\t\t\t\t\t\t\t<p>Abychom zajistili, \u017ee na\u0161i studenti a cel\u00e1 \u0161koln\u00ed komunita FSG jsou v\u017edy dob\u0159e informov\u00e1ni, poskytujeme na t\u00e9to str\u00e1nce jasn\u00fd p\u0159ehled \u010das\u016f a term\u00edn\u016f v\u00fduky pro aktu\u00e1ln\u00ed \u0161koln\u00ed rok.<\/p><p>Tuto str\u00e1nku pravideln\u011b aktualizujeme, abyste byli v\u017edy v obraze.<\/p>\t\t\t\t\t\t\t\t<\/div>\n\t\t\t\t\t<\/div>\n\t\t<\/div>\n\t\t\t\t\t<\/div>\n\t\t<\/div>\n\t\t<div class=\"elementor-element elementor-element-207b7dc e-flex e-con-boxed e-con e-parent\" data-id=\"207b7dc\" data-element_type=\"container\" data-e-type=\"container\">\n\t\t\t\t\t<div class=\"e-con-inner\">\n\t\t\t\t<div class=\"elementor-element elementor-element-0acd5b8 elementor-widget elementor-widget-n-accordion\" data-id=\"0acd5b8\" data-element_type=\"widget\" data-e-type=\"widget\" data-settings=\"{&quot;default_state&quot;:&quot;expanded&quot;,&quot;max_items_expended&quot;:&quot;one&quot;,&quot;n_accordion_animation_duration&quot;:{&quot;unit&quot;:&quot;ms&quot;,&quot;size&quot;:400,&quot;sizes&quot;:[]}}\" data-widget_type=\"nested-accordion.default\">\n\t\t\t\t\t\t\t<div class=\"e-n-accordion\" aria-label=\"Akordeon. Otev\u00edrejte odkazy kl\u00e1vesou Enter nebo Mezern\u00edk, zav\u00edrejte kl\u00e1vesou Escape a navigujte pomoc\u00ed \u0161ipek.\">\n\t\t\t\t\t\t<details id=\"e-n-accordion-item-1130\" class=\"e-n-accordion-item\" open>\n\t\t\t\t<summary class=\"e-n-accordion-item-title\" data-accordion-index=\"1\" tabindex=\"0\" aria-expanded=\"true\" aria-controls=\"e-n-accordion-item-1130\" >\n\t\t\t\t\t<span class='e-n-accordion-item-title-header'><div class=\"e-n-accordion-item-title-text\"> Vyu\u010dovac\u00ed \u010dasy Nov\u00e9 od \u0160D 26\/27 <\/div><\/span>\n\t\t\t\t\t\t\t<span class='e-n-accordion-item-title-icon'>\n\t\t\t<span class='e-opened' ><svg aria-hidden=\"true\" class=\"e-font-icon-svg e-fas-minus\" viewbox=\"0 0 448 512\" xmlns=\"http:\/\/www.w3.org\/2000\/svg\"><path d=\"M416 208H32c-17.67 0-32 14.33-32 32v32c0 17.67 14.33 32 32 32h384c17.67 0 32-14.33 32-32v-32c0-17.67-14.33-32-32-32z\"><\/path><\/svg><\/span>\n\t\t\t<span class='e-closed'><svg aria-hidden=\"true\" class=\"e-font-icon-svg e-fas-plus\" viewbox=\"0 0 448 512\" xmlns=\"http:\/\/www.w3.org\/2000\/svg\"><path d=\"M416 208H272V64c0-17.67-14.33-32-32-32h-32c-17.67 0-32 14.33-32 32v144H32c-17.67 0-32 14.33-32 32v32c0 17.67 14.33 32 32 32h144v144c0 17.67 14.33 32 32 32h32c17.67 0 32-14.33 32-32V304h144c17.67 0 32-14.33 32-32v-32c0-17.67-14.33-32-32-32z\"><\/path><\/svg><\/span>\n\t\t<\/span>\n\n\t\t\t\t\t\t<\/summary>\n\t\t\t\t<div role=\"region\" aria-labelledby=\"e-n-accordion-item-1130\" class=\"elementor-element elementor-element-15be001 e-con-full e-flex e-con e-child\" data-id=\"15be001\" data-element_type=\"container\" data-e-type=\"container\">\n\t\t<div role=\"region\" aria-labelledby=\"e-n-accordion-item-1130\" class=\"elementor-element elementor-element-eacc7f1 e-flex e-con-boxed e-con e-child\" data-id=\"eacc7f1\" data-element_type=\"container\" data-e-type=\"container\">\n\t\t\t\t\t<div class=\"e-con-inner\">\n\t\t\t\t<div class=\"elementor-element elementor-element-625235e elementor-widget elementor-widget-image\" data-id=\"625235e\" data-element_type=\"widget\" data-e-type=\"widget\" data-widget_type=\"image.default\">\n\t\t\t\t\t\t\t\t\t\t\t\t\t\t\t<img fetchpriority=\"high\" decoding=\"async\" width=\"1022\" height=\"665\" src=\"https:\/\/schillergymnasium-pirna.de\/wp-content\/uploads\/2026\/06\/Screenshot-2026-06-25-132808.png\" class=\"attachment-large size-large wp-image-2874\" alt=\"\" srcset=\"https:\/\/schillergymnasium-pirna.de\/wp-content\/uploads\/2026\/06\/Screenshot-2026-06-25-132808.png 1022w, https:\/\/schillergymnasium-pirna.de\/wp-content\/uploads\/2026\/06\/Screenshot-2026-06-25-132808-300x195.png 300w, https:\/\/schillergymnasium-pirna.de\/wp-content\/uploads\/2026\/06\/Screenshot-2026-06-25-132808-768x500.png 768w, https:\/\/schillergymnasium-pirna.de\/wp-content\/uploads\/2026\/06\/Screenshot-2026-06-25-132808-18x12.png 18w\" sizes=\"(max-width: 1022px) 100vw, 1022px\" \/>\t\t\t\t\t\t\t\t\t\t\t\t\t\t\t<\/div>\n\t\t\t\t\t<\/div>\n\t\t\t\t<\/div>\n\t\t\t\t<\/div>\n\t\t\t\t\t<\/details>\n\t\t\t\t\t\t<details id=\"e-n-accordion-item-1131\" class=\"e-n-accordion-item\" >\n\t\t\t\t<summary class=\"e-n-accordion-item-title\" data-accordion-index=\"2\" tabindex=\"-1\" aria-expanded=\"false\" aria-controls=\"e-n-accordion-item-1131\" >\n\t\t\t\t\t<span class='e-n-accordion-item-title-header'><div class=\"e-n-accordion-item-title-text\"> P\u0159ehled term\u00edn\u016f \u0161koln\u00ed rok 2026\/2027 <\/div><\/span>\n\t\t\t\t\t\t\t<span class='e-n-accordion-item-title-icon'>\n\t\t\t<span class='e-opened' ><svg aria-hidden=\"true\" class=\"e-font-icon-svg e-fas-minus\" viewbox=\"0 0 448 512\" xmlns=\"http:\/\/www.w3.org\/2000\/svg\"><path d=\"M416 208H32c-17.67 0-32 14.33-32 32v32c0 17.67 14.33 32 32 32h384c17.67 0 32-14.33 32-32v-32c0-17.67-14.33-32-32-32z\"><\/path><\/svg><\/span>\n\t\t\t<span class='e-closed'><svg aria-hidden=\"true\" class=\"e-font-icon-svg e-fas-plus\" viewbox=\"0 0 448 512\" xmlns=\"http:\/\/www.w3.org\/2000\/svg\"><path d=\"M416 208H272V64c0-17.67-14.33-32-32-32h-32c-17.67 0-32 14.33-32 32v144H32c-17.67 0-32 14.33-32 32v32c0 17.67 14.33 32 32 32h144v144c0 17.67 14.33 32 32 32h32c17.67 0 32-14.33 32-32V304h144c17.67 0 32-14.33 32-32v-32c0-17.67-14.33-32-32-32z\"><\/path><\/svg><\/span>\n\t\t<\/span>\n\n\t\t\t\t\t\t<\/summary>\n\t\t\t\t<div role=\"region\" aria-labelledby=\"e-n-accordion-item-1131\" class=\"elementor-element elementor-element-60357e2 e-con-full e-flex e-con e-child\" data-id=\"60357e2\" data-element_type=\"container\" data-e-type=\"container\">\n\t\t<div role=\"region\" aria-labelledby=\"e-n-accordion-item-1131\" class=\"elementor-element elementor-element-30a178c e-flex e-con-boxed e-con e-child\" data-id=\"30a178c\" data-element_type=\"container\" data-e-type=\"container\">\n\t\t\t\t\t<div class=\"e-con-inner\">\n\t\t\t\t<div class=\"elementor-element elementor-element-b454ba5 elementor-widget elementor-widget-text-editor\" data-id=\"b454ba5\" data-element_type=\"widget\" data-e-type=\"widget\" data-widget_type=\"text-editor.default\">\n\t\t\t\t\t\t\t\t\t<table width=\"1085\"><tbody><tr><td width=\"230\">26. srpna<\/td><td width=\"855\">\u00a0<\/td><\/tr><tr><td>18.08.2026<\/td><td>\u00davod do KOL<\/td><\/tr><tr><td>17.08. \u2013 11.09.2026<\/td><td>T\u00fddny p\u0159ipravenosti na Binu 7\/3<\/td><\/tr><tr><td>25.08.2026<\/td><td>Den KOL modul\u016f<\/td><\/tr><tr><td>26.08.2026<\/td><td>Den KOL modul\u016f<\/td><\/tr><tr><td>24.08. \u2013 28.08.2026<\/td><td>BNE-d\u00edlny 5. t\u0159\u00edda (Mozaikov\u00e1 hra)<\/td><\/tr><tr><td>31.08.2026<\/td><td>18:00 t\u0159\u00eddn\u00ed sch\u016fzka pro rodi\u010de 5. ro\u010dn\u00edku<\/td><\/tr><tr><td>\u00a0<\/td><td>19:00 t\u0159\u00eddn\u00ed sch\u016fzka pro 6. a 7. ro\u010dn\u00edk<\/td><\/tr><tr><td>\u00a0<\/td><td>\u00a0<\/td><\/tr><tr><td>26. z\u00e1\u0159\u00ed<\/td><td>\u00a0<\/td><\/tr><tr><td>02.09.2026<\/td><td>18:00 T\u0159\u00eddn\u00ed sch\u016fzka pro 9. ro\u010dn\u00edk<\/td><\/tr><tr><td>02.09.2026<\/td><td>19:00 T\u0159\u00eddn\u00ed sch\u016fzka pro 8., 10. a 11. ro\u010dn\u00edk<\/td><\/tr><tr><td>03.09.2026<\/td><td>\u017div\u00e1 knihovna t\u0159. 8\/3<\/td><\/tr><tr><td>04.09.2026<\/td><td>T\u0159\u00eddn\u00ed sch\u016fzky pro bilingvn\u00ed t\u0159\u00eddy 7\u201310<\/td><\/tr><tr><td>05.09.2026<\/td><td>Den otev\u0159en\u00fdch dve\u0159\u00ed na Odborn\u00e9m \u0161koln\u00edm centru Friedricha Siemense v Pirn\u011b<\/td><\/tr><tr><td>09.09.2026, 15:45 \u2013 16:45 hod.<\/td><td>T\u00fdmov\u00e9 poradenstv\u00ed FSG I<\/td><\/tr><tr><td>10.09.2026<\/td><td>Den prac\u00ed v dom\u00e1cnosti KOL<\/td><\/tr><tr><td>11.09.2026<\/td><td>Fitness den FSG<\/td><\/tr><tr><td>14. \u2013 17.09.2026<\/td><td>SAT M\u011bln\u00edk (v Pirn\u011b)<\/td><\/tr><tr><td>14.09.2026, 19:00 hod., m\u00edstnost 246<\/td><td>1. zased\u00e1n\u00ed \u0161koln\u00ed rady rodi\u010d\u016f\u00a0<\/td><\/tr><tr><td>16.09.2026<\/td><td>D\u00edlna SAT Morteau<\/td><\/tr><tr><td>18.09.2026<\/td><td>Konzulta\u010dn\u00ed hodiny s kari\u00e9rovou poradkyn\u00ed a poradkyn\u00ed pro volbu povol\u00e1n\u00ed odpov\u011bdnou za na\u0161i \u0161kolu, pan\u00ed Paulovou, na na\u0161\u00ed \u0161kole (m\u00edstn. 408)<\/td><\/tr><tr><td>21.09.2026<\/td><td>\u0160koln\u00ed rada<\/td><\/tr><tr><td>\u00a0<\/td><td>\u00a0<\/td><\/tr><tr><td>26. \u0159\u00edjna<\/td><td>\u00a0<\/td><\/tr><tr><td>01.10. \u2013 08.10.2026<\/td><td>SAT Morteau ve Francii<\/td><\/tr><tr><td>02.10.2026<\/td><td>Konzulta\u010dn\u00ed hodiny s kari\u00e9rovou poradkyn\u00ed a poradkyn\u00ed pro volbu povol\u00e1n\u00ed odpov\u011bdnou za na\u0161i \u0161kolu, pan\u00ed Paulovou, na na\u0161\u00ed \u0161kole (m\u00edstn. 408)<\/td><\/tr><tr><td>05.10.2026<\/td><td>19:00 p\u0159edn\u00e1\u0161ka Cem Karakaya<\/td><\/tr><tr><td>06.10.2026<\/td><td>P\u0159edn\u00e1\u0161ka Cema Karakayi, ro\u010dn\u00edky 8\u201310<\/td><\/tr><tr><td>12.10. \u2013 23.10.2026<\/td><td>Podzimn\u00ed pr\u00e1zdniny<\/td><\/tr><tr><td>27.10.2026<\/td><td>D\u00edlna SAT Morteau<\/td><\/tr><tr><td>28. 10. 2026, 17:00\u201318:30, online<\/td><td>Pracovn\u00ed skupina pro rozvoj \u0161kolstv\u00ed<\/td><\/tr><tr><td>30.10.2026<\/td><td>Konzulta\u010dn\u00ed hodiny s kari\u00e9rovou poradkyn\u00ed a poradkyn\u00ed pro volbu povol\u00e1n\u00ed odpov\u011bdnou za na\u0161i \u0161kolu, pan\u00ed Paulovou, na na\u0161\u00ed \u0161kole (m\u00edstn. 408)<\/td><\/tr><tr><td>\u00a0<\/td><td>\u00a0<\/td><\/tr><tr><td>26. listopadu<\/td><td>\u00a0<\/td><\/tr><tr><td>03. \u2013 06.11.2026<\/td><td>SAT Prag (v Praze)<\/td><\/tr><tr><td>04.11.2026<\/td><td>Pedagogick\u00fd den<\/td><\/tr><tr><td>09. \u2013 13.11.2026<\/td><td>DigiMoK<\/td><\/tr><tr><td>10.11.2026<\/td><td>Den rodi\u010dovsk\u00fdch sch\u016fzek<\/td><\/tr><tr><td>11.11.2026<\/td><td>Matematick\u00e1 olympi\u00e1da<\/td><\/tr><tr><td>12.11.2026<\/td><td>Den rodi\u010dovsk\u00fdch sch\u016fzek<\/td><\/tr><tr><td>12. + 13.11.2026<\/td><td>Terez\u00edn (10\/1+10\/5)<\/td><\/tr><tr><td>13.11.2026<\/td><td>Charitativn\u00ed volejbalov\u00fd turnaj v M\u011bln\u00edku<\/td><\/tr><tr><td>16. + 17.11.2026<\/td><td>Terez\u00edn (10\/2+10\/4)<\/td><\/tr><tr><td>18.11.2026<\/td><td>Den pok\u00e1n\u00ed a modlitby<\/td><\/tr><tr><td>23.11.2026<\/td><td>\u0160koln\u00ed rada<\/td><\/tr><tr><td>25. 11. 2026, 17:00 \u2013 18:00 hod.<\/td><td>Ro\u010d. 9: Online t\u0159\u00eddn\u00ed sch\u016fzka pro \u017e\u00e1ky a rodi\u010de s na\u0161\u00ed poradkyn\u00ed pro volbu povol\u00e1n\u00ed z \u00da\u0159adu pr\u00e1ce v Pirn\u011b, pan\u00ed Paul<\/td><\/tr><tr><td>\u00a0<\/td><td>\u00a0<\/td><\/tr><tr><td>26. prosince<\/td><td>\u00a0<\/td><\/tr><tr><td>03.12.2026<\/td><td>V\u00e1no\u010dn\u00ed koncert<\/td><\/tr><tr><td>07.12.2026<\/td><td>Z\u00e1pis zn\u00e1mek z kurzu<\/td><\/tr><tr><td>09. \u2013 11.12.2026<\/td><td>Terez\u00edn (10\/3)<\/td><\/tr><tr><td>18.12.2026<\/td><td>T\u0159\u00eddn\u00ed aktivity<\/td><\/tr><tr><td>21.12.2026<\/td><td>Pedagogick\u00fd den<\/td><\/tr><tr><td>22.12.2026<\/td><td>Voln\u011b pohybliv\u00e1 dovolen\u00e1<\/td><\/tr><tr><td>23.12.26 \u2013 01.01.27<\/td><td>V\u00e1no\u010dn\u00ed pr\u00e1zdniny<\/td><\/tr><tr><td>\u00a0<\/td><td>\u00a0<\/td><\/tr><tr><td>27. ledna<\/td><td>\u00a0<\/td><\/tr><tr><td>11.01.2027<\/td><td>Loutkov\u00e9 divadlo, 5. a 6. ro\u010dn\u00edk<\/td><\/tr><tr><td>13.01.2027, 15:45 \u2013 16:45<\/td><td>Poradenstv\u00ed pro t\u00fdmy FSG II<\/td><\/tr><tr><td>14.01.2027<\/td><td>Den setk\u00e1v\u00e1n\u00ed (Den z\u00e1kladn\u00ed \u0161koly)<\/td><\/tr><tr><td>14.01.2027<\/td><td>Den otev\u0159en\u00fdch dve\u0159\u00ed vysok\u00e9 \u0161koly<\/td><\/tr><tr><td>20.01.2027<\/td><td>P\u0159edb\u011b\u017en\u011b \u2013 n\u011bm\u010dina<\/td><\/tr><tr><td>20.01.2027<\/td><td>Den v\u011bnovan\u00fd semin\u00e1rn\u00ed pr\u00e1ci KOL, 10. ro\u010dn\u00edk<\/td><\/tr><tr><td>22.01.2027<\/td><td>Vorabi LK P2<\/td><\/tr><tr><td>22.01.2027<\/td><td>Z\u00e1pis zn\u00e1mek 5\u201311<\/td><\/tr><tr><td>22. \u2013 24.01.2027<\/td><td>Veletrh vzd\u011bl\u00e1v\u00e1n\u00ed KarriereStart Dr\u00e1\u017e\u010fany<\/td><\/tr><tr><td>25.01.2027<\/td><td>\u00fastn\u00ed zkou\u0161ka z matematiky<\/td><\/tr><tr><td>26. + 27.01.2027<\/td><td>Akce na t\u00e9ma \u201eVolba p\u0159edm\u011bt\u016f + Jak p\u0159istoupit k volb\u011b povol\u00e1n\u00ed a studia?\u201c v BiZ Pirna pro 10. ro\u010dn\u00edky (pan\u00ed Paul)<\/td><\/tr><tr><td>27. 1. 2027, 17:00\u201318:30 hod., online<\/td><td>Pracovn\u00ed skupina pro rozvoj \u0161kolstv\u00ed<\/td><\/tr><tr><td>28.01.2027<\/td><td>Odevzd\u00e1n\u00ed KOL<\/td><\/tr><tr><td>29.01.2027<\/td><td>Den otev\u0159en\u00fdch dve\u0159\u00ed<\/td><\/tr><tr><td>29.01.2027<\/td><td>Konzulta\u010dn\u00ed hodiny s kari\u00e9rovou poradkyn\u00ed a poradkyn\u00ed pro volbu povol\u00e1n\u00ed odpov\u011bdnou za na\u0161i \u0161kolu, pan\u00ed Paulovou, na na\u0161\u00ed \u0161kole (m\u00edstn. 408)<\/td><\/tr><tr><td>\u00a0<\/td><td>\u00a0<\/td><\/tr><tr><td>27. \u00fanora<\/td><td>\u00a0<\/td><\/tr><tr><td>02.02.2027<\/td><td>Den MINT-kampusu na TU Dresden pro 11. ro\u010dn\u00edk<\/td><\/tr><tr><td>04.02.2027<\/td><td>Dodate\u010dn\u00e9 odevzd\u00e1n\u00ed KOL<\/td><\/tr><tr><td>04.02.2027<\/td><td>Den francouzsk\u00e9 kinematografie<\/td><\/tr><tr><td>05.02.2027<\/td><td>Pololetn\u00ed zpr\u00e1vy\/vysv\u011bd\u010den\u00ed<\/td><\/tr><tr><td>08.02. \u2013 19.02.2027<\/td><td>Zimn\u00ed pr\u00e1zdniny<\/td><\/tr><tr><td>\u00a0<\/td><td>\u00a0<\/td><\/tr><tr><td>27. b\u0159ezna<\/td><td>\u00a0<\/td><\/tr><tr><td>01.03.2027<\/td><td>N\u011bm\u010dina BLF<\/td><\/tr><tr><td>01.03.2027<\/td><td>\u0160koln\u00ed rada<\/td><\/tr><tr><td>02.03.2027<\/td><td>Poradensk\u00e9 testy zam\u011b\u0159en\u00e9 na obor studia pro z\u00e1jemce z \u0159ad \u017e\u00e1k\u016f 11. a 12. ro\u010dn\u00edk\u016f<\/td><\/tr><tr><td>03.03.2027<\/td><td>Angli\u010dtina BLF<\/td><\/tr><tr><td>05.03.2027<\/td><td>BLF Matematika<\/td><\/tr><tr><td>08. \u2013 13.03.2027<\/td><td>Pod\u00edvej se dovnit\u0159! \u2013 T\u00fdden otev\u0159en\u00fdch firem v Sasku<\/td><\/tr><tr><td>10.03.2027<\/td><td>Odborn\u00e9 konference<\/td><\/tr><tr><td>11.03.2027<\/td><td>Dopravn\u00ed v\u00fdchova ADAC \u2013 5. ro\u010dn\u00edk<\/td><\/tr><tr><td>12.03.2027<\/td><td>Dopravn\u00ed v\u00fdchova ADAC \u2013 5. ro\u010dn\u00edk<\/td><\/tr><tr><td>15.03.2027<\/td><td>NT BLF Deutsch<\/td><\/tr><tr><td>16.03.2027<\/td><td>Den rodi\u010dovsk\u00fdch sch\u016fzek<\/td><\/tr><tr><td>17.03.2027<\/td><td>NT BLF angli\u010dtina<\/td><\/tr><tr><td>18.03.2027<\/td><td>Den rodi\u010dovsk\u00fdch sch\u016fzek<\/td><\/tr><tr><td>18.03. \u2013 25.03.2027<\/td><td>SAT Morteau v N\u011bmecku<\/td><\/tr><tr><td>19.03.2027<\/td><td>NT BLF Mathe<\/td><\/tr><tr><td>19.03.2027<\/td><td>Konzulta\u010dn\u00ed hodiny s kari\u00e9rovou poradkyn\u00ed a poradkyn\u00ed pro volbu povol\u00e1n\u00ed odpov\u011bdnou za na\u0161i \u0161kolu, pan\u00ed Paulovou, na na\u0161\u00ed \u0161kole (m\u00edstn. 408)<\/td><\/tr><tr><td>19.03.2027<\/td><td>Sport a kultura, \u017e\u00e1ci a \u017e\u00e1kyn\u011b z M\u011bln\u00edka na n\u00e1v\u0161t\u011bv\u011b<\/td><\/tr><tr><td>25.03.2027<\/td><td>Den akademie KOL<\/td><\/tr><tr><td>26.03.2027<\/td><td>Velk\u00fd p\u00e1tek<\/td><\/tr><tr><td>29.03. \u2013 02.04.2027<\/td><td>Velikono\u010dn\u00ed sv\u00e1tky<\/td><\/tr><tr><td>\u00a0<\/td><td>\u00a0<\/td><\/tr><tr><td>27. dubna<\/td><td>\u00a0<\/td><\/tr><tr><td>07.04.2027<\/td><td>Ozn\u00e1men\u00ed o p\u0159ipu\u0161t\u011bn\u00ed k maturit\u011b<\/td><\/tr><tr><td>07.04. \u2013 13.04.2027<\/td><td>Konzultace k maturit\u011b<\/td><\/tr><tr><td>08.04.2027<\/td><td>Kokanovsk\u00e1 sout\u011b\u017e<\/td><\/tr><tr><td>14.04.2027, 15:45 \u2013 16:45 hod.<\/td><td>T\u00fdmov\u00e9 poradenstv\u00ed FSG III<\/td><\/tr><tr><td>20.04.2027<\/td><td>Fyzika na maturitu<\/td><\/tr><tr><td>21.04.2027<\/td><td>ABI Chemie<\/td><\/tr><tr><td>22.04.2027<\/td><td>D\u00edv\u010d\u00ed a chlapeck\u00fd den<\/td><\/tr><tr><td>23.04.2027<\/td><td>ABI GEO \/ GRW<\/td><\/tr><tr><td>26.04.2027<\/td><td>D\u011bjepisn\u00e1 maturita<\/td><\/tr><tr><td>27.04.2027<\/td><td>N\u011bmeck\u00e1 maturita<\/td><\/tr><tr><td>28.04.2027, 17:00 \u2013 18:30, online<\/td><td>Pracovn\u00ed skupina pro rozvoj \u0161kolstv\u00ed<\/td><\/tr><tr><td>29.04.2027<\/td><td>ABI \u2013 ciz\u00ed jazyk (praktick\u00e1 \u010d\u00e1st)<\/td><\/tr><tr><td>30.04.2027<\/td><td>ciz\u00ed jazyk k maturit\u011b\u00a0\u00a0<\/td><\/tr><tr><td>30.04.2027<\/td><td>Konzulta\u010dn\u00ed hodiny s kari\u00e9rovou poradkyn\u00ed a poradkyn\u00ed pro volbu povol\u00e1n\u00ed odpov\u011bdnou za na\u0161i \u0161kolu, pan\u00ed Paulovou, na na\u0161\u00ed \u0161kole (m\u00edstn. 408)<\/td><\/tr><tr><td>\u00a0<\/td><td>\u00a0<\/td><\/tr><tr><td>27. kv\u011btna<\/td><td>\u00a0<\/td><\/tr><tr><td>05.05.2027<\/td><td>Maturitn\u00ed zkou\u0161ka z matematiky<\/td><\/tr><tr><td>06.05.2027<\/td><td>Nanebevstoupen\u00ed P\u00e1n\u011b<\/td><\/tr><tr><td>07.05.2027<\/td><td>\u017d\u00e1dn\u00e9 kurzy<\/td><\/tr><tr><td>11.05.2027<\/td><td>Biologie na maturitn\u00ed vysv\u011bd\u010den\u00ed<\/td><\/tr><tr><td>12.05.2027<\/td><td>Konzultace<\/td><\/tr><tr><td>13.05.2027<\/td><td>Konzultace<\/td><\/tr><tr><td>17.05.2027<\/td><td>Svatodu\u0161n\u00ed pond\u011bl\u00ed<\/td><\/tr><tr><td>18.05.2027<\/td><td>Pr\u00e1zdniny<\/td><\/tr><tr><td>19.05.2027<\/td><td>D\u011bjiny NT ABI<\/td><\/tr><tr><td>20.05. \u2013 04.06.2027<\/td><td>\u00dastn\u00ed zkou\u0161ky<\/td><\/tr><tr><td>20.05.2027<\/td><td>NT ABI Chemie<\/td><\/tr><tr><td>21.05.2027<\/td><td>NT ABI n\u011bm\u010dina<\/td><\/tr><tr><td>24.05. \u2013 04.06.2027<\/td><td>Praktikum 9. ro\u010dn\u00edk<\/td><\/tr><tr><td>24.05.2027<\/td><td>NT ABI Matematika<\/td><\/tr><tr><td>25.05.2027<\/td><td>NT ABI ciz\u00ed jazyk (prakt.)<\/td><\/tr><tr><td>26.05.2027<\/td><td>NT ABI Ciz\u00ed jazyk<\/td><\/tr><tr><td>28.05.2027<\/td><td>NT ABI Biologie<\/td><\/tr><tr><td>28.05.2027<\/td><td>Konzulta\u010dn\u00ed hodiny s kari\u00e9rovou poradkyn\u00ed a poradkyn\u00ed pro volbu povol\u00e1n\u00ed odpov\u011bdnou za na\u0161i \u0161kolu, pan\u00ed Paulovou, na na\u0161\u00ed \u0161kole (m\u00edstn. 408)<\/td><\/tr><tr><td>\u00a0<\/td><td>\u00a0<\/td><\/tr><tr><td>27. \u010dervna<\/td><td>\u00a0<\/td><\/tr><tr><td>02.06.2027<\/td><td>NT ABI Fyzika<\/td><\/tr><tr><td>04.06.2027<\/td><td>Posledn\u00ed den \u0161koly 12. ro\u010dn\u00edk<\/td><\/tr><tr><td>08.06.2027<\/td><td>Vyhl\u00e1\u0161en\u00ed v\u00fdsledk\u016f maturitn\u00ed zkou\u0161ky<\/td><\/tr><tr><td>14.06. \u2013 18.06.2027<\/td><td>Dal\u0161\u00ed \u00fastn\u00ed zkou\u0161ky<\/td><\/tr><tr><td>21.06.2027<\/td><td>\u0160koln\u00ed rada<\/td><\/tr><tr><td>21.06.2027<\/td><td>Sportovn\u00ed den 6. ro\u010dn\u00edk<\/td><\/tr><tr><td>22.06.2027<\/td><td>Sportovn\u00ed den pro 8. ro\u010dn\u00edk<\/td><\/tr><tr><td>22. + 23.06.2027<\/td><td>Vocatium Dr\u00e1\u017e\u010fany \u2013 Odborn\u00fd veletrh u\u010d\u0148ovsk\u00e9ho vzd\u011bl\u00e1v\u00e1n\u00ed a studia pro 11. ro\u010dn\u00edk<\/td><\/tr><tr><td>24.06.2027<\/td><td>Nostrifikace v Praze<\/td><\/tr><tr><td>24.06.2027<\/td><td>Sportovn\u00ed den pro 9. ro\u010dn\u00edk<\/td><\/tr><tr><td>25.06.2027<\/td><td>Sportovn\u00ed den pro 10. ro\u010dn\u00edk<\/td><\/tr><tr><td>25.06.2027<\/td><td>Konzulta\u010dn\u00ed hodiny s kari\u00e9rovou poradkyn\u00ed a poradkyn\u00ed pro volbu povol\u00e1n\u00ed odpov\u011bdnou za na\u0161i \u0161kolu, pan\u00ed Paulovou, na na\u0161\u00ed \u0161kole (m\u00edstn. 408)<\/td><\/tr><tr><td>28.06.2027<\/td><td>Sportovn\u00ed den pro 5. ro\u010dn\u00edk<\/td><\/tr><tr><td>29.06.2027<\/td><td>Sportovn\u00ed den 7. ro\u010dn\u00edku<\/td><\/tr><tr><td>\u00a0<\/td><td>\u00a0<\/td><\/tr><tr><td>27. \u010dervence<\/td><td>\u00a0<\/td><\/tr><tr><td>05.07. \u2013 07.07.2027<\/td><td>FvU<\/td><\/tr><tr><td>05. \u2013 08.07.2027<\/td><td>Kurzovn\u00ed z\u00e1jezd 11. ro\u010dn\u00edku<\/td><\/tr><tr><td>08.07.2027<\/td><td>T\u0159\u00eddn\u00ed aktivity<\/td><\/tr><tr><td>09.07.2027<\/td><td>Posledn\u00ed \u0161koln\u00ed den<\/td><\/tr><tr><td>12.07. \u2013 20.08.2027<\/td><td>Letn\u00ed pr\u00e1zdniny<\/td><\/tr><\/tbody><\/table>\t\t\t\t\t\t\t\t<\/div>\n\t\t\t\t\t<\/div>\n\t\t\t\t<\/div>\n\t\t\t\t<\/div>\n\t\t\t\t\t<\/details>\n\t\t\t\t\t\t<details id=\"e-n-accordion-item-1132\" class=\"e-n-accordion-item\" >\n\t\t\t\t<summary class=\"e-n-accordion-item-title\" data-accordion-index=\"3\" tabindex=\"-1\" aria-expanded=\"false\" aria-controls=\"e-n-accordion-item-1132\" >\n\t\t\t\t\t<span class='e-n-accordion-item-title-header'><div class=\"e-n-accordion-item-title-text\"> P\u0159ehled term\u00edn\u016f srpen 2026 <\/div><\/span>\n\t\t\t\t\t\t\t<span class='e-n-accordion-item-title-icon'>\n\t\t\t<span class='e-opened' ><svg aria-hidden=\"true\" class=\"e-font-icon-svg e-fas-minus\" viewbox=\"0 0 448 512\" xmlns=\"http:\/\/www.w3.org\/2000\/svg\"><path d=\"M416 208H32c-17.67 0-32 14.33-32 32v32c0 17.67 14.33 32 32 32h384c17.67 0 32-14.33 32-32v-32c0-17.67-14.33-32-32-32z\"><\/path><\/svg><\/span>\n\t\t\t<span class='e-closed'><svg aria-hidden=\"true\" class=\"e-font-icon-svg e-fas-plus\" viewbox=\"0 0 448 512\" xmlns=\"http:\/\/www.w3.org\/2000\/svg\"><path d=\"M416 208H272V64c0-17.67-14.33-32-32-32h-32c-17.67 0-32 14.33-32 32v144H32c-17.67 0-32 14.33-32 32v32c0 17.67 14.33 32 32 32h144v144c0 17.67 14.33 32 32 32h32c17.67 0 32-14.33 32-32V304h144c17.67 0 32-14.33 32-32v-32c0-17.67-14.33-32-32-32z\"><\/path><\/svg><\/span>\n\t\t<\/span>\n\n\t\t\t\t\t\t<\/summary>\n\t\t\t\t<div role=\"region\" aria-labelledby=\"e-n-accordion-item-1132\" class=\"elementor-element elementor-element-73f5ccd e-con-full e-flex e-con e-child\" data-id=\"73f5ccd\" data-element_type=\"container\" data-e-type=\"container\">\n\t\t<div role=\"region\" aria-labelledby=\"e-n-accordion-item-1132\" class=\"elementor-element elementor-element-a2ea5f4 e-flex e-con-boxed e-con e-child\" data-id=\"a2ea5f4\" data-element_type=\"container\" data-e-type=\"container\">\n\t\t\t\t\t<div class=\"e-con-inner\">\n\t\t\t\t<div class=\"elementor-element elementor-element-239059a elementor-widget elementor-widget-image\" data-id=\"239059a\" data-element_type=\"widget\" data-e-type=\"widget\" data-widget_type=\"image.default\">\n\t\t\t\t\t\t\t\t\t\t\t\t\t\t\t<img decoding=\"async\" width=\"768\" height=\"768\" src=\"https:\/\/schillergymnasium-pirna.de\/wp-content\/uploads\/2026\/08\/Terminuebersicht-monatlich-1-768x768.png\" class=\"attachment-medium_large size-medium_large wp-image-3013\" alt=\"\" srcset=\"https:\/\/schillergymnasium-pirna.de\/wp-content\/uploads\/2026\/08\/Terminuebersicht-monatlich-1-768x768.png 768w, https:\/\/schillergymnasium-pirna.de\/wp-content\/uploads\/2026\/08\/Terminuebersicht-monatlich-1-300x300.png 300w, https:\/\/schillergymnasium-pirna.de\/wp-content\/uploads\/2026\/08\/Terminuebersicht-monatlich-1-1024x1024.png 1024w, https:\/\/schillergymnasium-pirna.de\/wp-content\/uploads\/2026\/08\/Terminuebersicht-monatlich-1-150x150.png 150w, https:\/\/schillergymnasium-pirna.de\/wp-content\/uploads\/2026\/08\/Terminuebersicht-monatlich-1-12x12.png 12w, https:\/\/schillergymnasium-pirna.de\/wp-content\/uploads\/2026\/08\/Terminuebersicht-monatlich-1-700x700.png 700w, https:\/\/schillergymnasium-pirna.de\/wp-content\/uploads\/2026\/08\/Terminuebersicht-monatlich-1.png 1080w\" sizes=\"(max-width: 768px) 100vw, 768px\" \/>\t\t\t\t\t\t\t\t\t\t\t\t\t\t\t<\/div>\n\t\t\t\t\t<\/div>\n\t\t\t\t<\/div>\n\t\t\t\t<\/div>\n\t\t\t\t\t<\/details>\n\t\t\t\t\t\t<details id=\"e-n-accordion-item-1133\" class=\"e-n-accordion-item\" >\n\t\t\t\t<summary class=\"e-n-accordion-item-title\" data-accordion-index=\"4\" tabindex=\"-1\" aria-expanded=\"false\" aria-controls=\"e-n-accordion-item-1133\" >\n\t\t\t\t\t<span class='e-n-accordion-item-title-header'><div class=\"e-n-accordion-item-title-text\"> P\u0159ehled term\u00edn\u016f z\u00e1\u0159\u00ed 2026 <\/div><\/span>\n\t\t\t\t\t\t\t<span class='e-n-accordion-item-title-icon'>\n\t\t\t<span class='e-opened' ><svg aria-hidden=\"true\" class=\"e-font-icon-svg e-fas-minus\" viewbox=\"0 0 448 512\" xmlns=\"http:\/\/www.w3.org\/2000\/svg\"><path d=\"M416 208H32c-17.67 0-32 14.33-32 32v32c0 17.67 14.33 32 32 32h384c17.67 0 32-14.33 32-32v-32c0-17.67-14.33-32-32-32z\"><\/path><\/svg><\/span>\n\t\t\t<span class='e-closed'><svg aria-hidden=\"true\" class=\"e-font-icon-svg e-fas-plus\" viewbox=\"0 0 448 512\" xmlns=\"http:\/\/www.w3.org\/2000\/svg\"><path d=\"M416 208H272V64c0-17.67-14.33-32-32-32h-32c-17.67 0-32 14.33-32 32v144H32c-17.67 0-32 14.33-32 32v32c0 17.67 14.33 32 32 32h144v144c0 17.67 14.33 32 32 32h32c17.67 0 32-14.33 32-32V304h144c17.67 0 32-14.33 32-32v-32c0-17.67-14.33-32-32-32z\"><\/path><\/svg><\/span>\n\t\t<\/span>\n\n\t\t\t\t\t\t<\/summary>\n\t\t\t\t<div role=\"region\" aria-labelledby=\"e-n-accordion-item-1133\" class=\"elementor-element elementor-element-2efe57d e-con-full e-flex e-con e-child\" data-id=\"2efe57d\" data-element_type=\"container\" data-e-type=\"container\">\n\t\t<div role=\"region\" aria-labelledby=\"e-n-accordion-item-1133\" class=\"elementor-element elementor-element-17ab847 e-flex e-con-boxed e-con e-child\" data-id=\"17ab847\" data-element_type=\"container\" data-e-type=\"container\">\n\t\t\t\t\t<div class=\"e-con-inner\">\n\t\t\t\t<div class=\"elementor-element elementor-element-50525f0 elementor-widget elementor-widget-image\" data-id=\"50525f0\" data-element_type=\"widget\" data-e-type=\"widget\" data-widget_type=\"image.default\">\n\t\t\t\t\t\t\t\t\t\t\t\t\t\t\t<img decoding=\"async\" width=\"768\" height=\"768\" src=\"https:\/\/schillergymnasium-pirna.de\/wp-content\/uploads\/2026\/08\/Terminuebersicht-September-2026-768x768.png\" class=\"attachment-medium_large size-medium_large wp-image-3216\" alt=\"\" srcset=\"https:\/\/schillergymnasium-pirna.de\/wp-content\/uploads\/2026\/08\/Terminuebersicht-September-2026-768x768.png 768w, https:\/\/schillergymnasium-pirna.de\/wp-content\/uploads\/2026\/08\/Terminuebersicht-September-2026-300x300.png 300w, https:\/\/schillergymnasium-pirna.de\/wp-content\/uploads\/2026\/08\/Terminuebersicht-September-2026-1024x1024.png 1024w, https:\/\/schillergymnasium-pirna.de\/wp-content\/uploads\/2026\/08\/Terminuebersicht-September-2026-150x150.png 150w, https:\/\/schillergymnasium-pirna.de\/wp-content\/uploads\/2026\/08\/Terminuebersicht-September-2026-12x12.png 12w, https:\/\/schillergymnasium-pirna.de\/wp-content\/uploads\/2026\/08\/Terminuebersicht-September-2026-700x700.png 700w, https:\/\/schillergymnasium-pirna.de\/wp-content\/uploads\/2026\/08\/Terminuebersicht-September-2026.png 1080w\" sizes=\"(max-width: 768px) 100vw, 768px\" \/>\t\t\t\t\t\t\t\t\t\t\t\t\t\t\t<\/div>\n\t\t\t\t\t<\/div>\n\t\t\t\t<\/div>\n\t\t\t\t<\/div>\n\t\t\t\t\t<\/details>\n\t\t\t\t\t<\/div>\n\t\t\t\t\t\t<\/div>\n\t\t\t\t\t<\/div>\n\t\t\t\t<\/div>\n\t\t<div class=\"elementor-element elementor-element-77ef040 e-flex e-con-boxed e-con e-parent\" data-id=\"77ef040\" data-element_type=\"container\" data-e-type=\"container\">\n\t\t\t\t\t<div class=\"e-con-inner\">\n\t\t\t\t\t<\/div>\n\t\t\t\t<\/div>\n\t\t\t\t<\/div>","protected":false},"excerpt":{"rendered":"<p>Informace o vyu\u010dovac\u00edch hodin\u00e1ch a term\u00ednech Aby byli na\u0161i \u017e\u00e1ci a cel\u00e1 \u0161koln\u00ed komunita FSG kdykoliv dob\u0159e informov\u00e1ni, p\u0159in\u00e1\u0161\u00edme na t\u00e9to str\u00e1nce p\u0159ehledn\u00fd souhrn vyu\u010dovac\u00edch hodin a term\u00edn\u016f v prob\u00edhaj\u00edc\u00edm \u0161koln\u00edm roce. Tuto str\u00e1nku pravideln\u011b aktualizujeme, abyste m\u011bli v\u017edy ty nejnov\u011bj\u0161\u00ed informace. Vyu\u010dovac\u00ed hodiny Nov\u011b od \u0161k. roku 26\/27 P\u0159ehled term\u00edn\u016f\u2026<\/p>","protected":false},"author":1,"featured_media":57,"parent":684,"menu_order":0,"comment_status":"closed","ping_status":"closed","template":"","meta":{"rs_blank_template":"","rs_page_bg_color":"","slide_template_v7":"","_loi_post_transparent":"","_loi_post_title":"default","_loi_post_layout":"default","_loi_post_sidebar_id":"","_loi_post_content_style":"unboxed","_loi_post_vertical_padding":"default","_loi_post_feature":"default","_loi_post_feature_position":"","_loi_post_header":false,"_loi_post_footer":false,"footnotes":""},"class_list":["post-704","page","type-page","status-publish","has-post-thumbnail","hentry"],"_links":{"self":[{"href":"https:\/\/schillergymnasium-pirna.de\/cs\/wp-json\/wp\/v2\/pages\/704","targetHints":{"allow":["GET"]}}],"collection":[{"href":"https:\/\/schillergymnasium-pirna.de\/cs\/wp-json\/wp\/v2\/pages"}],"about":[{"href":"https:\/\/schillergymnasium-pirna.de\/cs\/wp-json\/wp\/v2\/types\/page"}],"author":[{"embeddable":true,"href":"https:\/\/schillergymnasium-pirna.de\/cs\/wp-json\/wp\/v2\/users\/1"}],"replies":[{"embeddable":true,"href":"https:\/\/schillergymnasium-pirna.de\/cs\/wp-json\/wp\/v2\/comments?post=704"}],"version-history":[{"count":67,"href":"https:\/\/schillergymnasium-pirna.de\/cs\/wp-json\/wp\/v2\/pages\/704\/revisions"}],"predecessor-version":[{"id":3219,"href":"https:\/\/schillergymnasium-pirna.de\/cs\/wp-json\/wp\/v2\/pages\/704\/revisions\/3219"}],"up":[{"embeddable":true,"href":"https:\/\/schillergymnasium-pirna.de\/cs\/wp-json\/wp\/v2\/pages\/684"}],"wp:featuredmedia":[{"embeddable":true,"href":"https:\/\/schillergymnasium-pirna.de\/cs\/wp-json\/wp\/v2\/media\/57"}],"wp:attachment":[{"href":"https:\/\/schillergymnasium-pirna.de\/cs\/wp-json\/wp\/v2\/media?parent=704"}],"curies":[{"name":"wp","href":"https:\/\/api.w.org\/{rel}","templated":true}]}}