{"id":971,"date":"2025-09-03T07:15:49","date_gmt":"2025-09-03T05:15:49","guid":{"rendered":"https:\/\/schiller.the-web-designer.de\/?page_id=971"},"modified":"2026-08-31T07:01:33","modified_gmt":"2026-08-31T05:01:33","slug":"schiller-ke-stazeni","status":"publish","type":"page","link":"https:\/\/schillergymnasium-pirna.de\/cs\/kontakt\/schiller-downloads\/","title":{"rendered":"Soubory ke sta\u017een\u00ed"},"content":{"rendered":"<div data-elementor-type=\"wp-page\" data-elementor-id=\"971\" class=\"elementor elementor-971\" data-elementor-post-type=\"page\">\n\t\t\t\t\t\t<div class=\"elementor-section elementor-top-section elementor-element elementor-element-f01cb3e animated-slow elementor-section-boxed elementor-section-height-default elementor-section-height-default elementor-invisible\" data-id=\"f01cb3e\" data-element_type=\"section\" data-e-type=\"section\" data-settings=\"{&quot;animation&quot;:&quot;fadeIn&quot;}\">\n\t\t\t\t\t\t<div class=\"elementor-container elementor-column-gap-default\">\n\t\t\t\t\t<div class=\"elementor-column elementor-col-100 elementor-top-column elementor-element elementor-element-bd3202a\" data-id=\"bd3202a\" data-element_type=\"column\" data-e-type=\"column\">\n\t\t\t<div class=\"elementor-widget-wrap elementor-element-populated\">\n\t\t\t\t\t\t<div class=\"elementor-element elementor-element-bfdf093 faq elementor-widget elementor-widget-accordion\" data-id=\"bfdf093\" data-element_type=\"widget\" data-e-type=\"widget\" data-widget_type=\"accordion.default\">\n\t\t\t\t\t\t\t<div class=\"elementor-accordion\">\n\t\t\t\t\t\t\t<div class=\"elementor-accordion-item\">\n\t\t\t\t\t<div id=\"elementor-tab-title-2011\" class=\"elementor-tab-title\" data-tab=\"1\" role=\"button\" aria-controls=\"elementor-tab-content-2011\" aria-expanded=\"false\">\n\t\t\t\t\t\t\t\t\t\t\t\t\t<span class=\"elementor-accordion-icon elementor-accordion-icon-right\" aria-hidden=\"true\">\n\t\t\t\t\t\t\t\t\t\t\t\t\t\t\t<span class=\"elementor-accordion-icon-closed\"><svg class=\"e-font-icon-svg e-fas-plus\" viewbox=\"0 0 448 512\" xmlns=\"http:\/\/www.w3.org\/2000\/svg\"><path d=\"M416 208H272V64c0-17.67-14.33-32-32-32h-32c-17.67 0-32 14.33-32 32v144H32c-17.67 0-32 14.33-32 32v32c0 17.67 14.33 32 32 32h144v144c0 17.67 14.33 32 32 32h32c17.67 0 32-14.33 32-32V304h144c17.67 0 32-14.33 32-32v-32c0-17.67-14.33-32-32-32z\"><\/path><\/svg><\/span>\n\t\t\t\t\t\t\t\t<span class=\"elementor-accordion-icon-opened\"><svg class=\"e-font-icon-svg e-fas-minus\" viewbox=\"0 0 448 512\" xmlns=\"http:\/\/www.w3.org\/2000\/svg\"><path d=\"M416 208H32c-17.67 0-32 14.33-32 32v32c0 17.67 14.33 32 32 32h384c17.67 0 32-14.33 32-32v-32c0-17.67-14.33-32-32-32z\"><\/path><\/svg><\/span>\n\t\t\t\t\t\t\t\t\t\t\t\t\t\t<\/span>\n\t\t\t\t\t\t\t\t\t\t\t\t<a class=\"elementor-accordion-title\" tabindex=\"0\">Organiza\u010dn\u00ed z\u00e1le\u017eitosti \u0161koly<\/a>\n\t\t\t\t\t<\/div>\n\t\t\t\t\t<div id=\"elementor-tab-content-2011\" class=\"elementor-tab-content elementor-clearfix\" data-tab=\"1\" role=\"region\" aria-labelledby=\"elementor-tab-title-2011\"><ul><li><a href=\"https:\/\/schillergymnasium-pirna.de\/downloads\/FSG-Hausordnung_2025.pdf\" target=\"_blank\" rel=\"noopener\">Domovn\u00ed \u0159\u00e1d FSG<\/a>\u00a0(K 26. kv\u011btnu 2025)<\/li><li><a href=\"https:\/\/schillergymnasium-pirna.de\/wp-content\/uploads\/2026\/08\/2026_08-FSG-Organigramm.pdf\" target=\"_blank\" rel=\"noopener\">2026_08_FSG_Organigramm.pdf<\/a> (Stav k 6. 8. 2026)<\/li><li><a href=\"https:\/\/schillergymnasium-pirna.de\/wp-content\/uploads\/2026\/08\/SchillerGuide-fuer-Schuelerinnen-und-Schueler_2026_08_18.pdf\" target=\"_blank\" rel=\"noopener\">SchillerGuide pro \u017e\u00e1ky<\/a> (Stav k 18. 8. 2026)<\/li><li><a href=\"https:\/\/schillergymnasium-pirna.de\/downloads\/2025_05_23_Leitfaden_Beschwerdemanagement.pdf\" target=\"_blank\" rel=\"noopener\">Pokyny pro \u0159e\u0161en\u00ed probl\u00e9m\u016f a vy\u0159izov\u00e1n\u00ed st\u00ed\u017enost\u00ed.pdf<\/a>\u00a0(K 23. kv\u011btnu 2025)<\/li><li><a href=\"https:\/\/schillergymnasium-pirna.de\/wp-content\/uploads\/2026\/06\/Mediennutzungsordnung-FSG-Pirna_Juni-2026.pdf\" target=\"_blank\" rel=\"noopener\">Pravidla pro pou\u017e\u00edv\u00e1n\u00ed m\u00e9di\u00ed\u00a0<\/a>(Stav: \u010derven 2026)<\/li><li><a href=\"https:\/\/schillergymnasium-pirna.de\/downloads\/Faltblatt_CR_2024_web.pdf\" target=\"_blank\" rel=\"noopener\">FSG-Flyer_CZ<\/a>\u00a0(K 19. listopadu 2024)<\/li><li><a href=\"https:\/\/schillergymnasium-pirna.de\/downloads\/Faltblatt_DE_2024_web.pdf\" target=\"_blank\" rel=\"noopener\">FSG-Flyer_DE<\/a>\u00a0(K 19. listopadu 2024)<\/li><\/ul><\/div>\n\t\t\t\t<\/div>\n\t\t\t\t\t\t\t<div class=\"elementor-accordion-item\">\n\t\t\t\t\t<div id=\"elementor-tab-title-2012\" class=\"elementor-tab-title\" data-tab=\"2\" role=\"button\" aria-controls=\"elementor-tab-content-2012\" aria-expanded=\"false\">\n\t\t\t\t\t\t\t\t\t\t\t\t\t<span class=\"elementor-accordion-icon elementor-accordion-icon-right\" aria-hidden=\"true\">\n\t\t\t\t\t\t\t\t\t\t\t\t\t\t\t<span class=\"elementor-accordion-icon-closed\"><svg class=\"e-font-icon-svg e-fas-plus\" viewbox=\"0 0 448 512\" xmlns=\"http:\/\/www.w3.org\/2000\/svg\"><path d=\"M416 208H272V64c0-17.67-14.33-32-32-32h-32c-17.67 0-32 14.33-32 32v144H32c-17.67 0-32 14.33-32 32v32c0 17.67 14.33 32 32 32h144v144c0 17.67 14.33 32 32 32h32c17.67 0 32-14.33 32-32V304h144c17.67 0 32-14.33 32-32v-32c0-17.67-14.33-32-32-32z\"><\/path><\/svg><\/span>\n\t\t\t\t\t\t\t\t<span class=\"elementor-accordion-icon-opened\"><svg class=\"e-font-icon-svg e-fas-minus\" viewbox=\"0 0 448 512\" xmlns=\"http:\/\/www.w3.org\/2000\/svg\"><path d=\"M416 208H32c-17.67 0-32 14.33-32 32v32c0 17.67 14.33 32 32 32h384c17.67 0 32-14.33 32-32v-32c0-17.67-14.33-32-32-32z\"><\/path><\/svg><\/span>\n\t\t\t\t\t\t\t\t\t\t\t\t\t\t<\/span>\n\t\t\t\t\t\t\t\t\t\t\t\t<a class=\"elementor-accordion-title\" tabindex=\"0\">Formul\u00e1\u0159e (\u017e\u00e1dosti a pokyny)<\/a>\n\t\t\t\t\t<\/div>\n\t\t\t\t\t<div id=\"elementor-tab-content-2012\" class=\"elementor-tab-content elementor-clearfix\" data-tab=\"2\" role=\"region\" aria-labelledby=\"elementor-tab-title-2012\"><ul><li><a href=\"https:\/\/schillergymnasium-pirna.de\/downloads\/Antrag_auf_Befreiung.pdf\" target=\"_blank\" rel=\"noopener\">\u017d\u00e1dost o nep\u0159\u00edtomnost ve v\u00fduce<\/a><\/li><li><a href=\"https:\/\/schillergymnasium-pirna.de\/downloads\/Kuchenbasar2.pdf\" target=\"_blank\" rel=\"noopener\">\u017d\u00e1dost o po\u0159\u00e1d\u00e1n\u00ed prodeje dort\u016f<\/a><\/li><li><a href=\"https:\/\/schillergymnasium-pirna.de\/downloads\/Einverstndniserklrung_Eltern_Medien_FSG_Pirna.pdf\" target=\"_blank\" rel=\"noopener\">Souhlas rodi\u010d\u016f pro m\u00e9dia, FSG Pirna.pdf<\/a><\/li><li><a href=\"https:\/\/schillergymnasium-pirna.de\/downloads\/Merkblatt_gem_34_Abs._5_Satz_2_Infektionsschutzgesetz.pdf\" target=\"_blank\" rel=\"noopener\">Informa\u010dn\u00ed list dle \u00a734 odst. 5 v\u011bty druh\u00e9 z\u00e1kona o ochran\u011b p\u0159ed infekcemi.pdf<\/a><\/li><li><a href=\"https:\/\/schillergymnasium-pirna.de\/downloads\/Anmeldeformular_ab_Klasse_6.pdf\" target=\"_blank\" rel=\"noopener\">Registra\u010dn\u00ed formul\u00e1\u0159 pro 6.\u201310. ro\u010dn\u00edk<\/a><\/li><li><a href=\"https:\/\/schillergymnasium-pirna.de\/wp-content\/uploads\/2026\/08\/2026-08-21_Schueleraufnahme-TSC-I-BINA_Stand2026_fuer-Eltern-beschreibbar.pdf\" target=\"_blank\" rel=\"noopener\">Registra\u010dn\u00ed formul\u00e1\u0159 Bina_\u010desk\u00e1 verze<\/a><\/li><li><a href=\"https:\/\/schillergymnasium-pirna.de\/wp-content\/uploads\/2026\/05\/20260504-Neuerung_zum_Schulwechsel_vom_Gymnasium_von_d-ohne_Titel-2.pdf\" target=\"_blank\" rel=\"noopener\">\u017d\u00e1dost o p\u0159evod \u0161koly z gymn\u00e1zia na Oberschule<\/a><\/li><li><a href=\"https:\/\/schillergymnasium-pirna.de\/downloads\/Praktikumsvertrag_Klassenstufe-9.pdf\" target=\"_blank\" rel=\"noopener\">Dohoda o st\u00e1\u017ei, 9. ro\u010dn\u00edk<\/a><\/li><\/ul><\/div>\n\t\t\t\t<\/div>\n\t\t\t\t\t\t\t<div class=\"elementor-accordion-item\">\n\t\t\t\t\t<div id=\"elementor-tab-title-2013\" class=\"elementor-tab-title\" data-tab=\"3\" role=\"button\" aria-controls=\"elementor-tab-content-2013\" aria-expanded=\"false\">\n\t\t\t\t\t\t\t\t\t\t\t\t\t<span class=\"elementor-accordion-icon elementor-accordion-icon-right\" aria-hidden=\"true\">\n\t\t\t\t\t\t\t\t\t\t\t\t\t\t\t<span class=\"elementor-accordion-icon-closed\"><svg class=\"e-font-icon-svg e-fas-plus\" viewbox=\"0 0 448 512\" xmlns=\"http:\/\/www.w3.org\/2000\/svg\"><path d=\"M416 208H272V64c0-17.67-14.33-32-32-32h-32c-17.67 0-32 14.33-32 32v144H32c-17.67 0-32 14.33-32 32v32c0 17.67 14.33 32 32 32h144v144c0 17.67 14.33 32 32 32h32c17.67 0 32-14.33 32-32V304h144c17.67 0 32-14.33 32-32v-32c0-17.67-14.33-32-32-32z\"><\/path><\/svg><\/span>\n\t\t\t\t\t\t\t\t<span class=\"elementor-accordion-icon-opened\"><svg class=\"e-font-icon-svg e-fas-minus\" viewbox=\"0 0 448 512\" xmlns=\"http:\/\/www.w3.org\/2000\/svg\"><path d=\"M416 208H32c-17.67 0-32 14.33-32 32v32c0 17.67 14.33 32 32 32h384c17.67 0 32-14.33 32-32v-32c0-17.67-14.33-32-32-32z\"><\/path><\/svg><\/span>\n\t\t\t\t\t\t\t\t\t\t\t\t\t\t<\/span>\n\t\t\t\t\t\t\t\t\t\t\t\t<a class=\"elementor-accordion-title\" tabindex=\"0\">Ned\u00e1vn\u00e9 dopisy rodi\u010d\u016fm od veden\u00ed \u0161koly:<\/a>\n\t\t\t\t\t<\/div>\n\t\t\t\t\t<div id=\"elementor-tab-content-2013\" class=\"elementor-tab-content elementor-clearfix\" data-tab=\"3\" role=\"region\" aria-labelledby=\"elementor-tab-title-2013\"><p><a href=\"https:\/\/schillergymnasium-pirna.de\/wp-content\/uploads\/2026\/08\/2026_08_17-FSG-Elternbrief-zum-Schuljahresstart1.pdf\" target=\"_blank\" rel=\"noopener\">Dopis rodi\u010d\u016fm k za\u010d\u00e1tku \u0161koln\u00edho roku<\/a> (17.08.2026)<\/p><\/div>\n\t\t\t\t<\/div>\n\t\t\t\t\t\t\t<div class=\"elementor-accordion-item\">\n\t\t\t\t\t<div id=\"elementor-tab-title-2014\" class=\"elementor-tab-title\" data-tab=\"4\" role=\"button\" aria-controls=\"elementor-tab-content-2014\" aria-expanded=\"false\">\n\t\t\t\t\t\t\t\t\t\t\t\t\t<span class=\"elementor-accordion-icon elementor-accordion-icon-right\" aria-hidden=\"true\">\n\t\t\t\t\t\t\t\t\t\t\t\t\t\t\t<span class=\"elementor-accordion-icon-closed\"><svg class=\"e-font-icon-svg e-fas-plus\" viewbox=\"0 0 448 512\" xmlns=\"http:\/\/www.w3.org\/2000\/svg\"><path d=\"M416 208H272V64c0-17.67-14.33-32-32-32h-32c-17.67 0-32 14.33-32 32v144H32c-17.67 0-32 14.33-32 32v32c0 17.67 14.33 32 32 32h144v144c0 17.67 14.33 32 32 32h32c17.67 0 32-14.33 32-32V304h144c17.67 0 32-14.33 32-32v-32c0-17.67-14.33-32-32-32z\"><\/path><\/svg><\/span>\n\t\t\t\t\t\t\t\t<span class=\"elementor-accordion-icon-opened\"><svg class=\"e-font-icon-svg e-fas-minus\" viewbox=\"0 0 448 512\" xmlns=\"http:\/\/www.w3.org\/2000\/svg\"><path d=\"M416 208H32c-17.67 0-32 14.33-32 32v32c0 17.67 14.33 32 32 32h384c17.67 0 32-14.33 32-32v-32c0-17.67-14.33-32-32-32z\"><\/path><\/svg><\/span>\n\t\t\t\t\t\t\t\t\t\t\t\t\t\t<\/span>\n\t\t\t\t\t\t\t\t\t\t\t\t<a class=\"elementor-accordion-title\" tabindex=\"0\">Zpr\u00e1vy o projektech<\/a>\n\t\t\t\t\t<\/div>\n\t\t\t\t\t<div id=\"elementor-tab-content-2014\" class=\"elementor-tab-content elementor-clearfix\" data-tab=\"4\" role=\"region\" aria-labelledby=\"elementor-tab-title-2014\"><ul><li><a href=\"https:\/\/schillergymnasium-pirna.de\/downloads\/Artikel_Klimawandel_-_NaWi_Profil_Klasse_8_1.pdf\" target=\"_blank\" rel=\"noopener\">\u010cl\u00e1nek_o_klimatick\u00fdch_zm\u011bn\u00e1ch_-_V\u011bdeck\u00fd_profil_T\u0159\u00edda_8_1.pdf<\/a><\/li><\/ul><\/div>\n\t\t\t\t<\/div>\n\t\t\t\t\t\t\t<div class=\"elementor-accordion-item\">\n\t\t\t\t\t<div id=\"elementor-tab-title-2015\" class=\"elementor-tab-title\" data-tab=\"5\" role=\"button\" aria-controls=\"elementor-tab-content-2015\" aria-expanded=\"false\">\n\t\t\t\t\t\t\t\t\t\t\t\t\t<span class=\"elementor-accordion-icon elementor-accordion-icon-right\" aria-hidden=\"true\">\n\t\t\t\t\t\t\t\t\t\t\t\t\t\t\t<span class=\"elementor-accordion-icon-closed\"><svg class=\"e-font-icon-svg e-fas-plus\" viewbox=\"0 0 448 512\" xmlns=\"http:\/\/www.w3.org\/2000\/svg\"><path d=\"M416 208H272V64c0-17.67-14.33-32-32-32h-32c-17.67 0-32 14.33-32 32v144H32c-17.67 0-32 14.33-32 32v32c0 17.67 14.33 32 32 32h144v144c0 17.67 14.33 32 32 32h32c17.67 0 32-14.33 32-32V304h144c17.67 0 32-14.33 32-32v-32c0-17.67-14.33-32-32-32z\"><\/path><\/svg><\/span>\n\t\t\t\t\t\t\t\t<span class=\"elementor-accordion-icon-opened\"><svg class=\"e-font-icon-svg e-fas-minus\" viewbox=\"0 0 448 512\" xmlns=\"http:\/\/www.w3.org\/2000\/svg\"><path d=\"M416 208H32c-17.67 0-32 14.33-32 32v32c0 17.67 14.33 32 32 32h384c17.67 0 32-14.33 32-32v-32c0-17.67-14.33-32-32-32z\"><\/path><\/svg><\/span>\n\t\t\t\t\t\t\t\t\t\t\t\t\t\t<\/span>\n\t\t\t\t\t\t\t\t\t\t\t\t<a class=\"elementor-accordion-title\" tabindex=\"0\">Koncept binacion\u00e1ln\u011b-bilingvn\u00edho vzd\u011bl\u00e1vac\u00edho programu<\/a>\n\t\t\t\t\t<\/div>\n\t\t\t\t\t<div id=\"elementor-tab-content-2015\" class=\"elementor-tab-content elementor-clearfix\" data-tab=\"5\" role=\"region\" aria-labelledby=\"elementor-tab-title-2015\"><ul><li><a href=\"https:\/\/schillergymnasium-pirna.de\/wp-content\/uploads\/2026\/08\/2026_08_06-Konzeption-des-binationalen-bilingualen-Bildungsgangs.pdf\" target=\"_blank\" rel=\"noopener\">2026_08_06_Konzeption-des-binationalen-bilingualen-Bildungsgangs.pdf<\/a><\/li><li><a href=\"https:\/\/schillergymnasium-pirna.de\/wp-content\/uploads\/2026\/08\/2026_08_06-Koncepce-binacionaln-bilingvniho-vzd-lavaciho-programu-CZ.pdf\" target=\"_blank\" rel=\"noopener\">2026_08_06_Koncepce_binacionln_-bilingvnho_vzd_lvacho_programu_CZ.pdf<\/a><p><strong>P\u0159\u00edlohy:<\/strong><\/p><\/li><li><a href=\"https:\/\/schillergymnasium-pirna.de\/downloads\/Anhang_2_-_3.1.2a_Beitrag_des_Faches_Mathematik.pdf\" target=\"_blank\" rel=\"noopener\">Dodatek_2_-_3.1.2a_P\u0159\u00edsp\u011bvek_k_matematice.pdf<\/a><\/li><li><a href=\"https:\/\/schillergymnasium-pirna.de\/downloads\/Anhang_2_-_3.1.2b_Beitrag_des_Faches_Physik.pdf\" target=\"_blank\" rel=\"noopener\">Dodatek_2_-_3.1.2b_P\u0159\u00edsp\u011bvek_k_fyzice.pdf<\/a><\/li><li><a href=\"https:\/\/schillergymnasium-pirna.de\/downloads\/Anhang_2_-_3.1.2e_Beitrag_des_Faches_Chemie.pdf\" target=\"_blank\" rel=\"noopener\">Dodatek_2_-_3.1.2e_P\u0159\u00edsp\u011bvek_k_p\u0159edm\u011btu_chemie.pdf<\/a><\/li><li><a href=\"https:\/\/schillergymnasium-pirna.de\/downloads\/Anhang_2_-_3.1.2f_Beitrag_des_Faches_Informatik.pdf\" target=\"_blank\" rel=\"noopener\">Dodatek_2_-_3.1.2f_P\u0159\u00edsp\u011bvek_k_p\u0159edm\u011btu_po\u010d\u00edta\u010dov\u00e9_technologie.pdf<\/a><\/li><li><a href=\"https:\/\/schillergymnasium-pirna.de\/downloads\/Anhang_2_-_3.1.4b_Beitrag_des_Faches_Kunst.pdf\" target=\"_blank\" rel=\"noopener\">Dodatek_2_-_3.1.4b_P\u0159\u00edsp\u011bvek_k_p\u0159edm\u011btu_um\u011bn\u00ed.pdf<\/a><\/li><li><a href=\"https:\/\/schillergymnasium-pirna.de\/downloads\/Anhang_2_-_3.1.4c_Beitrag_des_Faches_GRW.pdf\" target=\"_blank\" rel=\"noopener\">Dodatek_2_-_3.1.4c_P\u0159\u00edsp\u011bvek_k_p\u0159edm\u011btu_GRW.pdf<\/a><\/li><li><a href=\"https:\/\/schillergymnasium-pirna.de\/downloads\/Anhang_2_-_3.1.4d_Beitrag_des_Faches_Geschichte.pdf\" target=\"_blank\" rel=\"noopener\">Dodatek_2_-_3.1.4d_P\u0159\u00edsp\u011bvek_k_p\u0159edm\u011btu_d\u011bjepisu.pdf<\/a><\/li><li><a href=\"https:\/\/schillergymnasium-pirna.de\/downloads\/Anhang_2_-_3.1.5b_Beitrag_des_Faches_Deutsch_als_Partnersprache.pdf\" target=\"_blank\" rel=\"noopener\">Dodatek_2_-_3.1.5b_P\u0159\u00edsp\u011bvek_k_p\u0159edm\u011btu_N\u011bm\u010dina_jako_partnersk\u00fd_jazyk.pdf<\/a><\/li><li><a href=\"https:\/\/schillergymnasium-pirna.de\/downloads\/Anhang_2_-_3.1.5d_Beitrag_des_Faches_Tschechisch_als_Muttersprache.pdf\" target=\"_blank\" rel=\"noopener\">Dodatek_2_-_3.1.5d_P\u0159\u00edsp\u011bvek_k_p\u0159edm\u011btu_\u010de\u0161tina_jako_mate\u0159sk\u00fd_jazyk.pdf<\/a><\/li><li><a href=\"https:\/\/schillergymnasium-pirna.de\/downloads\/Anhang_2_-_3.3.5_Bina-Startklar-Wochen.pdf\" target=\"_blank\" rel=\"noopener\">Dodatek_2_-_3.3.5_T\u00fddny p\u0159ipravenosti k zah\u00e1jen\u00ed Bina.pdf<\/a><\/li><\/ul><\/div>\n\t\t\t\t<\/div>\n\t\t\t\t\t\t\t\t<\/div>\n\t\t\t\t\t\t<\/div>\n\t\t\t\t\t<\/div>\n\t\t<\/div>\n\t\t\t\t\t<\/div>\n\t\t<\/div>\n\t\t\t\t<\/div>","protected":false},"excerpt":{"rendered":"<p>\u0160koln\u011b organiza\u010dn\u00ed \u0159\u00e1d FSG (stav k 26. 5. 2025) 2026_08_FSG_Organigramm.pdf (stav: 6. 8. 2026) SchillerGuide pro \u017e\u00e1kyn\u011b a \u017e\u00e1ky (stav: 18. 8. 2026) Metodika \u0159e\u0161en\u00ed probl\u00e9m\u016f a syst\u00e9m vy\u0159izov\u00e1n\u00ed st\u00ed\u017enost\u00ed.pdf (stav k 23. 5. 2025) Pravidla pou\u017e\u00edv\u00e1n\u00ed m\u00e9di\u00ed (stav: \u010derven 2026) FSG-Flyer_CZ (stav: 19. 11. 2024) FSG-Flyer_DE (stav: 19. 11. 2024) Formul\u00e1\u0159e (\u017e\u00e1dosti a pou\u010den\u00ed) \u017d\u00e1dost o uvoln\u011bn\u00ed z v\u00fduky \u017d\u00e1dost o uspo\u0159\u00e1d\u00e1n\u00ed prodeje kol\u00e1\u010d\u016f (kuchenbasaru) Informovan\u00fd souhlas rodi\u010d\u016f s pou\u017e\u00edv\u00e1n\u00edm m\u00e9di\u00ed FSG Pirna.pdf Informa\u010dn\u00ed let\u00e1k dle \u00a7 34 odst. 5 v\u011bta 2 z\u00e1kona o ochran\u011b p\u0159ed infek\u010dn\u00edmi nemocemi (Infektionsschutzgesetz).pdf P\u0159ihl\u00e1\u0161ka od 6. do 10. t\u0159\u00eddy P\u0159ihl\u00e1\u0161ka Bina \u2013 \u010desk\u00e1 verze \u017d\u00e1dost o p\u0159estup z gymn\u00e1zia na re\u00e1lnou \u0161kolu (Oberschule) Smlouva o absolvov\u00e1n\u00ed praxe pro ro\u010dn\u00edk\u2026<\/p>","protected":false},"author":1,"featured_media":0,"parent":22,"menu_order":0,"comment_status":"closed","ping_status":"closed","template":"","meta":{"rs_blank_template":"","rs_page_bg_color":"","slide_template_v7":"","_loi_post_transparent":"","_loi_post_title":"","_loi_post_layout":"","_loi_post_sidebar_id":"","_loi_post_content_style":"","_loi_post_vertical_padding":"","_loi_post_feature":"","_loi_post_feature_position":"","_loi_post_header":false,"_loi_post_footer":false,"footnotes":""},"class_list":["post-971","page","type-page","status-publish","hentry"],"_links":{"self":[{"href":"https:\/\/schillergymnasium-pirna.de\/cs\/wp-json\/wp\/v2\/pages\/971","targetHints":{"allow":["GET"]}}],"collection":[{"href":"https:\/\/schillergymnasium-pirna.de\/cs\/wp-json\/wp\/v2\/pages"}],"about":[{"href":"https:\/\/schillergymnasium-pirna.de\/cs\/wp-json\/wp\/v2\/types\/page"}],"author":[{"embeddable":true,"href":"https:\/\/schillergymnasium-pirna.de\/cs\/wp-json\/wp\/v2\/users\/1"}],"replies":[{"embeddable":true,"href":"https:\/\/schillergymnasium-pirna.de\/cs\/wp-json\/wp\/v2\/comments?post=971"}],"version-history":[{"count":85,"href":"https:\/\/schillergymnasium-pirna.de\/cs\/wp-json\/wp\/v2\/pages\/971\/revisions"}],"predecessor-version":[{"id":3208,"href":"https:\/\/schillergymnasium-pirna.de\/cs\/wp-json\/wp\/v2\/pages\/971\/revisions\/3208"}],"up":[{"embeddable":true,"href":"https:\/\/schillergymnasium-pirna.de\/cs\/wp-json\/wp\/v2\/pages\/22"}],"wp:attachment":[{"href":"https:\/\/schillergymnasium-pirna.de\/cs\/wp-json\/wp\/v2\/media?parent=971"}],"curies":[{"name":"wp","href":"https:\/\/api.w.org\/{rel}","templated":true}]}}